{"id":9338,"date":"2024-04-05T13:53:50","date_gmt":"2024-04-05T13:53:50","guid":{"rendered":"https:\/\/fmc.ch\/?page_id=9338"},"modified":"2026-04-27T07:55:30","modified_gmt":"2026-04-27T06:55:30","slug":"programme-et-intervenantes-du-symposium","status":"publish","type":"page","link":"https:\/\/fmc.ch\/fr\/symposium-integrierte-versorgung\/programm-und-referentinnen-des-symposiums\/","title":{"rendered":"Programme &amp; intervenants"},"content":{"rendered":"<div data-elementor-type=\"wp-page\" data-elementor-id=\"9338\" class=\"elementor elementor-9338\" data-elementor-post-type=\"page\">\n\t\t\t\t\t\t<section data-dce-background-image-url=\"https:\/\/fmc.ch\/wp-content\/uploads\/2023\/09\/BG-blue-scaled.jpg\" class=\"elementor-section elementor-top-section elementor-element elementor-element-0995e07 elementor-section-height-min-height elementor-section-boxed elementor-section-height-default elementor-section-items-middle\" data-id=\"0995e07\" data-element_type=\"section\" data-e-type=\"section\" data-settings=\"{&quot;background_background&quot;:&quot;classic&quot;}\">\n\t\t\t\t\t\t<div class=\"elementor-container elementor-column-gap-default\">\n\t\t\t\t\t<div class=\"elementor-column elementor-col-100 elementor-top-column elementor-element elementor-element-856cadc\" data-id=\"856cadc\" data-element_type=\"column\" data-e-type=\"column\">\n\t\t\t<div class=\"elementor-widget-wrap elementor-element-populated\">\n\t\t\t\t\t\t<div class=\"elementor-element elementor-element-37a75eb elementor-widget elementor-widget-spacer\" data-id=\"37a75eb\" data-element_type=\"widget\" data-e-type=\"widget\" data-widget_type=\"spacer.default\">\n\t\t\t\t<div class=\"elementor-widget-container\">\n\t\t\t\t\t\t\t<div class=\"elementor-spacer\">\n\t\t\t<div class=\"elementor-spacer-inner\"><\/div>\n\t\t<\/div>\n\t\t\t\t\t\t<\/div>\n\t\t\t\t<\/div>\n\t\t\t\t\t<\/div>\n\t\t<\/div>\n\t\t\t\t\t<\/div>\n\t\t<\/section>\n\t\t\t\t<section data-dce-background-image-url=\"https:\/\/fmc.ch\/wp-content\/uploads\/2023\/09\/BG-blue-scaled.jpg\" class=\"elementor-section elementor-top-section elementor-element elementor-element-8515a87 elementor-section-height-min-height elementor-section-boxed elementor-section-height-default elementor-section-items-middle\" data-id=\"8515a87\" data-element_type=\"section\" data-e-type=\"section\" data-settings=\"{&quot;background_background&quot;:&quot;classic&quot;}\">\n\t\t\t\t\t\t<div class=\"elementor-container elementor-column-gap-default\">\n\t\t\t\t\t<div class=\"elementor-column elementor-col-100 elementor-top-column elementor-element elementor-element-bcfab4a\" data-id=\"bcfab4a\" data-element_type=\"column\" data-e-type=\"column\">\n\t\t\t<div class=\"elementor-widget-wrap elementor-element-populated\">\n\t\t\t\t\t\t<section class=\"elementor-section elementor-inner-section elementor-element elementor-element-791e185 elementor-section-boxed elementor-section-height-default elementor-section-height-default\" data-id=\"791e185\" data-element_type=\"section\" data-e-type=\"section\">\n\t\t\t\t\t\t<div class=\"elementor-container elementor-column-gap-default\">\n\t\t\t\t\t<div class=\"elementor-column elementor-col-50 elementor-inner-column elementor-element elementor-element-b330b56\" data-id=\"b330b56\" data-element_type=\"column\" data-e-type=\"column\">\n\t\t\t<div class=\"elementor-widget-wrap elementor-element-populated\">\n\t\t\t\t\t\t<div class=\"elementor-element elementor-element-0ad70b2 elementor-invisible elementor-widget elementor-widget-image\" data-id=\"0ad70b2\" data-element_type=\"widget\" data-e-type=\"widget\" data-settings=\"{&quot;_animation&quot;:&quot;fadeIn&quot;,&quot;_animation_delay&quot;:300}\" data-widget_type=\"image.default\">\n\t\t\t\t<div class=\"elementor-widget-container\">\n\t\t\t\t\t\t\t\t\t\t\t\t\t\t\t<img decoding=\"async\" width=\"1\" height=\"1\" src=\"https:\/\/fmc.ch\/wp-content\/uploads\/2023\/09\/Symposium_08_Referent-innen_weiss.svg\" class=\"attachment-large size-large wp-image-5266\" alt=\"\" \/>\t\t\t\t\t\t\t\t\t\t\t\t\t\t\t<\/div>\n\t\t\t\t<\/div>\n\t\t\t\t\t<\/div>\n\t\t<\/div>\n\t\t\t\t<div class=\"elementor-column elementor-col-50 elementor-inner-column elementor-element elementor-element-1cd4d77\" data-id=\"1cd4d77\" data-element_type=\"column\" data-e-type=\"column\">\n\t\t\t<div class=\"elementor-widget-wrap elementor-element-populated\">\n\t\t\t\t\t\t<div class=\"elementor-element elementor-element-9eddcd0 elementor-widget__width-inherit elementor-invisible elementor-widget elementor-widget-heading\" data-id=\"9eddcd0\" data-element_type=\"widget\" data-e-type=\"widget\" data-settings=\"{&quot;_animation&quot;:&quot;fadeInUp&quot;}\" data-widget_type=\"heading.default\">\n\t\t\t\t<div class=\"elementor-widget-container\">\n\t\t\t\t\t<h2 class=\"elementor-heading-title elementor-size-default\">Programme et intervenant.es<\/h2>\t\t\t\t<\/div>\n\t\t\t\t<\/div>\n\t\t\t\t\t<\/div>\n\t\t<\/div>\n\t\t\t\t\t<\/div>\n\t\t<\/section>\n\t\t\t\t\t<\/div>\n\t\t<\/div>\n\t\t\t\t\t<\/div>\n\t\t<\/section>\n\t\t\t\t<section class=\"elementor-section elementor-top-section elementor-element elementor-element-4882ba3 elementor-section-stretched elementor-section-boxed elementor-section-height-default elementor-section-height-default\" data-id=\"4882ba3\" data-element_type=\"section\" data-e-type=\"section\" data-settings=\"{&quot;stretch_section&quot;:&quot;section-stretched&quot;,&quot;background_background&quot;:&quot;classic&quot;}\">\n\t\t\t\t\t\t<div class=\"elementor-container elementor-column-gap-default\">\n\t\t\t\t\t<div class=\"elementor-column elementor-col-100 elementor-top-column elementor-element elementor-element-434fcdf\" data-id=\"434fcdf\" data-element_type=\"column\" data-e-type=\"column\">\n\t\t\t<div class=\"elementor-widget-wrap elementor-element-populated\">\n\t\t\t\t\t\t<div data-dce-title-color=\"#97C002\" class=\"elementor-element elementor-element-59eefaa elementor-invisible elementor-widget elementor-widget-heading\" data-id=\"59eefaa\" data-element_type=\"widget\" data-e-type=\"widget\" data-settings=\"{&quot;_animation&quot;:&quot;fadeInUp&quot;}\" data-widget_type=\"heading.default\">\n\t\t\t\t<div class=\"elementor-widget-container\">\n\t\t\t\t\t<h3 class=\"elementor-heading-title elementor-size-default\">Selon l'entr\u00e9e en mati\u00e8re de la journ\u00e9e, diff\u00e9rent.es intervenant.es vous accueilleront \u00e0 9h00<\/h3>\t\t\t\t<\/div>\n\t\t\t\t<\/div>\n\t\t\t\t<div class=\"elementor-element elementor-element-dbd4a25 elementor-widget elementor-widget-button\" data-id=\"dbd4a25\" data-element_type=\"widget\" data-e-type=\"widget\" data-widget_type=\"button.default\">\n\t\t\t\t<div class=\"elementor-widget-container\">\n\t\t\t\t\t\t\t\t\t<div class=\"elementor-button-wrapper\">\n\t\t\t\t\t<a class=\"elementor-button elementor-button-link elementor-size-sm\" href=\"https:\/\/fmc.ch\/wp-content\/uploads\/2026\/03\/Programme-du-symposium-national-des-soins-integres-2026-1.pdf\" target=\"_blank\">\n\t\t\t\t\t\t<span class=\"elementor-button-content-wrapper\">\n\t\t\t\t\t\t\t\t\t<span class=\"elementor-button-text\">Vous trouverez ici le programme provisoire en pdf<\/span>\n\t\t\t\t\t<\/span>\n\t\t\t\t\t<\/a>\n\t\t\t\t<\/div>\n\t\t\t\t\t\t\t\t<\/div>\n\t\t\t\t<\/div>\n\t\t\t\t\t<\/div>\n\t\t<\/div>\n\t\t\t\t\t<\/div>\n\t\t<\/section>\n\t\t\t\t<section class=\"elementor-section elementor-top-section elementor-element elementor-element-ec9b46c elementor-section-stretched elementor-section-boxed elementor-section-height-default elementor-section-height-default\" data-id=\"ec9b46c\" data-element_type=\"section\" data-e-type=\"section\" data-settings=\"{&quot;stretch_section&quot;:&quot;section-stretched&quot;}\">\n\t\t\t\t\t\t<div class=\"elementor-container elementor-column-gap-default\">\n\t\t\t\t\t<div data-dce-background-image-url=\"https:\/\/fmc.ch\/wp-content\/uploads\/2023\/09\/BG-blue-scaled.jpg\" class=\"elementor-column elementor-col-100 elementor-top-column elementor-element elementor-element-4823741\" data-id=\"4823741\" data-element_type=\"column\" data-e-type=\"column\" data-settings=\"{&quot;background_background&quot;:&quot;classic&quot;}\">\n\t\t\t<div class=\"elementor-widget-wrap elementor-element-populated\">\n\t\t\t\t<div data-dce-background-overlay-image-url=\"https:\/\/fmc.ch\/wp-content\/uploads\/2023\/09\/BG-blue-scaled.jpg\" class=\"elementor-element elementor-element-3d70f30 e-con-full e-flex e-con e-parent\" data-id=\"3d70f30\" data-element_type=\"container\" data-e-type=\"container\" data-settings=\"{&quot;background_background&quot;:&quot;classic&quot;}\">\n\t\t<div class=\"elementor-element elementor-element-c2d1446 e-con-full e-flex e-con e-child\" data-id=\"c2d1446\" data-element_type=\"container\" data-e-type=\"container\">\n\t\t\t\t<\/div>\n\t\t<div class=\"elementor-element elementor-element-24ec637 e-con-full e-flex e-con e-child\" data-id=\"24ec637\" data-element_type=\"container\" data-e-type=\"container\">\n\t\t\t\t<div class=\"elementor-element elementor-element-dbea314 elementor-widget elementor-widget-heading\" data-id=\"dbea314\" data-element_type=\"widget\" data-e-type=\"widget\" data-widget_type=\"heading.default\">\n\t\t\t\t<div class=\"elementor-widget-container\">\n\t\t\t\t\t<h4 class=\"elementor-heading-title elementor-size-default\">LAMal art. 56a &amp; gestion des soins 2.0 - La collaboration synergique entre l'assurance-maladie et l'organisation Managed Care<\/h4>\t\t\t\t<\/div>\n\t\t\t\t<\/div>\n\t\t\t\t<div data-dce-text-color=\"#FFFFFF\" class=\"elementor-element elementor-element-a30eb36 elementor-widget elementor-widget-text-editor\" data-id=\"a30eb36\" data-element_type=\"widget\" data-e-type=\"widget\" data-widget_type=\"text-editor.default\">\n\t\t\t\t<div class=\"elementor-widget-container\">\n\t\t\t\t\t\t\t\t\t<p>\u00a0<\/p><p>L'entr\u00e9e en vigueur de l'article 56a de la LAMal entra\u00eene une modification fondamentale des r\u00f4les et des comp\u00e9tences dans le secteur de la sant\u00e9. Les assureurs-maladie agissent jusqu'\u00e0 pr\u00e9sent comme de simples \u201eagents payeurs\u00bb. \u201c. L'art 56 de la LAMal permettra aux assureurs-maladie, \u00e0 partir du 01.07.26, d'analyser de mani\u00e8re cibl\u00e9e les donn\u00e9es des assur\u00e9s et de leur faire des recommandations en mati\u00e8re de<\/p><ul><li>des prestations moins co\u00fbteuses ;<\/li><li>le choix de formes d'assurance particuli\u00e8res appropri\u00e9es ;<\/li><li>mesures pr\u00e9ventives<\/li><\/ul><p>de donner.<\/p><p><span data-olk-copy-source=\"MessageBody\">La session abordera les possibilit\u00e9s d'analyse et de communication qui d\u00e9coulent de la collaboration synergique entre l'assurance maladie et les organisations de MC.<\/span><\/p>\t\t\t\t\t\t\t\t<\/div>\n\t\t\t\t<\/div>\n\t\t\t\t<\/div>\n\t\t<div class=\"elementor-element elementor-element-5fbf232 e-con-full e-flex e-con e-child\" data-id=\"5fbf232\" data-element_type=\"container\" data-e-type=\"container\">\n\t\t<div class=\"elementor-element elementor-element-d06e453 e-con-full e-flex e-con e-child\" data-id=\"d06e453\" data-element_type=\"container\" data-e-type=\"container\">\n\t\t\t\t<div class=\"elementor-element elementor-element-e4827d4 elementor-widget__width-initial elementor-widget elementor-widget-image\" data-id=\"e4827d4\" data-element_type=\"widget\" data-e-type=\"widget\" data-widget_type=\"image.default\">\n\t\t\t\t<div class=\"elementor-widget-container\">\n\t\t\t\t\t\t\t\t\t\t\t\t\t\t\t<img fetchpriority=\"high\" decoding=\"async\" width=\"500\" height=\"500\" src=\"https:\/\/fmc.ch\/wp-content\/uploads\/2026\/03\/Stine-Anzboeck-Sanitas-Profilbild-klein.jpg\" class=\"attachment-medium size-medium wp-image-17917\" alt=\"\" srcset=\"https:\/\/fmc.ch\/wp-content\/uploads\/2026\/03\/Stine-Anzboeck-Sanitas-Profilbild-klein.jpg 500w, https:\/\/fmc.ch\/wp-content\/uploads\/2026\/03\/Stine-Anzboeck-Sanitas-Profilbild-klein-300x300.jpg 300w, https:\/\/fmc.ch\/wp-content\/uploads\/2026\/03\/Stine-Anzboeck-Sanitas-Profilbild-klein-12x12.jpg 12w\" sizes=\"(max-width: 500px) 100vw, 500px\" \/>\t\t\t\t\t\t\t\t\t\t\t\t\t\t\t<\/div>\n\t\t\t\t<\/div>\n\t\t\t\t<div data-dce-text-color=\"#FFFFFF\" class=\"elementor-element elementor-element-232d13c elementor-widget elementor-widget-text-editor\" data-id=\"232d13c\" data-element_type=\"widget\" data-e-type=\"widget\" data-widget_type=\"text-editor.default\">\n\t\t\t\t<div class=\"elementor-widget-container\">\n\t\t\t\t\t\t\t\t\t<p><span data-olk-copy-source=\"MessageBody\">Sont pr\u00e9sents:<\/span><\/p><p><a href=\"https:\/\/www.linkedin.com\/in\/stine-anzb%C3%B6ck-9124991bb\/\" target=\"_blank\" rel=\"noopener\">Stine Anzb\u00f6ck<\/a>, chef de produit AOS chez Sanitas<\/p>\t\t\t\t\t\t\t\t<\/div>\n\t\t\t\t<\/div>\n\t\t\t\t<\/div>\n\t\t<div class=\"elementor-element elementor-element-73df6cf e-con-full e-flex e-con e-child\" data-id=\"73df6cf\" data-element_type=\"container\" data-e-type=\"container\">\n\t\t\t\t<div class=\"elementor-element elementor-element-936ea98 elementor-widget__width-initial elementor-widget elementor-widget-image\" data-id=\"936ea98\" data-element_type=\"widget\" data-e-type=\"widget\" data-widget_type=\"image.default\">\n\t\t\t\t<div class=\"elementor-widget-container\">\n\t\t\t\t\t\t\t\t\t\t\t\t\t\t\t<img decoding=\"async\" width=\"229\" height=\"236\" src=\"https:\/\/fmc.ch\/wp-content\/uploads\/2026\/03\/Foto-Corinne-rust_Website.jpg\" class=\"attachment-medium size-medium wp-image-17916\" alt=\"\" srcset=\"https:\/\/fmc.ch\/wp-content\/uploads\/2026\/03\/Foto-Corinne-rust_Website.jpg 229w, https:\/\/fmc.ch\/wp-content\/uploads\/2026\/03\/Foto-Corinne-rust_Website-12x12.jpg 12w\" sizes=\"(max-width: 229px) 100vw, 229px\" \/>\t\t\t\t\t\t\t\t\t\t\t\t\t\t\t<\/div>\n\t\t\t\t<\/div>\n\t\t\t\t<div data-dce-text-color=\"#FFFFFF\" class=\"elementor-element elementor-element-c63da34 elementor-widget elementor-widget-text-editor\" data-id=\"c63da34\" data-element_type=\"widget\" data-e-type=\"widget\" data-widget_type=\"text-editor.default\">\n\t\t\t\t<div class=\"elementor-widget-container\">\n\t\t\t\t\t\t\t\t\t<p><a href=\"https:\/\/www.linkedin.com\/in\/corinne-rust-1558ba20b\/\" target=\"_blank\" rel=\"noopener\">Corinne Rust<\/a>, Chef de produit, BlueCare AG<\/p>\t\t\t\t\t\t\t\t<\/div>\n\t\t\t\t<\/div>\n\t\t\t\t<\/div>\n\t\t<div class=\"elementor-element elementor-element-0f8bf0e e-con-full e-flex e-con e-child\" data-id=\"0f8bf0e\" data-element_type=\"container\" data-e-type=\"container\">\n\t\t\t\t<div class=\"elementor-element elementor-element-07bce72 elementor-widget__width-initial elementor-widget elementor-widget-image\" data-id=\"07bce72\" data-element_type=\"widget\" data-e-type=\"widget\" data-widget_type=\"image.default\">\n\t\t\t\t<div class=\"elementor-widget-container\">\n\t\t\t\t\t\t\t\t\t\t\t\t\t\t\t<img loading=\"lazy\" decoding=\"async\" width=\"524\" height=\"600\" src=\"https:\/\/fmc.ch\/wp-content\/uploads\/2026\/04\/Markus-Wieser-Hawadoc-Profilbild-524x600.png\" class=\"attachment-medium size-medium wp-image-18106\" alt=\"\" srcset=\"https:\/\/fmc.ch\/wp-content\/uploads\/2026\/04\/Markus-Wieser-Hawadoc-Profilbild-524x600.png 524w, https:\/\/fmc.ch\/wp-content\/uploads\/2026\/04\/Markus-Wieser-Hawadoc-Profilbild-10x12.png 10w, https:\/\/fmc.ch\/wp-content\/uploads\/2026\/04\/Markus-Wieser-Hawadoc-Profilbild.png 642w\" sizes=\"(max-width: 524px) 100vw, 524px\" \/>\t\t\t\t\t\t\t\t\t\t\t\t\t\t\t<\/div>\n\t\t\t\t<\/div>\n\t\t\t\t<div data-dce-text-color=\"#FFFFFF\" class=\"elementor-element elementor-element-1486d5a elementor-widget elementor-widget-text-editor\" data-id=\"1486d5a\" data-element_type=\"widget\" data-e-type=\"widget\" data-widget_type=\"text-editor.default\">\n\t\t\t\t<div class=\"elementor-widget-container\">\n\t\t\t\t\t\t\t\t\t<p>Markus Wieser, directeur m\u00e9dical hawadoc, m\u00e9decin de famille \u00e0 Winterthur<\/p>\t\t\t\t\t\t\t\t<\/div>\n\t\t\t\t<\/div>\n\t\t\t\t<\/div>\n\t\t\t\t<div class=\"elementor-element elementor-element-b077f87 elementor-widget elementor-widget-spacer\" data-id=\"b077f87\" data-element_type=\"widget\" data-e-type=\"widget\" data-widget_type=\"spacer.default\">\n\t\t\t\t<div class=\"elementor-widget-container\">\n\t\t\t\t\t\t\t<div class=\"elementor-spacer\">\n\t\t\t<div class=\"elementor-spacer-inner\"><\/div>\n\t\t<\/div>\n\t\t\t\t\t\t<\/div>\n\t\t\t\t<\/div>\n\t\t<div class=\"elementor-element elementor-element-76573e3 e-con-full e-flex e-con e-child\" data-id=\"76573e3\" data-element_type=\"container\" data-e-type=\"container\">\n\t\t\t\t<div class=\"elementor-element elementor-element-5afaeb4 elementor-widget__width-initial elementor-widget elementor-widget-image\" data-id=\"5afaeb4\" data-element_type=\"widget\" data-e-type=\"widget\" data-widget_type=\"image.default\">\n\t\t\t\t<div class=\"elementor-widget-container\">\n\t\t\t\t\t\t\t\t\t\t\t\t\t\t\t<img loading=\"lazy\" decoding=\"async\" width=\"600\" height=\"600\" src=\"https:\/\/fmc.ch\/wp-content\/uploads\/2023\/09\/Oliver_Strehle-600x600.jpg\" class=\"attachment-medium size-medium wp-image-703\" alt=\"\" srcset=\"https:\/\/fmc.ch\/wp-content\/uploads\/2023\/09\/Oliver_Strehle-600x600.jpg 600w, https:\/\/fmc.ch\/wp-content\/uploads\/2023\/09\/Oliver_Strehle-300x300.jpg 300w, https:\/\/fmc.ch\/wp-content\/uploads\/2023\/09\/Oliver_Strehle-768x768.jpg 768w, https:\/\/fmc.ch\/wp-content\/uploads\/2023\/09\/Oliver_Strehle.jpg 800w\" sizes=\"(max-width: 600px) 100vw, 600px\" \/>\t\t\t\t\t\t\t\t\t\t\t\t\t\t\t<\/div>\n\t\t\t\t<\/div>\n\t\t\t\t<div data-dce-text-color=\"#FFFFFF\" class=\"elementor-element elementor-element-d4243a8 elementor-widget elementor-widget-text-editor\" data-id=\"d4243a8\" data-element_type=\"widget\" data-e-type=\"widget\" data-widget_type=\"text-editor.default\">\n\t\t\t\t<div class=\"elementor-widget-container\">\n\t\t\t\t\t\t\t\t\t<p>Mod\u00e9ration : <a href=\"https:\/\/www.linkedin.com\/in\/oliver-strehle-a67b24173\/\" target=\"_blank\" rel=\"noopener\">Oliver Strehle<\/a>, directeur du Forum suisse pour les soins int\u00e9gr\u00e9s (fmc)<\/p>\t\t\t\t\t\t\t\t<\/div>\n\t\t\t\t<\/div>\n\t\t\t\t<\/div>\n\t\t<div class=\"elementor-element elementor-element-8a058c0 e-con-full e-flex e-con e-child\" data-id=\"8a058c0\" data-element_type=\"container\" data-e-type=\"container\">\n\t\t\t\t<div data-dce-text-color=\"#FFFFFF\" class=\"elementor-element elementor-element-3953bb1 elementor-widget elementor-widget-text-editor\" data-id=\"3953bb1\" data-element_type=\"widget\" data-e-type=\"widget\" data-widget_type=\"text-editor.default\">\n\t\t\t\t<div class=\"elementor-widget-container\">\n\t\t\t\t\t\t\t\t\t<p>Cette session se d\u00e9roulera en allemand avec interpr\u00e9tation en fran\u00e7ais.<\/p>\t\t\t\t\t\t\t\t<\/div>\n\t\t\t\t<\/div>\n\t\t\t\t<\/div>\n\t\t\t\t<\/div>\n\t\t\t\t<\/div>\n\t\t\t\t\t<\/div>\n\t\t<\/div>\n\t\t\t\t\t<\/div>\n\t\t<\/section>\n\t\t\t\t<section class=\"elementor-section elementor-top-section elementor-element elementor-element-92bdb8a elementor-section-stretched elementor-section-boxed elementor-section-height-default elementor-section-height-default\" data-id=\"92bdb8a\" data-element_type=\"section\" data-e-type=\"section\" data-settings=\"{&quot;stretch_section&quot;:&quot;section-stretched&quot;}\">\n\t\t\t\t\t\t<div class=\"elementor-container elementor-column-gap-default\">\n\t\t\t\t\t<div data-dce-background-image-url=\"https:\/\/fmc.ch\/wp-content\/uploads\/2023\/09\/BG-blue-scaled.jpg\" class=\"elementor-column elementor-col-100 elementor-top-column elementor-element elementor-element-381679c\" data-id=\"381679c\" data-element_type=\"column\" data-e-type=\"column\" data-settings=\"{&quot;background_background&quot;:&quot;classic&quot;}\">\n\t\t\t<div class=\"elementor-widget-wrap elementor-element-populated\">\n\t\t\t\t<div data-dce-background-overlay-image-url=\"https:\/\/fmc.ch\/wp-content\/uploads\/2023\/09\/BG-blue-scaled.jpg\" class=\"elementor-element elementor-element-5f8e9dd e-con-full e-flex e-con e-parent\" data-id=\"5f8e9dd\" data-element_type=\"container\" data-e-type=\"container\" data-settings=\"{&quot;background_background&quot;:&quot;classic&quot;}\">\n\t\t<div class=\"elementor-element elementor-element-f35c634 e-con-full e-flex e-con e-child\" data-id=\"f35c634\" data-element_type=\"container\" data-e-type=\"container\">\n\t\t\t\t<div class=\"elementor-element elementor-element-31f4638 elementor-widget__width-initial elementor-widget elementor-widget-image\" data-id=\"31f4638\" data-element_type=\"widget\" data-e-type=\"widget\" data-widget_type=\"image.default\">\n\t\t\t\t<div class=\"elementor-widget-container\">\n\t\t\t\t\t\t\t\t\t\t\t\t\t\t\t\t<a href=\"https:\/\/www.sages.ch\/fr\/\">\n\t\t\t\t\t\t\t<img loading=\"lazy\" decoding=\"async\" width=\"600\" height=\"600\" src=\"https:\/\/fmc.ch\/wp-content\/uploads\/2023\/10\/Bild-zu-Hintergrundgespraech-sages.jpg\" class=\"attachment-large size-large wp-image-2590\" alt=\"\" srcset=\"https:\/\/fmc.ch\/wp-content\/uploads\/2023\/10\/Bild-zu-Hintergrundgespraech-sages.jpg 600w, https:\/\/fmc.ch\/wp-content\/uploads\/2023\/10\/Bild-zu-Hintergrundgespraech-sages-300x300.jpg 300w\" sizes=\"(max-width: 600px) 100vw, 600px\" \/>\t\t\t\t\t\t\t\t<\/a>\n\t\t\t\t\t\t\t\t\t\t\t\t\t\t\t<\/div>\n\t\t\t\t<\/div>\n\t\t\t\t<\/div>\n\t\t<div class=\"elementor-element elementor-element-8a52575 e-con-full e-flex e-con e-child\" data-id=\"8a52575\" data-element_type=\"container\" data-e-type=\"container\">\n\t\t\t\t<div class=\"elementor-element elementor-element-982bc18 elementor-widget elementor-widget-heading\" data-id=\"982bc18\" data-element_type=\"widget\" data-e-type=\"widget\" data-widget_type=\"heading.default\">\n\t\t\t\t<div class=\"elementor-widget-container\">\n\t\t\t\t\t<h4 class=\"elementor-heading-title elementor-size-default\">Facteurs sociaux de la maladie\/sant\u00e9 : identification et puis... ?<\/h4>\t\t\t\t<\/div>\n\t\t\t\t<\/div>\n\t\t\t\t<div data-dce-text-color=\"#FFFFFF\" class=\"elementor-element elementor-element-467fcaa elementor-widget elementor-widget-text-editor\" data-id=\"467fcaa\" data-element_type=\"widget\" data-e-type=\"widget\" data-widget_type=\"text-editor.default\">\n\t\t\t\t<div class=\"elementor-widget-container\">\n\t\t\t\t\t\t\t\t\t<p>Morning-Session de notre partenaire de coop\u00e9ration <a href=\"https:\/\/www.sages.ch\/fr\/\" target=\"_blank\" rel=\"noopener\">SAGES<\/a><\/p>\t\t\t\t\t\t\t\t<\/div>\n\t\t\t\t<\/div>\n\t\t\t\t<div data-dce-text-color=\"#FFFFFF\" class=\"elementor-element elementor-element-b55b12d elementor-widget elementor-widget-text-editor\" data-id=\"b55b12d\" data-element_type=\"widget\" data-e-type=\"widget\" data-widget_type=\"text-editor.default\">\n\t\t\t\t<div class=\"elementor-widget-container\">\n\t\t\t\t\t\t\t\t\t<p>Les m\u00e9decins, le personnel soignant et les th\u00e9rapeutes sont confront\u00e9s quotidiennement \u00e0 des probl\u00e8mes sociaux et \u00e0 des situations de vie de leurs patients parfois soumises \u00e0 de multiples contraintes. Non seulement ces situations nuisent au bien-\u00eatre et \u00e0 la gu\u00e9rison, mais elles d\u00e9passent souvent les capacit\u00e9s des professionnels. Mais comment r\u00e9ussir \u00e0 s'identifier dans le stress du travail quotidien ? Et que se passe-t-il ensuite ? Des experts et expertes de la pratique parleront de leurs exp\u00e9riences, discuteront et r\u00e9pondront aux questions du public.<\/p>\t\t\t\t\t\t\t\t<\/div>\n\t\t\t\t<\/div>\n\t\t\t\t<\/div>\n\t\t<div class=\"elementor-element elementor-element-cb72107 e-con-full e-flex e-con e-child\" data-id=\"cb72107\" data-element_type=\"container\" data-e-type=\"container\">\n\t\t<div class=\"elementor-element elementor-element-1a9c98c e-con-full e-flex e-con e-child\" data-id=\"1a9c98c\" data-element_type=\"container\" data-e-type=\"container\">\n\t\t\t\t<div class=\"elementor-element elementor-element-074475a elementor-widget__width-initial elementor-widget elementor-widget-image\" data-id=\"074475a\" data-element_type=\"widget\" data-e-type=\"widget\" data-widget_type=\"image.default\">\n\t\t\t\t<div class=\"elementor-widget-container\">\n\t\t\t\t\t\t\t\t\t\t\t\t\t\t\t<img loading=\"lazy\" decoding=\"async\" width=\"518\" height=\"514\" src=\"https:\/\/fmc.ch\/wp-content\/uploads\/2026\/03\/Symposium-2026_SAGES_Dunja-Vetter.png\" class=\"attachment-medium size-medium wp-image-17619\" alt=\"\" srcset=\"https:\/\/fmc.ch\/wp-content\/uploads\/2026\/03\/Symposium-2026_SAGES_Dunja-Vetter.png 518w, https:\/\/fmc.ch\/wp-content\/uploads\/2026\/03\/Symposium-2026_SAGES_Dunja-Vetter-12x12.png 12w\" sizes=\"(max-width: 518px) 100vw, 518px\" \/>\t\t\t\t\t\t\t\t\t\t\t\t\t\t\t<\/div>\n\t\t\t\t<\/div>\n\t\t\t\t<div data-dce-text-color=\"#FFFFFF\" class=\"elementor-element elementor-element-e67abff elementor-widget elementor-widget-text-editor\" data-id=\"e67abff\" data-element_type=\"widget\" data-e-type=\"widget\" data-widget_type=\"text-editor.default\">\n\t\t\t\t<div class=\"elementor-widget-container\">\n\t\t\t\t\t\t\t\t\t<p><span data-olk-copy-source=\"MessageBody\">Sont pr\u00e9sents:<\/span><\/p><p><span data-olk-copy-source=\"MessageBody\">Dunja Vetter, responsable de projet\u00a0<u><a title=\"URL d&#039;origine : https:\/\/gesundheitsfoerderung.ch\/praevention-in-der-gesundheitsversorgung\/projektfoerderung\/gefoerderte-projekte\/projekt-sozialberatung-direkt-in-der-arztpraxis. Cliquez ou tapez si vous faites confiance \u00e0 ce lien.\" href=\"https:\/\/che01.safelinks.protection.outlook.com\/?url=https%3A%2F%2Fgesundheitsfoerderung.ch%2Fpraevention-in-der-gesundheitsversorgung%2Fprojektfoerderung%2Fgefoerderte-projekte%2Fprojekt-sozialberatung-direkt-in-der-arztpraxis&amp;data=05%7C02%7Cnadja.blanchard%40fmc.ch%7C0ecb89941c0f417621bb08de6ed044b2%7Ce1291afa0b7346fcbd20b48a430d5aa8%7C1%7C0%7C639070037995917822%7CUnknown%7CTWFpbGZsb3d8eyJFbXB0eU1hcGkiOnRydWUsIlYiOiIwLjAuMDAwMCIsIlAiOiJXaW4zMiIsIkFOIjoiTWFpbCIsIldUIjoyfQ%3D%3D%7C0%7C%7C%7C&amp;sdata=EcRmDZ6TDTjIv6cry0parCatcmrfWRLdwx2AEj7DPEI%3D&amp;reserved=0\" data-auth=\"NotApplicable\" data-linkindex=\"0\">Conseil social dans les cabinets m\u00e9dicaux<\/a>\u00a0<\/u>et\u00a0<a title=\"URL d&#039;origine : https:\/\/www.age-stiftung.ch\/foerderung\/soziale-probleme-daheim-loesen-sozialberatung-auf-dem-gesundheitspfad. Cliquez ou tapez si vous faites confiance \u00e0 ce lien.\" href=\"https:\/\/che01.safelinks.protection.outlook.com\/?url=https%3A%2F%2Fwww.age-stiftung.ch%2Ffoerderung%2Fsoziale-probleme-daheim-loesen-sozialberatung-auf-dem-gesundheitspfad&amp;data=05%7C02%7Cnadja.blanchard%40fmc.ch%7C0ecb89941c0f417621bb08de6ed044b2%7Ce1291afa0b7346fcbd20b48a430d5aa8%7C1%7C0%7C639070037995945031%7CUnknown%7CTWFpbGZsb3d8eyJFbXB0eU1hcGkiOnRydWUsIlYiOiIwLjAuMDAwMCIsIlAiOiJXaW4zMiIsIkFOIjoiTWFpbCIsIldUIjoyfQ%3D%3D%7C0%7C%7C%7C&amp;sdata=PI2vZKdKTxmzbdp5XGMp8m0bKsubmMXSVr9CQR1XAmo%3D&amp;reserved=0\" data-auth=\"NotApplicable\" data-linkindex=\"1\">R\u00e9soudre les probl\u00e8mes sociaux \u00ab\u00e0 la maison\u00bb,<\/a> Caritas des deux B\u00e2le<\/span><\/p>\t\t\t\t\t\t\t\t<\/div>\n\t\t\t\t<\/div>\n\t\t\t\t<\/div>\n\t\t<div class=\"elementor-element elementor-element-aebe566 e-con-full e-flex e-con e-child\" data-id=\"aebe566\" data-element_type=\"container\" data-e-type=\"container\">\n\t\t\t\t<div class=\"elementor-element elementor-element-60650f9 elementor-widget__width-initial elementor-widget elementor-widget-image\" data-id=\"60650f9\" data-element_type=\"widget\" data-e-type=\"widget\" data-widget_type=\"image.default\">\n\t\t\t\t<div class=\"elementor-widget-container\">\n\t\t\t\t\t\t\t\t\t\t\t\t\t\t\t<img loading=\"lazy\" decoding=\"async\" width=\"500\" height=\"512\" src=\"https:\/\/fmc.ch\/wp-content\/uploads\/2026\/03\/Symposium-2026_Sages_Ilona-Wagner_klein.jpg\" class=\"attachment-medium size-medium wp-image-17620\" alt=\"\" srcset=\"https:\/\/fmc.ch\/wp-content\/uploads\/2026\/03\/Symposium-2026_Sages_Ilona-Wagner_klein.jpg 500w, https:\/\/fmc.ch\/wp-content\/uploads\/2026\/03\/Symposium-2026_Sages_Ilona-Wagner_klein-12x12.jpg 12w\" sizes=\"(max-width: 500px) 100vw, 500px\" \/>\t\t\t\t\t\t\t\t\t\t\t\t\t\t\t<\/div>\n\t\t\t\t<\/div>\n\t\t\t\t<div data-dce-text-color=\"#FFFFFF\" class=\"elementor-element elementor-element-335733f elementor-widget elementor-widget-text-editor\" data-id=\"335733f\" data-element_type=\"widget\" data-e-type=\"widget\" data-widget_type=\"text-editor.default\">\n\t\t\t\t<div class=\"elementor-widget-container\">\n\t\t\t\t\t\t\t\t\t<p><span data-olk-copy-source=\"MessageBody\"><a href=\"https:\/\/www.linkedin.com\/in\/ilona-wagner-97082bb3\/\" target=\"_blank\" rel=\"noopener\">Ilona Wagner<\/a>, Elle est infirmi\u00e8re-experte MAS FH en soins oncologiques \/ Breast Care &amp; Genetic-Nurse au Brustzentrum Zentralschweiz \u00e0 Lucerne.<\/span><\/p>\t\t\t\t\t\t\t\t<\/div>\n\t\t\t\t<\/div>\n\t\t\t\t<\/div>\n\t\t<div class=\"elementor-element elementor-element-8cb799b e-con-full e-flex e-con e-child\" data-id=\"8cb799b\" data-element_type=\"container\" data-e-type=\"container\">\n\t\t\t\t<div class=\"elementor-element elementor-element-9988224 elementor-widget__width-initial elementor-widget elementor-widget-image\" data-id=\"9988224\" data-element_type=\"widget\" data-e-type=\"widget\" data-widget_type=\"image.default\">\n\t\t\t\t<div class=\"elementor-widget-container\">\n\t\t\t\t\t\t\t\t\t\t\t\t\t\t\t<img loading=\"lazy\" decoding=\"async\" width=\"195\" height=\"195\" src=\"https:\/\/fmc.ch\/wp-content\/uploads\/2024\/02\/Leeres-Profilbild-Mann-klein.jpg\" class=\"attachment-medium size-medium wp-image-7562\" alt=\"\" \/>\t\t\t\t\t\t\t\t\t\t\t\t\t\t\t<\/div>\n\t\t\t\t<\/div>\n\t\t\t\t<div data-dce-text-color=\"#FFFFFF\" class=\"elementor-element elementor-element-11257c0 elementor-widget elementor-widget-text-editor\" data-id=\"11257c0\" data-element_type=\"widget\" data-e-type=\"widget\" data-widget_type=\"text-editor.default\">\n\t\t\t\t<div class=\"elementor-widget-container\">\n\t\t\t\t\t\t\t\t\t<p><span data-olk-copy-source=\"MessageBody\"><a href=\"https:\/\/www.unispital-basel.ch\/zuweisende\/klinik-uebersicht\/zuweisende-psychosomatik\" target=\"_blank\" rel=\"noopener\">Rainer Schaefert<\/a>, M\u00e9decin-chef et professeur de psychosomatique, <a href=\"https:\/\/www.unispital-basel.ch\/\" target=\"_blank\" rel=\"noopener\">H\u00f4pital universitaire de B\u00e2le<\/a><\/span><\/p>\t\t\t\t\t\t\t\t<\/div>\n\t\t\t\t<\/div>\n\t\t\t\t<\/div>\n\t\t\t\t<div class=\"elementor-element elementor-element-45369ae elementor-widget elementor-widget-spacer\" data-id=\"45369ae\" data-element_type=\"widget\" data-e-type=\"widget\" data-widget_type=\"spacer.default\">\n\t\t\t\t<div class=\"elementor-widget-container\">\n\t\t\t\t\t\t\t<div class=\"elementor-spacer\">\n\t\t\t<div class=\"elementor-spacer-inner\"><\/div>\n\t\t<\/div>\n\t\t\t\t\t\t<\/div>\n\t\t\t\t<\/div>\n\t\t<div class=\"elementor-element elementor-element-eb90764 e-con-full e-flex e-con e-child\" data-id=\"eb90764\" data-element_type=\"container\" data-e-type=\"container\">\n\t\t\t\t<div class=\"elementor-element elementor-element-82e740c elementor-widget__width-initial elementor-widget elementor-widget-image\" data-id=\"82e740c\" data-element_type=\"widget\" data-e-type=\"widget\" data-widget_type=\"image.default\">\n\t\t\t\t<div class=\"elementor-widget-container\">\n\t\t\t\t\t\t\t\t\t\t\t\t\t\t\t<img loading=\"lazy\" decoding=\"async\" width=\"500\" height=\"500\" src=\"https:\/\/fmc.ch\/wp-content\/uploads\/2026\/03\/Foto_Therese-Straubhaar_Farbe_Website.jpg\" class=\"attachment-medium size-medium wp-image-18002\" alt=\"\" srcset=\"https:\/\/fmc.ch\/wp-content\/uploads\/2026\/03\/Foto_Therese-Straubhaar_Farbe_Website.jpg 500w, https:\/\/fmc.ch\/wp-content\/uploads\/2026\/03\/Foto_Therese-Straubhaar_Farbe_Website-300x300.jpg 300w, https:\/\/fmc.ch\/wp-content\/uploads\/2026\/03\/Foto_Therese-Straubhaar_Farbe_Website-12x12.jpg 12w\" sizes=\"(max-width: 500px) 100vw, 500px\" \/>\t\t\t\t\t\t\t\t\t\t\t\t\t\t\t<\/div>\n\t\t\t\t<\/div>\n\t\t\t\t<div data-dce-text-color=\"#FFFFFF\" class=\"elementor-element elementor-element-64b8e67 elementor-widget elementor-widget-text-editor\" data-id=\"64b8e67\" data-element_type=\"widget\" data-e-type=\"widget\" data-widget_type=\"text-editor.default\">\n\t\t\t\t<div class=\"elementor-widget-container\">\n\t\t\t\t\t\t\t\t\t<p>Co-animation : <a href=\"https:\/\/www.linkedin.com\/in\/therese-straubhaar-4b5b062a0\/\" target=\"_blank\" rel=\"noopener\">Therese Straubhaar<\/a>, MA, assistante sociale HES, co-pr\u00e9sidente de SAGES<\/p>\t\t\t\t\t\t\t\t<\/div>\n\t\t\t\t<\/div>\n\t\t\t\t<\/div>\n\t\t<div class=\"elementor-element elementor-element-6175fc9 e-con-full e-flex e-con e-child\" data-id=\"6175fc9\" data-element_type=\"container\" data-e-type=\"container\">\n\t\t\t\t<div class=\"elementor-element elementor-element-ff3b171 elementor-widget__width-initial elementor-widget elementor-widget-image\" data-id=\"ff3b171\" data-element_type=\"widget\" data-e-type=\"widget\" data-widget_type=\"image.default\">\n\t\t\t\t<div class=\"elementor-widget-container\">\n\t\t\t\t\t\t\t\t\t\t\t\t\t\t\t<img loading=\"lazy\" decoding=\"async\" width=\"229\" height=\"207\" src=\"https:\/\/fmc.ch\/wp-content\/uploads\/2025\/04\/Symposium-2025_Rene-Rueegg.jpg\" class=\"attachment-medium size-medium wp-image-14901\" alt=\"\" srcset=\"https:\/\/fmc.ch\/wp-content\/uploads\/2025\/04\/Symposium-2025_Rene-Rueegg.jpg 229w, https:\/\/fmc.ch\/wp-content\/uploads\/2025\/04\/Symposium-2025_Rene-Rueegg-13x12.jpg 13w\" sizes=\"(max-width: 229px) 100vw, 229px\" \/>\t\t\t\t\t\t\t\t\t\t\t\t\t\t\t<\/div>\n\t\t\t\t<\/div>\n\t\t\t\t<div data-dce-text-color=\"#FFFFFF\" class=\"elementor-element elementor-element-dc8db78 elementor-widget elementor-widget-text-editor\" data-id=\"dc8db78\" data-element_type=\"widget\" data-e-type=\"widget\" data-widget_type=\"text-editor.default\">\n\t\t\t\t<div class=\"elementor-widget-container\">\n\t\t\t\t\t\t\t\t\t<p>Co-animation : <a href=\"https:\/\/www.linkedin.com\/in\/ren%C3%A9-r%C3%BCegg-06982674\/\" target=\"_blank\" rel=\"noopener\">Ren\u00e9 R\u00fcegg<\/a>, directeur scientifique. collaborateur et chef de projet \u00e0 la HESB et membre du comit\u00e9 directeur de SAGES<\/p>\t\t\t\t\t\t\t\t<\/div>\n\t\t\t\t<\/div>\n\t\t\t\t<\/div>\n\t\t\t\t<\/div>\n\t\t\t\t<\/div>\n\t\t\t\t\t<\/div>\n\t\t<\/div>\n\t\t\t\t\t<\/div>\n\t\t<\/section>\n\t\t\t\t<section class=\"elementor-section elementor-top-section elementor-element elementor-element-a9917ac elementor-section-stretched elementor-section-boxed elementor-section-height-default elementor-section-height-default\" data-id=\"a9917ac\" data-element_type=\"section\" data-e-type=\"section\" data-settings=\"{&quot;stretch_section&quot;:&quot;section-stretched&quot;}\">\n\t\t\t\t\t\t<div class=\"elementor-container elementor-column-gap-default\">\n\t\t\t\t\t<div data-dce-background-image-url=\"https:\/\/fmc.ch\/wp-content\/uploads\/2023\/09\/BG-blue-scaled.jpg\" class=\"elementor-column elementor-col-100 elementor-top-column elementor-element elementor-element-d385bf7\" data-id=\"d385bf7\" data-element_type=\"column\" data-e-type=\"column\" data-settings=\"{&quot;background_background&quot;:&quot;classic&quot;}\">\n\t\t\t<div class=\"elementor-widget-wrap elementor-element-populated\">\n\t\t\t\t<div data-dce-background-overlay-image-url=\"https:\/\/fmc.ch\/wp-content\/uploads\/2023\/09\/BG-blue-scaled.jpg\" class=\"elementor-element elementor-element-887ac9c e-con-full e-flex e-con e-parent\" data-id=\"887ac9c\" data-element_type=\"container\" data-e-type=\"container\" data-settings=\"{&quot;background_background&quot;:&quot;classic&quot;}\">\n\t\t<div class=\"elementor-element elementor-element-bb54800 e-con-full e-flex e-con e-child\" data-id=\"bb54800\" data-element_type=\"container\" data-e-type=\"container\">\n\t\t\t\t<div class=\"elementor-element elementor-element-97ea0ac elementor-widget__width-initial elementor-widget elementor-widget-image\" data-id=\"97ea0ac\" data-element_type=\"widget\" data-e-type=\"widget\" data-widget_type=\"image.default\">\n\t\t\t\t<div class=\"elementor-widget-container\">\n\t\t\t\t\t\t\t\t\t\t\t\t\t\t\t\t<a href=\"https:\/\/www.vbhc.ch\/\">\n\t\t\t\t\t\t\t<img loading=\"lazy\" decoding=\"async\" width=\"592\" height=\"593\" src=\"https:\/\/fmc.ch\/wp-content\/uploads\/2026\/03\/Symposium-2026_Logo-VBHC-mit-weissem-Viereck.png\" class=\"attachment-large size-large wp-image-17597\" alt=\"\" srcset=\"https:\/\/fmc.ch\/wp-content\/uploads\/2026\/03\/Symposium-2026_Logo-VBHC-mit-weissem-Viereck.png 592w, https:\/\/fmc.ch\/wp-content\/uploads\/2026\/03\/Symposium-2026_Logo-VBHC-mit-weissem-Viereck-300x300.png 300w, https:\/\/fmc.ch\/wp-content\/uploads\/2026\/03\/Symposium-2026_Logo-VBHC-mit-weissem-Viereck-12x12.png 12w\" sizes=\"(max-width: 592px) 100vw, 592px\" \/>\t\t\t\t\t\t\t\t<\/a>\n\t\t\t\t\t\t\t\t\t\t\t\t\t\t\t<\/div>\n\t\t\t\t<\/div>\n\t\t\t\t<\/div>\n\t\t<div class=\"elementor-element elementor-element-42906d3 e-con-full e-flex e-con e-child\" data-id=\"42906d3\" data-element_type=\"container\" data-e-type=\"container\">\n\t\t\t\t<div class=\"elementor-element elementor-element-cd6fbfb elementor-widget elementor-widget-heading\" data-id=\"cd6fbfb\" data-element_type=\"widget\" data-e-type=\"widget\" data-widget_type=\"heading.default\">\n\t\t\t\t<div class=\"elementor-widget-container\">\n\t\t\t\t\t<h4 class=\"elementor-heading-title elementor-size-default\">Une m\u00e9decine bas\u00e9e sur la valeur dans des situations de soins complexes<\/h4>\t\t\t\t<\/div>\n\t\t\t\t<\/div>\n\t\t\t\t<div data-dce-text-color=\"#FFFFFF\" class=\"elementor-element elementor-element-c281a66 elementor-widget elementor-widget-text-editor\" data-id=\"c281a66\" data-element_type=\"widget\" data-e-type=\"widget\" data-widget_type=\"text-editor.default\">\n\t\t\t\t<div class=\"elementor-widget-container\">\n\t\t\t\t\t\t\t\t\t<p>Morning-Session de notre partenaire de coop\u00e9ration <a href=\"https:\/\/www.vbhc.ch\/\" target=\"_blank\" rel=\"noopener\">VBHC Suisse<\/a><\/p>\t\t\t\t\t\t\t\t<\/div>\n\t\t\t\t<\/div>\n\t\t\t\t<div data-dce-text-color=\"#FFFFFF\" class=\"elementor-element elementor-element-f70f540 elementor-widget elementor-widget-text-editor\" data-id=\"f70f540\" data-element_type=\"widget\" data-e-type=\"widget\" data-widget_type=\"text-editor.default\">\n\t\t\t\t<div class=\"elementor-widget-container\">\n\t\t\t\t\t\t\t\t\t<div class=\"x_elementToProof\"><p class=\"x_elementToProof\"><span data-olk-copy-source=\"MessageBody\">La session de la Community of Practice for Value-Based Healthcare (VBHC Suisse) met en lumi\u00e8re deux perspectives compl\u00e9mentaires sur le d\u00e9veloppement des soins de sant\u00e9. Une contribution analyse les diff\u00e9rences r\u00e9gionales dans les soins de sant\u00e9 en Suisse et discute des facteurs structurels, professionnels et sociaux complexes qui fa\u00e7onnent ces variations. Le deuxi\u00e8me article pr\u00e9sente le concept \u00abParallel Patient Narrative Streams\u00bb et montre comment la saisie syst\u00e9matique de la perspective du patient:interne, en plus de la documentation m\u00e9dicale, pourrait permettre d'acqu\u00e9rir de nouvelles connaissances pour la recherche, le d\u00e9veloppement de la qualit\u00e9 et une prise en charge davantage centr\u00e9e sur le patient dans l'esprit de la VBHC.<\/span><\/p><\/div><div class=\"x_elementToProof\"><p class=\"x_elementToProof\">Deux expos\u00e9s d'introduction seront suivis de questions-r\u00e9ponses interactives et d'une discussion de groupe avec des membres du conseil d'administration de l'association issus de diff\u00e9rents secteurs de la sant\u00e9, y compris du point de vue des patients.<\/p><\/div>\t\t\t\t\t\t\t\t<\/div>\n\t\t\t\t<\/div>\n\t\t\t\t<\/div>\n\t\t<div class=\"elementor-element elementor-element-21ec85c e-con-full e-flex e-con e-child\" data-id=\"21ec85c\" data-element_type=\"container\" data-e-type=\"container\">\n\t\t<div class=\"elementor-element elementor-element-03f8454 e-con-full e-flex e-con e-child\" data-id=\"03f8454\" data-element_type=\"container\" data-e-type=\"container\">\n\t\t\t\t<div class=\"elementor-element elementor-element-deb211f elementor-widget__width-initial elementor-widget elementor-widget-image\" data-id=\"deb211f\" data-element_type=\"widget\" data-e-type=\"widget\" data-widget_type=\"image.default\">\n\t\t\t\t<div class=\"elementor-widget-container\">\n\t\t\t\t\t\t\t\t\t\t\t\t\t\t\t<img loading=\"lazy\" decoding=\"async\" width=\"500\" height=\"500\" src=\"https:\/\/fmc.ch\/wp-content\/uploads\/2026\/03\/Fidiana-Stan-website-klein.jpg\" class=\"attachment-medium size-medium wp-image-17936\" alt=\"\" srcset=\"https:\/\/fmc.ch\/wp-content\/uploads\/2026\/03\/Fidiana-Stan-website-klein.jpg 500w, https:\/\/fmc.ch\/wp-content\/uploads\/2026\/03\/Fidiana-Stan-website-klein-300x300.jpg 300w, https:\/\/fmc.ch\/wp-content\/uploads\/2026\/03\/Fidiana-Stan-website-klein-12x12.jpg 12w\" sizes=\"(max-width: 500px) 100vw, 500px\" \/>\t\t\t\t\t\t\t\t\t\t\t\t\t\t\t<\/div>\n\t\t\t\t<\/div>\n\t\t\t\t<div data-dce-text-color=\"#FFFFFF\" class=\"elementor-element elementor-element-570edf0 elementor-widget elementor-widget-text-editor\" data-id=\"570edf0\" data-element_type=\"widget\" data-e-type=\"widget\" data-widget_type=\"text-editor.default\">\n\t\t\t\t<div class=\"elementor-widget-container\">\n\t\t\t\t\t\t\t\t\t<p><span data-olk-copy-source=\"MessageBody\">Sont pr\u00e9sents:<\/span><\/p><p><a href=\"https:\/\/www.linkedin.com\/in\/fidianastan\/\" target=\"_blank\" rel=\"noopener\">Fidiana Stan<\/a>, Fondateur, Emancipation Health<\/p>\t\t\t\t\t\t\t\t<\/div>\n\t\t\t\t<\/div>\n\t\t\t\t<\/div>\n\t\t<div class=\"elementor-element elementor-element-0e6c70f e-con-full e-flex e-con e-child\" data-id=\"0e6c70f\" data-element_type=\"container\" data-e-type=\"container\">\n\t\t\t\t<div class=\"elementor-element elementor-element-b241100 elementor-widget__width-initial elementor-widget elementor-widget-image\" data-id=\"b241100\" data-element_type=\"widget\" data-e-type=\"widget\" data-widget_type=\"image.default\">\n\t\t\t\t<div class=\"elementor-widget-container\">\n\t\t\t\t\t\t\t\t\t\t\t\t\t\t\t<img loading=\"lazy\" decoding=\"async\" width=\"489\" height=\"484\" src=\"https:\/\/fmc.ch\/wp-content\/uploads\/2026\/03\/Stefan-Essig-Website.jpg\" class=\"attachment-medium size-medium wp-image-17938\" alt=\"\" srcset=\"https:\/\/fmc.ch\/wp-content\/uploads\/2026\/03\/Stefan-Essig-Website.jpg 489w, https:\/\/fmc.ch\/wp-content\/uploads\/2026\/03\/Stefan-Essig-Website-12x12.jpg 12w\" sizes=\"(max-width: 489px) 100vw, 489px\" \/>\t\t\t\t\t\t\t\t\t\t\t\t\t\t\t<\/div>\n\t\t\t\t<\/div>\n\t\t\t\t<div data-dce-text-color=\"#FFFFFF\" class=\"elementor-element elementor-element-e9f9308 elementor-widget elementor-widget-text-editor\" data-id=\"e9f9308\" data-element_type=\"widget\" data-e-type=\"widget\" data-widget_type=\"text-editor.default\">\n\t\t\t\t<div class=\"elementor-widget-container\">\n\t\t\t\t\t\t\t\t\t<p>Stefan Essig, chef de projet senior chez <a href=\"https:\/\/www.interface-pol.ch\/\" target=\"_blank\" rel=\"noopener\">\u00c9tudes politiques Interface<\/a> Recherche Conseil Lucerne<\/p>\t\t\t\t\t\t\t\t<\/div>\n\t\t\t\t<\/div>\n\t\t\t\t<\/div>\n\t\t\t\t<div class=\"elementor-element elementor-element-0860109 elementor-widget elementor-widget-spacer\" data-id=\"0860109\" data-element_type=\"widget\" data-e-type=\"widget\" data-widget_type=\"spacer.default\">\n\t\t\t\t<div class=\"elementor-widget-container\">\n\t\t\t\t\t\t\t<div class=\"elementor-spacer\">\n\t\t\t<div class=\"elementor-spacer-inner\"><\/div>\n\t\t<\/div>\n\t\t\t\t\t\t<\/div>\n\t\t\t\t<\/div>\n\t\t<div class=\"elementor-element elementor-element-1111508 e-con-full e-flex e-con e-child\" data-id=\"1111508\" data-element_type=\"container\" data-e-type=\"container\">\n\t\t\t\t<div class=\"elementor-element elementor-element-0c75363 elementor-widget__width-initial elementor-widget elementor-widget-image\" data-id=\"0c75363\" data-element_type=\"widget\" data-e-type=\"widget\" data-widget_type=\"image.default\">\n\t\t\t\t<div class=\"elementor-widget-container\">\n\t\t\t\t\t\t\t\t\t\t\t\t\t\t\t<img loading=\"lazy\" decoding=\"async\" width=\"500\" height=\"501\" src=\"https:\/\/fmc.ch\/wp-content\/uploads\/2026\/03\/Joel-Lehmann-Website-klein.jpg\" class=\"attachment-medium size-medium wp-image-17937\" alt=\"\" srcset=\"https:\/\/fmc.ch\/wp-content\/uploads\/2026\/03\/Joel-Lehmann-Website-klein.jpg 500w, https:\/\/fmc.ch\/wp-content\/uploads\/2026\/03\/Joel-Lehmann-Website-klein-300x300.jpg 300w, https:\/\/fmc.ch\/wp-content\/uploads\/2026\/03\/Joel-Lehmann-Website-klein-12x12.jpg 12w\" sizes=\"(max-width: 500px) 100vw, 500px\" \/>\t\t\t\t\t\t\t\t\t\t\t\t\t\t\t<\/div>\n\t\t\t\t<\/div>\n\t\t\t\t<div data-dce-text-color=\"#FFFFFF\" class=\"elementor-element elementor-element-296f5fa elementor-widget elementor-widget-text-editor\" data-id=\"296f5fa\" data-element_type=\"widget\" data-e-type=\"widget\" data-widget_type=\"text-editor.default\">\n\t\t\t\t<div class=\"elementor-widget-container\">\n\t\t\t\t\t\t\t\t\t<p>Mod\u00e9ration : <a href=\"https:\/\/www.linkedin.com\/in\/joellehmann\/?locale=de_DE\" target=\"_blank\" rel=\"noopener\">Joel Lehmann<\/a>, membre du comit\u00e9 directeur de la VBHC Suisse<\/p>\t\t\t\t\t\t\t\t<\/div>\n\t\t\t\t<\/div>\n\t\t\t\t<\/div>\n\t\t<div class=\"elementor-element elementor-element-6bd5f27 e-con-full e-flex e-con e-child\" data-id=\"6bd5f27\" data-element_type=\"container\" data-e-type=\"container\">\n\t\t\t\t<div data-dce-text-color=\"#FFFFFF\" class=\"elementor-element elementor-element-9aa1701 elementor-widget elementor-widget-text-editor\" data-id=\"9aa1701\" data-element_type=\"widget\" data-e-type=\"widget\" data-widget_type=\"text-editor.default\">\n\t\t\t\t<div class=\"elementor-widget-container\">\n\t\t\t\t\t\t\t\t\t<p>Cette session se d\u00e9roulera en anglais.<\/p>\t\t\t\t\t\t\t\t<\/div>\n\t\t\t\t<\/div>\n\t\t\t\t<\/div>\n\t\t\t\t<\/div>\n\t\t\t\t<\/div>\n\t\t\t\t\t<\/div>\n\t\t<\/div>\n\t\t\t\t\t<\/div>\n\t\t<\/section>\n\t\t\t\t<section class=\"elementor-section elementor-top-section elementor-element elementor-element-3a4c4ad elementor-section-stretched elementor-section-boxed elementor-section-height-default elementor-section-height-default\" data-id=\"3a4c4ad\" data-element_type=\"section\" data-e-type=\"section\" data-settings=\"{&quot;stretch_section&quot;:&quot;section-stretched&quot;}\">\n\t\t\t\t\t\t<div class=\"elementor-container elementor-column-gap-default\">\n\t\t\t\t\t<div data-dce-background-image-url=\"https:\/\/fmc.ch\/wp-content\/uploads\/2023\/09\/BG-blue-scaled.jpg\" class=\"elementor-column elementor-col-100 elementor-top-column elementor-element elementor-element-64cebd5\" data-id=\"64cebd5\" data-element_type=\"column\" data-e-type=\"column\" data-settings=\"{&quot;background_background&quot;:&quot;classic&quot;}\">\n\t\t\t<div class=\"elementor-widget-wrap elementor-element-populated\">\n\t\t\t\t<div data-dce-background-overlay-image-url=\"https:\/\/fmc.ch\/wp-content\/uploads\/2023\/09\/BG-blue-scaled.jpg\" class=\"elementor-element elementor-element-b8e4d68 e-con-full e-flex e-con e-parent\" data-id=\"b8e4d68\" data-element_type=\"container\" data-e-type=\"container\" data-settings=\"{&quot;background_background&quot;:&quot;classic&quot;}\">\n\t\t<div class=\"elementor-element elementor-element-c61e55b e-con-full e-flex e-con e-child\" data-id=\"c61e55b\" data-element_type=\"container\" data-e-type=\"container\">\n\t\t\t\t<div class=\"elementor-element elementor-element-35edd0a elementor-widget__width-initial elementor-widget elementor-widget-image\" data-id=\"35edd0a\" data-element_type=\"widget\" data-e-type=\"widget\" data-widget_type=\"image.default\">\n\t\t\t\t<div class=\"elementor-widget-container\">\n\t\t\t\t\t\t\t\t\t\t\t\t\t\t\t\t<a href=\"https:\/\/www.santenext.ch\/fr\">\n\t\t\t\t\t\t\t<img loading=\"lazy\" decoding=\"async\" width=\"405\" height=\"190\" src=\"https:\/\/fmc.ch\/wp-content\/uploads\/2024\/01\/Netzwerkpartner-Logo-Santenext.jpg\" class=\"attachment-large size-large wp-image-7176\" alt=\"\" \/>\t\t\t\t\t\t\t\t<\/a>\n\t\t\t\t\t\t\t\t\t\t\t\t\t\t\t<\/div>\n\t\t\t\t<\/div>\n\t\t\t\t<\/div>\n\t\t<div class=\"elementor-element elementor-element-7316581 e-con-full e-flex e-con e-child\" data-id=\"7316581\" data-element_type=\"container\" data-e-type=\"container\">\n\t\t\t\t<div class=\"elementor-element elementor-element-1ef84c4 elementor-widget elementor-widget-heading\" data-id=\"1ef84c4\" data-element_type=\"widget\" data-e-type=\"widget\" data-widget_type=\"heading.default\">\n\t\t\t\t<div class=\"elementor-widget-container\">\n\t\t\t\t\t<h4 class=\"elementor-heading-title elementor-size-default\">Flux de donn\u00e9es et utilisation des donn\u00e9es dans des situations de soins complexes<\/h4>\t\t\t\t<\/div>\n\t\t\t\t<\/div>\n\t\t\t\t<div data-dce-text-color=\"#FFFFFF\" class=\"elementor-element elementor-element-aac65ff elementor-widget elementor-widget-text-editor\" data-id=\"aac65ff\" data-element_type=\"widget\" data-e-type=\"widget\" data-widget_type=\"text-editor.default\">\n\t\t\t\t<div class=\"elementor-widget-container\">\n\t\t\t\t\t\t\t\t\t<p>Morning-Session de notre partenaire de coop\u00e9ration<a href=\"https:\/\/www.santenext.ch\/fr\" target=\"_blank\" rel=\"noopener\"> santeneXt<\/a><\/p>\t\t\t\t\t\t\t\t<\/div>\n\t\t\t\t<\/div>\n\t\t\t\t<div data-dce-text-color=\"#FFFFFF\" class=\"dce-visibility-event elementor-element elementor-element-c2abad6 elementor-widget elementor-widget-text-editor\" data-id=\"c2abad6\" data-element_type=\"widget\" data-e-type=\"widget\" data-settings=\"{&quot;enabled_visibility&quot;:&quot;yes&quot;,&quot;dce_visibility_selected&quot;:&quot;hide&quot;}\" data-widget_type=\"text-editor.default\">\n\t\t\t\t<div class=\"elementor-widget-container\">\n\t\t\t\t\t\t\t\t\t<p>Lors de cette matinale, nous ferons avec les participant.es un deep dive dans une collaboration de longue date entre les fournisseurs de prestations (h\u00f4pitaux) et les assureurs, afin d'\u00e9valuer l'utilit\u00e9 des prestations : la \u00abPatient Empowerment Initiative\u00bb.\u00a0<\/p><p>Dans ce contexte, la confiance, l'agilit\u00e9 et des processus clairs sont des conditions pr\u00e9alables \u00e0 la cr\u00e9ation de flux de donn\u00e9es et \u00e0 leur utilisation judicieuse. Outre une compr\u00e9hension approfondie des structures et processus n\u00e9cessaires, nous \u00e9laborons ensemble des facteurs de r\u00e9ussite.<\/p>\t\t\t\t\t\t\t\t<\/div>\n\t\t\t\t<\/div>\n\t\t\t\t<\/div>\n\t\t<div class=\"dce-visibility-event elementor-element elementor-element-24ecefd e-con-full e-flex e-con e-child\" data-id=\"24ecefd\" data-element_type=\"container\" data-e-type=\"container\" data-settings=\"{&quot;enabled_visibility&quot;:&quot;yes&quot;,&quot;dce_visibility_selected&quot;:&quot;hide&quot;}\">\n\t\t<div class=\"dce-visibility-event elementor-element elementor-element-0062e33 e-con-full e-flex e-con e-child\" data-id=\"0062e33\" data-element_type=\"container\" data-e-type=\"container\" data-settings=\"{&quot;enabled_visibility&quot;:&quot;yes&quot;,&quot;dce_visibility_selected&quot;:&quot;hide&quot;}\">\n\t\t\t\t<div class=\"elementor-element elementor-element-0ac097a elementor-widget__width-initial elementor-widget elementor-widget-image\" data-id=\"0ac097a\" data-element_type=\"widget\" data-e-type=\"widget\" data-widget_type=\"image.default\">\n\t\t\t\t<div class=\"elementor-widget-container\">\n\t\t\t\t\t\t\t\t\t\t\t\t\t\t\t<img loading=\"lazy\" decoding=\"async\" width=\"500\" height=\"503\" src=\"https:\/\/fmc.ch\/wp-content\/uploads\/2026\/04\/Wikart-Christian-website.jpg\" class=\"attachment-medium size-medium wp-image-18152\" alt=\"\" srcset=\"https:\/\/fmc.ch\/wp-content\/uploads\/2026\/04\/Wikart-Christian-website.jpg 500w, https:\/\/fmc.ch\/wp-content\/uploads\/2026\/04\/Wikart-Christian-website-12x12.jpg 12w\" sizes=\"(max-width: 500px) 100vw, 500px\" \/>\t\t\t\t\t\t\t\t\t\t\t\t\t\t\t<\/div>\n\t\t\t\t<\/div>\n\t\t\t\t<div data-dce-text-color=\"#FFFFFF\" class=\"elementor-element elementor-element-3022bb4 elementor-widget elementor-widget-text-editor\" data-id=\"3022bb4\" data-element_type=\"widget\" data-e-type=\"widget\" data-widget_type=\"text-editor.default\">\n\t\t\t\t<div class=\"elementor-widget-container\">\n\t\t\t\t\t\t\t\t\t<p><span data-olk-copy-source=\"MessageBody\"><a href=\"https:\/\/www.linkedin.com\/in\/christian-wikart\/\" target=\"_blank\" rel=\"noopener\">Christian Wikart<\/a>, Directeur de la gestion de la qualit\u00e9 et des recettes, H\u00f4pital cantonal de Winterthur<\/span><\/p>\t\t\t\t\t\t\t\t<\/div>\n\t\t\t\t<\/div>\n\t\t\t\t<\/div>\n\t\t<div class=\"dce-visibility-event elementor-element elementor-element-2776bbf e-con-full e-flex e-con e-child\" data-id=\"2776bbf\" data-element_type=\"container\" data-e-type=\"container\" data-settings=\"{&quot;enabled_visibility&quot;:&quot;yes&quot;,&quot;dce_visibility_selected&quot;:&quot;hide&quot;}\">\n\t\t\t\t<div class=\"elementor-element elementor-element-4f842aa elementor-widget__width-initial elementor-widget elementor-widget-image\" data-id=\"4f842aa\" data-element_type=\"widget\" data-e-type=\"widget\" data-widget_type=\"image.default\">\n\t\t\t\t<div class=\"elementor-widget-container\">\n\t\t\t\t\t\t\t\t\t\t\t\t\t\t\t<img loading=\"lazy\" decoding=\"async\" width=\"500\" height=\"500\" src=\"https:\/\/fmc.ch\/wp-content\/uploads\/2026\/04\/Dominik-Bachmann-website.jpg\" class=\"attachment-medium size-medium wp-image-18150\" alt=\"\" srcset=\"https:\/\/fmc.ch\/wp-content\/uploads\/2026\/04\/Dominik-Bachmann-website.jpg 500w, https:\/\/fmc.ch\/wp-content\/uploads\/2026\/04\/Dominik-Bachmann-website-300x300.jpg 300w, https:\/\/fmc.ch\/wp-content\/uploads\/2026\/04\/Dominik-Bachmann-website-12x12.jpg 12w\" sizes=\"(max-width: 500px) 100vw, 500px\" \/>\t\t\t\t\t\t\t\t\t\t\t\t\t\t\t<\/div>\n\t\t\t\t<\/div>\n\t\t\t\t<div data-dce-text-color=\"#FFFFFF\" class=\"dce-visibility-event elementor-element elementor-element-0570704 elementor-widget elementor-widget-text-editor\" data-id=\"0570704\" data-element_type=\"widget\" data-e-type=\"widget\" data-settings=\"{&quot;enabled_visibility&quot;:&quot;yes&quot;,&quot;dce_visibility_selected&quot;:&quot;hide&quot;}\" data-widget_type=\"text-editor.default\">\n\t\t\t\t<div class=\"elementor-widget-container\">\n\t\t\t\t\t\t\t\t\t<p><span data-olk-copy-source=\"MessageBody\"><a href=\"https:\/\/www.linkedin.com\/in\/dombachmann\/\" target=\"_blank\" rel=\"noopener\">Dominic Bachmann<\/a>, Manager Conseil Sant\u00e9, PwC Suisse<\/span><\/p>\t\t\t\t\t\t\t\t<\/div>\n\t\t\t\t<\/div>\n\t\t\t\t<\/div>\n\t\t<div class=\"dce-visibility-event elementor-element elementor-element-69d21cf e-con-full e-flex e-con e-child\" data-id=\"69d21cf\" data-element_type=\"container\" data-e-type=\"container\" data-settings=\"{&quot;enabled_visibility&quot;:&quot;yes&quot;,&quot;dce_visibility_selected&quot;:&quot;hide&quot;}\">\n\t\t\t\t<div class=\"elementor-element elementor-element-2cac3aa elementor-widget__width-initial elementor-widget elementor-widget-image\" data-id=\"2cac3aa\" data-element_type=\"widget\" data-e-type=\"widget\" data-widget_type=\"image.default\">\n\t\t\t\t<div class=\"elementor-widget-container\">\n\t\t\t\t\t\t\t\t\t\t\t\t\t\t\t<img loading=\"lazy\" decoding=\"async\" width=\"178\" height=\"176\" src=\"https:\/\/fmc.ch\/wp-content\/uploads\/2024\/02\/Leeres-Profilbild-Frau-klein.jpg\" class=\"attachment-medium size-medium wp-image-7561\" alt=\"\" \/>\t\t\t\t\t\t\t\t\t\t\t\t\t\t\t<\/div>\n\t\t\t\t<\/div>\n\t\t<!-- dce invisible element 4901db3 -->\t\t<\/div>\n\t\t\t\t<div class=\"elementor-element elementor-element-aaae5f3 elementor-widget elementor-widget-spacer\" data-id=\"aaae5f3\" data-element_type=\"widget\" data-e-type=\"widget\" data-widget_type=\"spacer.default\">\n\t\t\t\t<div class=\"elementor-widget-container\">\n\t\t\t\t\t\t\t<div class=\"elementor-spacer\">\n\t\t\t<div class=\"elementor-spacer-inner\"><\/div>\n\t\t<\/div>\n\t\t\t\t\t\t<\/div>\n\t\t\t\t<\/div>\n\t\t<div class=\"dce-visibility-event elementor-element elementor-element-fc8415d e-con-full e-flex e-con e-child\" data-id=\"fc8415d\" data-element_type=\"container\" data-e-type=\"container\" data-settings=\"{&quot;enabled_visibility&quot;:&quot;yes&quot;,&quot;dce_visibility_selected&quot;:&quot;hide&quot;}\">\n\t\t\t\t<div class=\"elementor-element elementor-element-df64e9e elementor-widget__width-initial elementor-widget elementor-widget-image\" data-id=\"df64e9e\" data-element_type=\"widget\" data-e-type=\"widget\" data-widget_type=\"image.default\">\n\t\t\t\t<div class=\"elementor-widget-container\">\n\t\t\t\t\t\t\t\t\t\t\t\t\t\t\t<img loading=\"lazy\" decoding=\"async\" width=\"500\" height=\"502\" src=\"https:\/\/fmc.ch\/wp-content\/uploads\/2026\/04\/Mathis-Brauchbar-Website.jpg\" class=\"attachment-medium size-medium wp-image-18151\" alt=\"\" srcset=\"https:\/\/fmc.ch\/wp-content\/uploads\/2026\/04\/Mathis-Brauchbar-Website.jpg 500w, https:\/\/fmc.ch\/wp-content\/uploads\/2026\/04\/Mathis-Brauchbar-Website-300x300.jpg 300w, https:\/\/fmc.ch\/wp-content\/uploads\/2026\/04\/Mathis-Brauchbar-Website-12x12.jpg 12w\" sizes=\"(max-width: 500px) 100vw, 500px\" \/>\t\t\t\t\t\t\t\t\t\t\t\t\t\t\t<\/div>\n\t\t\t\t<\/div>\n\t\t\t\t<div data-dce-text-color=\"#FFFFFF\" class=\"dce-visibility-event elementor-element elementor-element-25fd2a7 elementor-widget elementor-widget-text-editor\" data-id=\"25fd2a7\" data-element_type=\"widget\" data-e-type=\"widget\" data-settings=\"{&quot;enabled_visibility&quot;:&quot;yes&quot;,&quot;dce_visibility_selected&quot;:&quot;hide&quot;}\" data-widget_type=\"text-editor.default\">\n\t\t\t\t<div class=\"elementor-widget-container\">\n\t\t\t\t\t\t\t\t\t<p><a href=\"https:\/\/www.linkedin.com\/in\/mathis-brauchbar-33ba4b4\/\" target=\"_blank\" rel=\"noopener\">Mathis Brauchbar<\/a>, chef de projet de santeneXt<\/p>\t\t\t\t\t\t\t\t<\/div>\n\t\t\t\t<\/div>\n\t\t\t\t<\/div>\n\t\t\t\t<\/div>\n\t\t\t\t<\/div>\n\t\t\t\t\t<\/div>\n\t\t<\/div>\n\t\t\t\t\t<\/div>\n\t\t<\/section>\n\t\t\t\t<section class=\"elementor-section elementor-top-section elementor-element elementor-element-d46822e elementor-section-stretched elementor-section-boxed elementor-section-height-default elementor-section-height-default\" data-id=\"d46822e\" data-element_type=\"section\" data-e-type=\"section\" data-settings=\"{&quot;stretch_section&quot;:&quot;section-stretched&quot;}\">\n\t\t\t\t\t\t<div class=\"elementor-container elementor-column-gap-default\">\n\t\t\t\t\t<div data-dce-background-image-url=\"https:\/\/fmc.ch\/wp-content\/uploads\/2023\/09\/BG-blue-scaled.jpg\" class=\"elementor-column elementor-col-100 elementor-top-column elementor-element elementor-element-cb167b7\" data-id=\"cb167b7\" data-element_type=\"column\" data-e-type=\"column\" data-settings=\"{&quot;background_background&quot;:&quot;classic&quot;}\">\n\t\t\t<div class=\"elementor-widget-wrap elementor-element-populated\">\n\t\t\t\t<div data-dce-background-overlay-image-url=\"https:\/\/fmc.ch\/wp-content\/uploads\/2023\/09\/BG-blue-scaled.jpg\" class=\"elementor-element elementor-element-7187e67 e-con-full e-flex e-con e-parent\" data-id=\"7187e67\" data-element_type=\"container\" data-e-type=\"container\" data-settings=\"{&quot;background_background&quot;:&quot;classic&quot;}\">\n\t\t<div class=\"elementor-element elementor-element-b302d03 e-con-full e-flex e-con e-child\" data-id=\"b302d03\" data-element_type=\"container\" data-e-type=\"container\">\n\t\t\t\t<div class=\"elementor-element elementor-element-20fd5cb elementor-widget__width-initial elementor-widget elementor-widget-image\" data-id=\"20fd5cb\" data-element_type=\"widget\" data-e-type=\"widget\" data-widget_type=\"image.default\">\n\t\t\t\t<div class=\"elementor-widget-container\">\n\t\t\t\t\t\t\t\t\t\t\t\t\t\t\t<img loading=\"lazy\" decoding=\"async\" width=\"625\" height=\"525\" src=\"https:\/\/fmc.ch\/wp-content\/uploads\/2025\/05\/Webinar_Transformers-2025-26.jpg\" class=\"attachment-large size-large wp-image-15318\" alt=\"\" srcset=\"https:\/\/fmc.ch\/wp-content\/uploads\/2025\/05\/Webinar_Transformers-2025-26.jpg 625w, https:\/\/fmc.ch\/wp-content\/uploads\/2025\/05\/Webinar_Transformers-2025-26-600x504.jpg 600w, https:\/\/fmc.ch\/wp-content\/uploads\/2025\/05\/Webinar_Transformers-2025-26-14x12.jpg 14w\" sizes=\"(max-width: 625px) 100vw, 625px\" \/>\t\t\t\t\t\t\t\t\t\t\t\t\t\t\t<\/div>\n\t\t\t\t<\/div>\n\t\t\t\t<\/div>\n\t\t<div class=\"elementor-element elementor-element-d246f1b e-con-full e-flex e-con e-child\" data-id=\"d246f1b\" data-element_type=\"container\" data-e-type=\"container\">\n\t\t\t\t<div class=\"elementor-element elementor-element-ef00ec8 elementor-widget elementor-widget-heading\" data-id=\"ef00ec8\" data-element_type=\"widget\" data-e-type=\"widget\" data-widget_type=\"heading.default\">\n\t\t\t\t<div class=\"elementor-widget-container\">\n\t\t\t\t\t<h4 class=\"elementor-heading-title elementor-size-default\">Aidez Rudolf \u00e0 sortir de la bo\u00eete de flipper !\nMorning Session des Transformers<\/h4>\t\t\t\t<\/div>\n\t\t\t\t<\/div>\n\t\t\t\t<div data-dce-text-color=\"#FFFFFF\" class=\"elementor-element elementor-element-34744d8 elementor-widget elementor-widget-text-editor\" data-id=\"34744d8\" data-element_type=\"widget\" data-e-type=\"widget\" data-widget_type=\"text-editor.default\">\n\t\t\t\t<div class=\"elementor-widget-container\">\n\t\t\t\t\t\t\t\t\t<p>Pour les personnes concern\u00e9es et les professionnel.les, les situations de soins complexes ressemblent souvent \u00e0 un jeu de flipper : de nombreux acteurs, des exigences contradictoires, un changement constant de direction. Comment r\u00e9ussir \u00e0 g\u00e9rer ce jeu - et \u00e0 transformer la fragmentation en soins v\u00e9ritablement int\u00e9gr\u00e9s ?<\/p><p>Dans cette matinale, les Transformers de la fmc aborderont les principales pierres d'achoppement sur la voie des solutions de soins int\u00e9gr\u00e9s et pr\u00e9senteront avec vous des solutions possibles pour y parvenir.<\/p><p>Cette session interactive invite express\u00e9ment \u00e0 l'\u00e9change, \u00e0 la mise en r\u00e9seau et \u00e0 l'apprentissage mutuel : Apportez vos solutions, nouez de nouveaux contacts et prenez des impulsions pour lib\u00e9rer plus rapidement les patients et patientes de la bo\u00eete \u00e0 flipper \u00e0 l'avenir.<\/p>\t\t\t\t\t\t\t\t<\/div>\n\t\t\t\t<\/div>\n\t\t\t\t<\/div>\n\t\t<div class=\"elementor-element elementor-element-43e5bdf e-con-full e-flex e-con e-child\" data-id=\"43e5bdf\" data-element_type=\"container\" data-e-type=\"container\">\n\t\t<div class=\"elementor-element elementor-element-8f5c830 e-con-full e-flex e-con e-child\" data-id=\"8f5c830\" data-element_type=\"container\" data-e-type=\"container\">\n\t\t\t\t<div class=\"elementor-element elementor-element-8ff7f37 elementor-widget__width-initial elementor-widget elementor-widget-image\" data-id=\"8ff7f37\" data-element_type=\"widget\" data-e-type=\"widget\" data-widget_type=\"image.default\">\n\t\t\t\t<div class=\"elementor-widget-container\">\n\t\t\t\t\t\t\t\t\t\t\t\t\t\t\t<img loading=\"lazy\" decoding=\"async\" width=\"600\" height=\"338\" src=\"https:\/\/fmc.ch\/wp-content\/uploads\/2026\/04\/Tranformers-25-26_Gruppe-600x338.jpg\" class=\"attachment-medium size-medium wp-image-18156\" alt=\"\" srcset=\"https:\/\/fmc.ch\/wp-content\/uploads\/2026\/04\/Tranformers-25-26_Gruppe-600x338.jpg 600w, https:\/\/fmc.ch\/wp-content\/uploads\/2026\/04\/Tranformers-25-26_Gruppe-2000x1125.jpg 2000w, https:\/\/fmc.ch\/wp-content\/uploads\/2026\/04\/Tranformers-25-26_Gruppe-768x432.jpg 768w, https:\/\/fmc.ch\/wp-content\/uploads\/2026\/04\/Tranformers-25-26_Gruppe-1536x864.jpg 1536w, https:\/\/fmc.ch\/wp-content\/uploads\/2026\/04\/Tranformers-25-26_Gruppe-2048x1152.jpg 2048w, https:\/\/fmc.ch\/wp-content\/uploads\/2026\/04\/Tranformers-25-26_Gruppe-18x10.jpg 18w\" sizes=\"(max-width: 600px) 100vw, 600px\" \/>\t\t\t\t\t\t\t\t\t\t\t\t\t\t\t<\/div>\n\t\t\t\t<\/div>\n\t\t\t\t<\/div>\n\t\t\t\t<div data-dce-text-color=\"#FFFFFF\" class=\"elementor-element elementor-element-7a32ac3 elementor-widget elementor-widget-text-editor\" data-id=\"7a32ac3\" data-element_type=\"widget\" data-e-type=\"widget\" data-widget_type=\"text-editor.default\">\n\t\t\t\t<div class=\"elementor-widget-container\">\n\t\t\t\t\t\t\t\t\t<p>Parmi les Transformers, on trouve<\/p><ul><li><a href=\"https:\/\/www.linkedin.com\/in\/anja-b%C3%A4nninger-0b50364a\/\" target=\"_blank\" rel=\"noopener\">Anja B\u00e4nninger<\/a>, Expert Public Affairs, Soci\u00e9t\u00e9 des pharmaciens pharmaSuisse<\/li><li><a href=\"https:\/\/www.linkedin.com\/in\/daniel-k%C3%BCnzler-6551aa68\/\" target=\"_blank\" rel=\"noopener\">Daniel K\u00fcnzler<\/a>, Expert en strat\u00e9gie, SWICA Organisation de sant\u00e9<\/li><li><a href=\"https:\/\/www.linkedin.com\/in\/martin-merk-19645a260\/\" target=\"_blank\" rel=\"noopener\">Martin Merk<\/a>, directeur adjoint, Association cantonale zurichoise d'aide et de soins \u00e0 domicile<\/li><li>Claudia Pompilli, collaboratrice sp\u00e9cialis\u00e9e Managed Care, Sanacare<\/li><li><a href=\"https:\/\/www.linkedin.com\/in\/aur%C3%A9lien-sallin-365148100\/\" target=\"_blank\" rel=\"noopener\">Aur\u00e9lien Sallin<\/a>, Expert en recherche sur les services de sant\u00e9, SWICA Organisation de sant\u00e9<\/li><li><a href=\"https:\/\/www.linkedin.com\/in\/michel-z%C3%BCger-a1968a138\/\" target=\"_blank\" rel=\"noopener\">Michel Z\u00fcger<\/a>, Directeur du r\u00e9seau de m\u00e9decins, eastcare AG<\/li><\/ul><p>\u00a0<\/p>\t\t\t\t\t\t\t\t<\/div>\n\t\t\t\t<\/div>\n\t\t\t\t<\/div>\n\t\t\t\t<\/div>\n\t\t\t\t\t<\/div>\n\t\t<\/div>\n\t\t\t\t\t<\/div>\n\t\t<\/section>\n\t\t\t\t<section class=\"elementor-section elementor-top-section elementor-element elementor-element-f1483f0 elementor-section-stretched elementor-section-boxed elementor-section-height-default elementor-section-height-default\" data-id=\"f1483f0\" data-element_type=\"section\" data-e-type=\"section\" data-settings=\"{&quot;stretch_section&quot;:&quot;section-stretched&quot;}\">\n\t\t\t\t\t\t<div class=\"elementor-container elementor-column-gap-default\">\n\t\t\t\t\t<div data-dce-background-image-url=\"https:\/\/fmc.ch\/wp-content\/uploads\/2023\/09\/BG-blue-scaled.jpg\" class=\"elementor-column elementor-col-100 elementor-top-column elementor-element elementor-element-94e6bef\" data-id=\"94e6bef\" data-element_type=\"column\" data-e-type=\"column\" data-settings=\"{&quot;background_background&quot;:&quot;classic&quot;}\">\n\t\t\t<div class=\"elementor-widget-wrap elementor-element-populated\">\n\t\t\t\t<div data-dce-background-overlay-image-url=\"https:\/\/fmc.ch\/wp-content\/uploads\/2023\/09\/BG-blue-scaled.jpg\" class=\"elementor-element elementor-element-894559a e-con-full e-flex e-con e-parent\" data-id=\"894559a\" data-element_type=\"container\" data-e-type=\"container\" data-settings=\"{&quot;background_background&quot;:&quot;classic&quot;}\">\n\t\t<div class=\"elementor-element elementor-element-f26719e e-con-full e-flex e-con e-child\" data-id=\"f26719e\" data-element_type=\"container\" data-e-type=\"container\">\n\t\t\t\t<\/div>\n\t\t<div class=\"elementor-element elementor-element-3eb2adc e-con-full e-flex e-con e-child\" data-id=\"3eb2adc\" data-element_type=\"container\" data-e-type=\"container\">\n\t\t\t\t<div class=\"elementor-element elementor-element-681117a elementor-widget elementor-widget-heading\" data-id=\"681117a\" data-element_type=\"widget\" data-e-type=\"widget\" data-widget_type=\"heading.default\">\n\t\t\t\t<div class=\"elementor-widget-container\">\n\t\t\t\t\t<h4 class=\"elementor-heading-title elementor-size-default\">Morning Session en fran\u00e7ais<\/h4>\t\t\t\t<\/div>\n\t\t\t\t<\/div>\n\t\t\t\t<div data-dce-text-color=\"#FFFFFF\" class=\"elementor-element elementor-element-c21c9f2 elementor-widget elementor-widget-text-editor\" data-id=\"c21c9f2\" data-element_type=\"widget\" data-e-type=\"widget\" data-widget_type=\"text-editor.default\">\n\t\t\t\t<div class=\"elementor-widget-container\">\n\t\t\t\t\t\t\t\t\t<p>De plus amples informations suivront prochainement.\u00a0<\/p>\t\t\t\t\t\t\t\t<\/div>\n\t\t\t\t<\/div>\n\t\t<!-- dce invisible element 3526e74 -->\t\t<\/div>\n\t\t<div class=\"elementor-element elementor-element-bf6b289 e-con-full e-flex e-con e-child\" data-id=\"bf6b289\" data-element_type=\"container\" data-e-type=\"container\">\n\t\t<div class=\"elementor-element elementor-element-9d209ed e-con-full e-flex e-con e-child\" data-id=\"9d209ed\" data-element_type=\"container\" data-e-type=\"container\">\n\t\t\t\t<div class=\"elementor-element elementor-element-cd64aa2 elementor-widget__width-initial elementor-widget elementor-widget-image\" data-id=\"cd64aa2\" data-element_type=\"widget\" data-e-type=\"widget\" data-widget_type=\"image.default\">\n\t\t\t\t<div class=\"elementor-widget-container\">\n\t\t\t\t\t\t\t\t\t\t\t\t\t\t\t<img loading=\"lazy\" decoding=\"async\" width=\"178\" height=\"176\" src=\"https:\/\/fmc.ch\/wp-content\/uploads\/2024\/02\/Leeres-Profilbild-Frau-klein.jpg\" class=\"attachment-medium size-medium wp-image-7561\" alt=\"\" \/>\t\t\t\t\t\t\t\t\t\t\t\t\t\t\t<\/div>\n\t\t\t\t<\/div>\n\t\t\t\t<div data-dce-text-color=\"#FFFFFF\" class=\"elementor-element elementor-element-df61b85 elementor-widget elementor-widget-text-editor\" data-id=\"df61b85\" data-element_type=\"widget\" data-e-type=\"widget\" data-widget_type=\"text-editor.default\">\n\t\t\t\t<div class=\"elementor-widget-container\">\n\t\t\t\t\t\t\t\t\t<p><span data-olk-copy-source=\"MessageBody\">Sont pr\u00e9sents:<\/span><\/p><p>Les intervenants et intervenantes seront annonc\u00e9s ult\u00e9rieurement.<\/p>\t\t\t\t\t\t\t\t<\/div>\n\t\t\t\t<\/div>\n\t\t\t\t<\/div>\n\t\t<div class=\"elementor-element elementor-element-032b1a1 e-con-full e-flex e-con e-child\" data-id=\"032b1a1\" data-element_type=\"container\" data-e-type=\"container\">\n\t\t\t\t<div class=\"elementor-element elementor-element-d261909 elementor-widget__width-initial elementor-widget elementor-widget-image\" data-id=\"d261909\" data-element_type=\"widget\" data-e-type=\"widget\" data-widget_type=\"image.default\">\n\t\t\t\t<div class=\"elementor-widget-container\">\n\t\t\t\t\t\t\t\t\t\t\t\t\t\t\t<img loading=\"lazy\" decoding=\"async\" width=\"195\" height=\"195\" src=\"https:\/\/fmc.ch\/wp-content\/uploads\/2024\/02\/Leeres-Profilbild-Mann-klein.jpg\" class=\"attachment-medium size-medium wp-image-7562\" alt=\"\" \/>\t\t\t\t\t\t\t\t\t\t\t\t\t\t\t<\/div>\n\t\t\t\t<\/div>\n\t\t<!-- dce invisible element 37d63ab -->\t\t<\/div>\n\t\t<div class=\"elementor-element elementor-element-f16fec8 e-con-full e-flex e-con e-child\" data-id=\"f16fec8\" data-element_type=\"container\" data-e-type=\"container\">\n\t\t\t\t<div class=\"elementor-element elementor-element-0a61651 elementor-widget__width-initial elementor-widget elementor-widget-image\" data-id=\"0a61651\" data-element_type=\"widget\" data-e-type=\"widget\" data-widget_type=\"image.default\">\n\t\t\t\t<div class=\"elementor-widget-container\">\n\t\t\t\t\t\t\t\t\t\t\t\t\t\t\t<img loading=\"lazy\" decoding=\"async\" width=\"178\" height=\"176\" src=\"https:\/\/fmc.ch\/wp-content\/uploads\/2024\/02\/Leeres-Profilbild-Frau-klein.jpg\" class=\"attachment-medium size-medium wp-image-7561\" alt=\"\" \/>\t\t\t\t\t\t\t\t\t\t\t\t\t\t\t<\/div>\n\t\t\t\t<\/div>\n\t\t<!-- dce invisible element 5bf61b8 -->\t\t<\/div>\n\t\t\t\t<\/div>\n\t\t\t\t<\/div>\n\t\t\t\t\t<\/div>\n\t\t<\/div>\n\t\t\t\t\t<\/div>\n\t\t<\/section>\n\t\t\t\t<section class=\"elementor-section elementor-top-section elementor-element elementor-element-832326d elementor-section-stretched elementor-section-boxed elementor-section-height-default elementor-section-height-default\" data-id=\"832326d\" data-element_type=\"section\" data-e-type=\"section\" data-settings=\"{&quot;stretch_section&quot;:&quot;section-stretched&quot;,&quot;background_background&quot;:&quot;classic&quot;}\">\n\t\t\t\t\t\t<div class=\"elementor-container elementor-column-gap-default\">\n\t\t\t\t\t<div class=\"elementor-column elementor-col-100 elementor-top-column elementor-element elementor-element-b370f0b\" data-id=\"b370f0b\" data-element_type=\"column\" data-e-type=\"column\">\n\t\t\t<div class=\"elementor-widget-wrap elementor-element-populated\">\n\t\t\t\t\t\t<div class=\"elementor-element elementor-element-a34a4ef elementor-widget elementor-widget-heading\" data-id=\"a34a4ef\" data-element_type=\"widget\" data-e-type=\"widget\" data-widget_type=\"heading.default\">\n\t\t\t\t<div class=\"elementor-widget-container\">\n\t\t\t\t\t<h2 class=\"elementor-heading-title elementor-size-default\">En s\u00e9ance pl\u00e9ni\u00e8re avec interpr\u00e9tation<\/h2>\t\t\t\t<\/div>\n\t\t\t\t<\/div>\n\t\t\t\t<div class=\"elementor-element elementor-element-57194e8 elementor-widget elementor-widget-text-editor\" data-id=\"57194e8\" data-element_type=\"widget\" data-e-type=\"widget\" data-widget_type=\"text-editor.default\">\n\t\t\t\t<div class=\"elementor-widget-container\">\n\t\t\t\t\t\t\t\t\t<p>Apr\u00e8s le mot de bienvenue d'Annamaria M\u00fcller, pr\u00e9sidente du Forum suisse pour les soins int\u00e9gr\u00e9s (fmc) \u00e0 10h45, nous entrerons dans le vif du sujet avec une impulsion.<\/p>\t\t\t\t\t\t\t\t<\/div>\n\t\t\t\t<\/div>\n\t\t\t\t\t<\/div>\n\t\t<\/div>\n\t\t\t\t\t<\/div>\n\t\t<\/section>\n\t\t\t\t<section class=\"elementor-section elementor-top-section elementor-element elementor-element-a6fc668 elementor-section-stretched elementor-section-boxed elementor-section-height-default elementor-section-height-default\" data-id=\"a6fc668\" data-element_type=\"section\" data-e-type=\"section\" data-settings=\"{&quot;stretch_section&quot;:&quot;section-stretched&quot;}\">\n\t\t\t\t\t\t<div class=\"elementor-container elementor-column-gap-default\">\n\t\t\t\t\t<div data-dce-background-image-url=\"https:\/\/fmc.ch\/wp-content\/uploads\/2023\/09\/BG-blue-scaled.jpg\" class=\"elementor-column elementor-col-100 elementor-top-column elementor-element elementor-element-f5c2c5c\" data-id=\"f5c2c5c\" data-element_type=\"column\" data-e-type=\"column\" data-settings=\"{&quot;background_background&quot;:&quot;classic&quot;}\">\n\t\t\t<div class=\"elementor-widget-wrap elementor-element-populated\">\n\t\t\t\t<div data-dce-background-overlay-image-url=\"https:\/\/fmc.ch\/wp-content\/uploads\/2023\/09\/BG-blue-scaled.jpg\" class=\"elementor-element elementor-element-8059cf9 e-con-full e-flex e-con e-parent\" data-id=\"8059cf9\" data-element_type=\"container\" data-e-type=\"container\" data-settings=\"{&quot;background_background&quot;:&quot;classic&quot;}\">\n\t\t<div class=\"elementor-element elementor-element-cbf24b7 e-con-full e-flex e-con e-child\" data-id=\"cbf24b7\" data-element_type=\"container\" data-e-type=\"container\">\n\t\t\t\t<\/div>\n\t\t<div class=\"elementor-element elementor-element-5c1700d e-con-full e-flex e-con e-child\" data-id=\"5c1700d\" data-element_type=\"container\" data-e-type=\"container\">\n\t\t\t\t<div class=\"elementor-element elementor-element-a0686e1 elementor-widget elementor-widget-heading\" data-id=\"a0686e1\" data-element_type=\"widget\" data-e-type=\"widget\" data-widget_type=\"heading.default\">\n\t\t\t\t<div class=\"elementor-widget-container\">\n\t\t\t\t\t<h4 class=\"elementor-heading-title elementor-size-default\">Patients et patientes dans des situations de soins complexes : Les soins int\u00e9gr\u00e9s, une r\u00e9ponse adapt\u00e9e !\n\n<\/h4>\t\t\t\t<\/div>\n\t\t\t\t<\/div>\n\t\t\t\t<div data-dce-text-color=\"#FFFFFF\" class=\"elementor-element elementor-element-1408989 elementor-widget elementor-widget-text-editor\" data-id=\"1408989\" data-element_type=\"widget\" data-e-type=\"widget\" data-widget_type=\"text-editor.default\">\n\t\t\t\t<div class=\"elementor-widget-container\">\n\t\t\t\t\t\t\t\t\t<p>\u00a0<\/p><p>Dans cette impulsion, vous d\u00e9couvrirez d'une part les diff\u00e9rents indicateurs qui permettent d'identifier une situation complexe (c.-\u00e0-d. des indicateurs qui ne sont pas seulement li\u00e9s aux besoins des patients. Les indicateurs qui ne sont pas seulement li\u00e9s aux besoins des patients, mais aussi aux r\u00e9actions des acteurs du syst\u00e8me de sant\u00e9).<\/p><p>D'autre part, vous vous familiarisez avec les approches int\u00e9gr\u00e9es qui permettent de g\u00e9rer cette complexit\u00e9, ainsi qu'avec la valeur ajout\u00e9e de ces pratiques int\u00e9gr\u00e9es.<\/p>\t\t\t\t\t\t\t\t<\/div>\n\t\t\t\t<\/div>\n\t\t\t\t<\/div>\n\t\t<div class=\"elementor-element elementor-element-3bdccb6 e-con-full e-flex e-con e-child\" data-id=\"3bdccb6\" data-element_type=\"container\" data-e-type=\"container\">\n\t\t<div class=\"elementor-element elementor-element-eaccb77 e-con-full e-flex e-con e-child\" data-id=\"eaccb77\" data-element_type=\"container\" data-e-type=\"container\">\n\t\t\t\t<div class=\"elementor-element elementor-element-175fdec elementor-widget__width-initial elementor-widget elementor-widget-image\" data-id=\"175fdec\" data-element_type=\"widget\" data-e-type=\"widget\" data-widget_type=\"image.default\">\n\t\t\t\t<div class=\"elementor-widget-container\">\n\t\t\t\t\t\t\t\t\t\t\t\t\t\t\t<img loading=\"lazy\" decoding=\"async\" width=\"600\" height=\"600\" src=\"https:\/\/fmc.ch\/wp-content\/uploads\/2023\/09\/Wer-wir-sind_Vorstandsmitglied-Severine-Schussele_website-600x600.jpg\" class=\"attachment-medium size-medium wp-image-922\" alt=\"\" srcset=\"https:\/\/fmc.ch\/wp-content\/uploads\/2023\/09\/Wer-wir-sind_Vorstandsmitglied-Severine-Schussele_website-600x600.jpg 600w, https:\/\/fmc.ch\/wp-content\/uploads\/2023\/09\/Wer-wir-sind_Vorstandsmitglied-Severine-Schussele_website-300x300.jpg 300w, https:\/\/fmc.ch\/wp-content\/uploads\/2023\/09\/Wer-wir-sind_Vorstandsmitglied-Severine-Schussele_website-768x768.jpg 768w, https:\/\/fmc.ch\/wp-content\/uploads\/2023\/09\/Wer-wir-sind_Vorstandsmitglied-Severine-Schussele_website.jpg 800w\" sizes=\"(max-width: 600px) 100vw, 600px\" \/>\t\t\t\t\t\t\t\t\t\t\t\t\t\t\t<\/div>\n\t\t\t\t<\/div>\n\t\t\t\t<div data-dce-text-color=\"#FFFFFF\" class=\"elementor-element elementor-element-f599774 elementor-widget elementor-widget-text-editor\" data-id=\"f599774\" data-element_type=\"widget\" data-e-type=\"widget\" data-widget_type=\"text-editor.default\">\n\t\t\t\t<div class=\"elementor-widget-container\">\n\t\t\t\t\t\t\t\t\t<p><span data-olk-copy-source=\"MessageBody\">Sont pr\u00e9sents:<\/span><\/p><p class=\"elementor-heading-title elementor-size-default\"><a href=\"https:\/\/www.linkedin.com\/in\/severineschusselefilliettaz\/\" target=\"_blank\" rel=\"noopener\">S\u00e9verine Schussel\u00e9 Filliettaz<\/a>, ma\u00eetre d'enseignement \u00e0 l'Institut et Haute Ecole de la Sant\u00e9 La Source<\/p>\t\t\t\t\t\t\t\t<\/div>\n\t\t\t\t<\/div>\n\t\t\t\t<\/div>\n\t\t<div class=\"elementor-element elementor-element-a46d7e5 e-con-full e-flex e-con e-child\" data-id=\"a46d7e5\" data-element_type=\"container\" data-e-type=\"container\">\n\t\t\t\t<div class=\"elementor-element elementor-element-bd12a32 elementor-widget__width-initial elementor-widget elementor-widget-image\" data-id=\"bd12a32\" data-element_type=\"widget\" data-e-type=\"widget\" data-widget_type=\"image.default\">\n\t\t\t\t<div class=\"elementor-widget-container\">\n\t\t\t\t\t\t\t\t\t\t\t\t\t\t\t<img loading=\"lazy\" decoding=\"async\" width=\"200\" height=\"200\" src=\"https:\/\/fmc.ch\/wp-content\/uploads\/2024\/04\/Symposium-2024_Nicolas-Perone_website.png\" class=\"attachment-medium size-medium wp-image-9445\" alt=\"\" \/>\t\t\t\t\t\t\t\t\t\t\t\t\t\t\t<\/div>\n\t\t\t\t<\/div>\n\t\t\t\t<div data-dce-text-color=\"#FFFFFF\" class=\"elementor-element elementor-element-2956efe elementor-widget elementor-widget-text-editor\" data-id=\"2956efe\" data-element_type=\"widget\" data-e-type=\"widget\" data-widget_type=\"text-editor.default\">\n\t\t\t\t<div class=\"elementor-widget-container\">\n\t\t\t\t\t\t\t\t\t<p><a href=\"https:\/\/www.linkedin.com\/in\/nicolas-perone-6634367\/\" target=\"_blank\" rel=\"noopener\">Nicolas Perrone<\/a>, M\u00e9decin \u00e0 l'Arsant\u00e9, charg\u00e9 de cours \u00e0 l'Universit\u00e9 de Gen\u00e8ve et m\u00e9decin sp\u00e9cialiste chez SOKLE.<\/p>\t\t\t\t\t\t\t\t<\/div>\n\t\t\t\t<\/div>\n\t\t\t\t<\/div>\n\t\t\t\t<\/div>\n\t\t\t\t<\/div>\n\t\t\t\t\t<\/div>\n\t\t<\/div>\n\t\t\t\t\t<\/div>\n\t\t<\/section>\n\t\t\t\t<section class=\"elementor-section elementor-top-section elementor-element elementor-element-d4f409d elementor-section-stretched elementor-section-boxed elementor-section-height-default elementor-section-height-default\" data-id=\"d4f409d\" data-element_type=\"section\" data-e-type=\"section\" data-settings=\"{&quot;stretch_section&quot;:&quot;section-stretched&quot;,&quot;background_background&quot;:&quot;classic&quot;}\">\n\t\t\t\t\t\t<div class=\"elementor-container elementor-column-gap-default\">\n\t\t\t\t\t<div class=\"elementor-column elementor-col-100 elementor-top-column elementor-element elementor-element-c0d3af8\" data-id=\"c0d3af8\" data-element_type=\"column\" data-e-type=\"column\">\n\t\t\t<div class=\"elementor-widget-wrap elementor-element-populated\">\n\t\t\t\t\t\t<div class=\"elementor-element elementor-element-3f27085 elementor-invisible elementor-widget elementor-widget-heading\" data-id=\"3f27085\" data-element_type=\"widget\" data-e-type=\"widget\" data-settings=\"{&quot;_animation&quot;:&quot;fadeInUp&quot;}\" data-widget_type=\"heading.default\">\n\t\t\t\t<div class=\"elementor-widget-container\">\n\t\t\t\t\t<h3 class=\"elementor-heading-title elementor-size-default\">L'apr\u00e8s-midi, nous proposons diff\u00e9rentes sessions de brainfood<\/h3>\t\t\t\t<\/div>\n\t\t\t\t<\/div>\n\t\t\t\t<div class=\"elementor-element elementor-element-403fc18 elementor-widget elementor-widget-text-editor\" data-id=\"403fc18\" data-element_type=\"widget\" data-e-type=\"widget\" data-widget_type=\"text-editor.default\">\n\t\t\t\t<div class=\"elementor-widget-container\">\n\t\t\t\t\t\t\t\t\t<p>Les Brainfoods d\u00e9marrent apr\u00e8s le d\u00e9jeuner \u00e0 13h45.<\/p><p>Les sessions Brainfood ont lieu deux fois de suite, ce qui vous permet de suivre deux th\u00e8mes diff\u00e9rents.\u00a0<\/p><p>L'exception est la plate-forme d'\u00e9change des centres de coordination entre la sant\u00e9 et le social. Celle-ci a lieu une fois et dure tout l'apr\u00e8s-midi.<\/p>\t\t\t\t\t\t\t\t<\/div>\n\t\t\t\t<\/div>\n\t\t\t\t\t<\/div>\n\t\t<\/div>\n\t\t\t\t\t<\/div>\n\t\t<\/section>\n\t\t\t\t<section class=\"elementor-section elementor-top-section elementor-element elementor-element-25237b8 elementor-section-stretched elementor-section-boxed elementor-section-height-default elementor-section-height-default\" data-id=\"25237b8\" data-element_type=\"section\" data-e-type=\"section\" data-settings=\"{&quot;stretch_section&quot;:&quot;section-stretched&quot;}\">\n\t\t\t\t\t\t<div class=\"elementor-container elementor-column-gap-default\">\n\t\t\t\t\t<div data-dce-background-image-url=\"https:\/\/fmc.ch\/wp-content\/uploads\/2023\/09\/BG-blue-scaled.jpg\" class=\"elementor-column elementor-col-100 elementor-top-column elementor-element elementor-element-47fb57e\" data-id=\"47fb57e\" data-element_type=\"column\" data-e-type=\"column\" data-settings=\"{&quot;background_background&quot;:&quot;classic&quot;}\">\n\t\t\t<div class=\"elementor-widget-wrap elementor-element-populated\">\n\t\t\t\t<div data-dce-background-overlay-image-url=\"https:\/\/fmc.ch\/wp-content\/uploads\/2023\/09\/BG-blue-scaled.jpg\" class=\"elementor-element elementor-element-6fa11aa e-con-full e-flex e-con e-parent\" data-id=\"6fa11aa\" data-element_type=\"container\" data-e-type=\"container\" data-settings=\"{&quot;background_background&quot;:&quot;classic&quot;}\">\n\t\t<div class=\"elementor-element elementor-element-d29ed06 e-con-full e-flex e-con e-child\" data-id=\"d29ed06\" data-element_type=\"container\" data-e-type=\"container\">\n\t\t\t\t<\/div>\n\t\t<div class=\"elementor-element elementor-element-2e374ca e-con-full e-flex e-con e-child\" data-id=\"2e374ca\" data-element_type=\"container\" data-e-type=\"container\">\n\t\t\t\t<div class=\"elementor-element elementor-element-78450ab elementor-widget elementor-widget-heading\" data-id=\"78450ab\" data-element_type=\"widget\" data-e-type=\"widget\" data-widget_type=\"heading.default\">\n\t\t\t\t<div class=\"elementor-widget-container\">\n\t\t\t\t\t<h4 class=\"elementor-heading-title elementor-size-default\">(Poly) M\u00e9dication - Le \"classique\" des situations de soins complexes <\/h4>\t\t\t\t<\/div>\n\t\t\t\t<\/div>\n\t\t\t\t<div data-dce-text-color=\"#FFFFFF\" class=\"elementor-element elementor-element-45720a3 elementor-widget elementor-widget-text-editor\" data-id=\"45720a3\" data-element_type=\"widget\" data-e-type=\"widget\" data-widget_type=\"text-editor.default\">\n\t\t\t\t<div class=\"elementor-widget-container\">\n\t\t\t\t\t\t\t\t\t<p>\u00a0<\/p><p>Les soins de base, la m\u00e9decine g\u00e9riatrique et les soins, d'autres acteurs et l'assurance maladie sont confront\u00e9s aux d\u00e9fis de la (poly)m\u00e9dication. Comment coordonner les initiatives et les processus de soins pour que la (poly)m\u00e9dication ne devienne pas un \u201ecocktail toxique\u201c ?<\/p>\t\t\t\t\t\t\t\t<\/div>\n\t\t\t\t<\/div>\n\t\t\t\t<\/div>\n\t\t<div class=\"elementor-element elementor-element-deba827 e-con-full e-flex e-con e-child\" data-id=\"deba827\" data-element_type=\"container\" data-e-type=\"container\">\n\t\t<div class=\"elementor-element elementor-element-b6c4f83 e-con-full e-flex e-con e-child\" data-id=\"b6c4f83\" data-element_type=\"container\" data-e-type=\"container\">\n\t\t\t\t<div class=\"elementor-element elementor-element-eb1b162 elementor-widget__width-initial elementor-widget elementor-widget-image\" data-id=\"eb1b162\" data-element_type=\"widget\" data-e-type=\"widget\" data-widget_type=\"image.default\">\n\t\t\t\t<div class=\"elementor-widget-container\">\n\t\t\t\t\t\t\t\t\t\t\t\t\t\t\t<img loading=\"lazy\" decoding=\"async\" width=\"500\" height=\"504\" src=\"https:\/\/fmc.ch\/wp-content\/uploads\/2026\/03\/Nicole_Thuering-Website-klein.jpg\" class=\"attachment-medium size-medium wp-image-17972\" alt=\"\" srcset=\"https:\/\/fmc.ch\/wp-content\/uploads\/2026\/03\/Nicole_Thuering-Website-klein.jpg 500w, https:\/\/fmc.ch\/wp-content\/uploads\/2026\/03\/Nicole_Thuering-Website-klein-12x12.jpg 12w\" sizes=\"(max-width: 500px) 100vw, 500px\" \/>\t\t\t\t\t\t\t\t\t\t\t\t\t\t\t<\/div>\n\t\t\t\t<\/div>\n\t\t\t\t<div data-dce-text-color=\"#FFFFFF\" class=\"elementor-element elementor-element-ca20c97 elementor-widget elementor-widget-text-editor\" data-id=\"ca20c97\" data-element_type=\"widget\" data-e-type=\"widget\" data-widget_type=\"text-editor.default\">\n\t\t\t\t<div class=\"elementor-widget-container\">\n\t\t\t\t\t\t\t\t\t<p><span data-olk-copy-source=\"MessageBody\">Sont pr\u00e9sents:<\/span><\/p><p><a href=\"https:\/\/www.linkedin.com\/in\/nicole-thuering\/\" target=\"_blank\" rel=\"noopener\">Nicole Th\u00fcring<\/a>, responsable Achat de prestations AVM, Helsana<\/p>\t\t\t\t\t\t\t\t<\/div>\n\t\t\t\t<\/div>\n\t\t\t\t<\/div>\n\t\t<div class=\"elementor-element elementor-element-e5d1b61 e-con-full e-flex e-con e-child\" data-id=\"e5d1b61\" data-element_type=\"container\" data-e-type=\"container\">\n\t\t\t\t<div class=\"elementor-element elementor-element-75ed6a7 elementor-widget__width-initial elementor-widget elementor-widget-image\" data-id=\"75ed6a7\" data-element_type=\"widget\" data-e-type=\"widget\" data-widget_type=\"image.default\">\n\t\t\t\t<div class=\"elementor-widget-container\">\n\t\t\t\t\t\t\t\t\t\t\t\t\t\t\t<img loading=\"lazy\" decoding=\"async\" width=\"500\" height=\"497\" src=\"https:\/\/fmc.ch\/wp-content\/uploads\/2026\/03\/Achermann-Website-klein.jpg\" class=\"attachment-medium size-medium wp-image-17971\" alt=\"\" srcset=\"https:\/\/fmc.ch\/wp-content\/uploads\/2026\/03\/Achermann-Website-klein.jpg 500w, https:\/\/fmc.ch\/wp-content\/uploads\/2026\/03\/Achermann-Website-klein-12x12.jpg 12w\" sizes=\"(max-width: 500px) 100vw, 500px\" \/>\t\t\t\t\t\t\t\t\t\t\t\t\t\t\t<\/div>\n\t\t\t\t<\/div>\n\t\t\t\t<div data-dce-text-color=\"#FFFFFF\" class=\"elementor-element elementor-element-7b34cdd elementor-widget elementor-widget-text-editor\" data-id=\"7b34cdd\" data-element_type=\"widget\" data-e-type=\"widget\" data-widget_type=\"text-editor.default\">\n\t\t\t\t<div class=\"elementor-widget-container\">\n\t\t\t\t\t\t\t\t\t<p><a href=\"https:\/\/www.linkedin.com\/in\/corinne-achermann-sommer-104016b5\/\" target=\"_blank\" rel=\"noopener\">Corinne Achermann<\/a>, directrice g\u00e9n\u00e9rale, zMed<\/p>\t\t\t\t\t\t\t\t<\/div>\n\t\t\t\t<\/div>\n\t\t\t\t<\/div>\n\t\t<div class=\"elementor-element elementor-element-fe3f380 e-con-full e-flex e-con e-child\" data-id=\"fe3f380\" data-element_type=\"container\" data-e-type=\"container\">\n\t\t\t\t<div class=\"elementor-element elementor-element-0e0ae8e elementor-widget__width-initial elementor-widget elementor-widget-image\" data-id=\"0e0ae8e\" data-element_type=\"widget\" data-e-type=\"widget\" data-widget_type=\"image.default\">\n\t\t\t\t<div class=\"elementor-widget-container\">\n\t\t\t\t\t\t\t\t\t\t\t\t\t\t\t<img loading=\"lazy\" decoding=\"async\" width=\"195\" height=\"195\" src=\"https:\/\/fmc.ch\/wp-content\/uploads\/2024\/02\/Leeres-Profilbild-Mann-klein.jpg\" class=\"attachment-medium size-medium wp-image-7562\" alt=\"\" \/>\t\t\t\t\t\t\t\t\t\t\t\t\t\t\t<\/div>\n\t\t\t\t<\/div>\n\t\t\t\t<div data-dce-text-color=\"#FFFFFF\" class=\"elementor-element elementor-element-fad77c1 elementor-widget elementor-widget-text-editor\" data-id=\"fad77c1\" data-element_type=\"widget\" data-e-type=\"widget\" data-widget_type=\"text-editor.default\">\n\t\t\t\t<div class=\"elementor-widget-container\">\n\t\t\t\t\t\t\t\t\t<p><a href=\"https:\/\/www.linkedin.com\/in\/dr-med-michael-j%C3%A4ger-96594217a\/\" target=\"_blank\" rel=\"noopener\">Michael Chasseur<\/a>, Fondateur et directeur m\u00e9dical, Age Medical SA<\/p>\t\t\t\t\t\t\t\t<\/div>\n\t\t\t\t<\/div>\n\t\t\t\t<\/div>\n\t\t\t\t<div class=\"elementor-element elementor-element-9fed995 elementor-widget elementor-widget-spacer\" data-id=\"9fed995\" data-element_type=\"widget\" data-e-type=\"widget\" data-widget_type=\"spacer.default\">\n\t\t\t\t<div class=\"elementor-widget-container\">\n\t\t\t\t\t\t\t<div class=\"elementor-spacer\">\n\t\t\t<div class=\"elementor-spacer-inner\"><\/div>\n\t\t<\/div>\n\t\t\t\t\t\t<\/div>\n\t\t\t\t<\/div>\n\t\t<div class=\"elementor-element elementor-element-459033e e-con-full e-flex e-con e-child\" data-id=\"459033e\" data-element_type=\"container\" data-e-type=\"container\">\n\t\t\t\t<div class=\"elementor-element elementor-element-0fbd745 elementor-widget__width-initial elementor-widget elementor-widget-image\" data-id=\"0fbd745\" data-element_type=\"widget\" data-e-type=\"widget\" data-widget_type=\"image.default\">\n\t\t\t\t<div class=\"elementor-widget-container\">\n\t\t\t\t\t\t\t\t\t\t\t\t\t\t\t<img loading=\"lazy\" decoding=\"async\" width=\"600\" height=\"600\" src=\"https:\/\/fmc.ch\/wp-content\/uploads\/2023\/09\/Oliver_Strehle-600x600.jpg\" class=\"attachment-medium size-medium wp-image-703\" alt=\"\" srcset=\"https:\/\/fmc.ch\/wp-content\/uploads\/2023\/09\/Oliver_Strehle-600x600.jpg 600w, https:\/\/fmc.ch\/wp-content\/uploads\/2023\/09\/Oliver_Strehle-300x300.jpg 300w, https:\/\/fmc.ch\/wp-content\/uploads\/2023\/09\/Oliver_Strehle-768x768.jpg 768w, https:\/\/fmc.ch\/wp-content\/uploads\/2023\/09\/Oliver_Strehle.jpg 800w\" sizes=\"(max-width: 600px) 100vw, 600px\" \/>\t\t\t\t\t\t\t\t\t\t\t\t\t\t\t<\/div>\n\t\t\t\t<\/div>\n\t\t\t\t<div data-dce-text-color=\"#FFFFFF\" class=\"elementor-element elementor-element-70bf20b elementor-widget elementor-widget-text-editor\" data-id=\"70bf20b\" data-element_type=\"widget\" data-e-type=\"widget\" data-widget_type=\"text-editor.default\">\n\t\t\t\t<div class=\"elementor-widget-container\">\n\t\t\t\t\t\t\t\t\t<p>Mod\u00e9ration : <a href=\"https:\/\/www.linkedin.com\/in\/oliver-strehle-a67b24173\/\" target=\"_blank\" rel=\"noopener\">Oliver Strehle<\/a>, directeur du Forum suisse pour les soins int\u00e9gr\u00e9s (fmc)<\/p>\t\t\t\t\t\t\t\t<\/div>\n\t\t\t\t<\/div>\n\t\t\t\t<\/div>\n\t\t\t\t<\/div>\n\t\t\t\t<\/div>\n\t\t\t\t\t<\/div>\n\t\t<\/div>\n\t\t\t\t\t<\/div>\n\t\t<\/section>\n\t\t\t\t<section class=\"elementor-section elementor-top-section elementor-element elementor-element-4748419 elementor-section-stretched elementor-section-boxed elementor-section-height-default elementor-section-height-default\" data-id=\"4748419\" data-element_type=\"section\" data-e-type=\"section\" data-settings=\"{&quot;stretch_section&quot;:&quot;section-stretched&quot;}\">\n\t\t\t\t\t\t<div class=\"elementor-container elementor-column-gap-default\">\n\t\t\t\t\t<div data-dce-background-image-url=\"https:\/\/fmc.ch\/wp-content\/uploads\/2023\/09\/BG-blue-scaled.jpg\" class=\"elementor-column elementor-col-100 elementor-top-column elementor-element elementor-element-76af68b\" data-id=\"76af68b\" data-element_type=\"column\" data-e-type=\"column\" data-settings=\"{&quot;background_background&quot;:&quot;classic&quot;}\">\n\t\t\t<div class=\"elementor-widget-wrap elementor-element-populated\">\n\t\t\t\t<div data-dce-background-overlay-image-url=\"https:\/\/fmc.ch\/wp-content\/uploads\/2023\/09\/BG-blue-scaled.jpg\" class=\"elementor-element elementor-element-dd3ef74 e-con-full e-flex e-con e-parent\" data-id=\"dd3ef74\" data-element_type=\"container\" data-e-type=\"container\" data-settings=\"{&quot;background_background&quot;:&quot;classic&quot;}\">\n\t\t<div class=\"elementor-element elementor-element-1ff3157 e-con-full e-flex e-con e-child\" data-id=\"1ff3157\" data-element_type=\"container\" data-e-type=\"container\">\n\t\t\t\t<\/div>\n\t\t<div class=\"elementor-element elementor-element-a3dac8b e-con-full e-flex e-con e-child\" data-id=\"a3dac8b\" data-element_type=\"container\" data-e-type=\"container\">\n\t\t\t\t<div class=\"elementor-element elementor-element-9d44302 elementor-widget elementor-widget-heading\" data-id=\"9d44302\" data-element_type=\"widget\" data-e-type=\"widget\" data-widget_type=\"heading.default\">\n\t\t\t\t<div class=\"elementor-widget-container\">\n\t\t\t\t\t<h4 class=\"elementor-heading-title elementor-size-default\">Quel est le r\u00f4le des patients et de leurs proches dans les situations de soins complexes ?<\/h4>\t\t\t\t<\/div>\n\t\t\t\t<\/div>\n\t\t\t\t<div data-dce-text-color=\"#FFFFFF\" class=\"elementor-element elementor-element-0dca425 elementor-widget elementor-widget-text-editor\" data-id=\"0dca425\" data-element_type=\"widget\" data-e-type=\"widget\" data-widget_type=\"text-editor.default\">\n\t\t\t\t<div class=\"elementor-widget-container\">\n\t\t\t\t\t\t\t\t\t<p>\u00a0<\/p><p>En coop\u00e9ration avec la <a href=\"https:\/\/www.spo.ch\/\" target=\"_blank\" rel=\"noopener\">OSP, l'Organisation suisse des patients<\/a>.\u00a0<\/p>\t\t\t\t\t\t\t\t<\/div>\n\t\t\t\t<\/div>\n\t\t\t\t<div data-dce-text-color=\"#FFFFFF\" class=\"elementor-element elementor-element-c43e355 elementor-widget elementor-widget-text-editor\" data-id=\"c43e355\" data-element_type=\"widget\" data-e-type=\"widget\" data-widget_type=\"text-editor.default\">\n\t\t\t\t<div class=\"elementor-widget-container\">\n\t\t\t\t\t\t\t\t\t<p class=\"x_xmsonormal\">De nombreuses situations complexes dans le domaine de la sant\u00e9 ne r\u00e9sultent pas seulement du diagnostic m\u00e9dical, mais aussi de la r\u00e9alit\u00e9 de vie des personnes concern\u00e9es. Dans le cadre de la Brainfood Session, nous mettons l'accent sur les situations de soins dans lesquelles les d\u00e9fis m\u00e9dicaux et psychosociaux se superposent et dans lesquelles les patients se perdent souvent entre les syst\u00e8mes et les comp\u00e9tences. De telles situations sont fr\u00e9quentes dans le quotidien clinique et en m\u00eame temps particuli\u00e8rement exigeantes pour toutes les personnes concern\u00e9es.<\/p><p class=\"x_xmsonormal\">L'atelier est con\u00e7u comme une discussion anim\u00e9e entre un patient et un m\u00e9decin. Ensemble, nous examinons une situation de soins r\u00e9elle sous deux perspectives<\/p>\t\t\t\t\t\t\t\t<\/div>\n\t\t\t\t<\/div>\n\t\t\t\t<\/div>\n\t\t<div class=\"elementor-element elementor-element-0532a89 e-con-full e-flex e-con e-child\" data-id=\"0532a89\" data-element_type=\"container\" data-e-type=\"container\">\n\t\t<div class=\"elementor-element elementor-element-dc85c8a e-con-full e-flex e-con e-child\" data-id=\"dc85c8a\" data-element_type=\"container\" data-e-type=\"container\">\n\t\t\t\t<div class=\"elementor-element elementor-element-31eadab elementor-widget__width-initial elementor-widget elementor-widget-image\" data-id=\"31eadab\" data-element_type=\"widget\" data-e-type=\"widget\" data-widget_type=\"image.default\">\n\t\t\t\t<div class=\"elementor-widget-container\">\n\t\t\t\t\t\t\t\t\t\t\t\t\t\t\t<img loading=\"lazy\" decoding=\"async\" width=\"183\" height=\"183\" src=\"https:\/\/fmc.ch\/wp-content\/uploads\/2023\/12\/14_Vanessa_Grand.png\" class=\"attachment-medium size-medium wp-image-5041\" alt=\"\" \/>\t\t\t\t\t\t\t\t\t\t\t\t\t\t\t<\/div>\n\t\t\t\t<\/div>\n\t\t\t\t<div data-dce-text-color=\"#FFFFFF\" class=\"elementor-element elementor-element-b3a6343 elementor-widget elementor-widget-text-editor\" data-id=\"b3a6343\" data-element_type=\"widget\" data-e-type=\"widget\" data-widget_type=\"text-editor.default\">\n\t\t\t\t<div class=\"elementor-widget-container\">\n\t\t\t\t\t\t\t\t\t<p><span data-olk-copy-source=\"MessageBody\">Sont pr\u00e9sents:<\/span><\/p><p><a href=\"https:\/\/www.linkedin.com\/in\/vanessa-grand-108a98187\/\" target=\"_blank\" rel=\"noopener\">Vanessa Grand<\/a>, parlementaire Session des personnes handicap\u00e9es \/ Repr\u00e9sentante des patients et des personnes handicap\u00e9es<\/p>\t\t\t\t\t\t\t\t<\/div>\n\t\t\t\t<\/div>\n\t\t\t\t<\/div>\n\t\t<div class=\"elementor-element elementor-element-c3cbb27 e-con-full e-flex e-con e-child\" data-id=\"c3cbb27\" data-element_type=\"container\" data-e-type=\"container\">\n\t\t\t\t<div class=\"elementor-element elementor-element-eabcb83 elementor-widget__width-initial elementor-widget elementor-widget-image\" data-id=\"eabcb83\" data-element_type=\"widget\" data-e-type=\"widget\" data-widget_type=\"image.default\">\n\t\t\t\t<div class=\"elementor-widget-container\">\n\t\t\t\t\t\t\t\t\t\t\t\t\t\t\t<img loading=\"lazy\" decoding=\"async\" width=\"195\" height=\"195\" src=\"https:\/\/fmc.ch\/wp-content\/uploads\/2024\/02\/Leeres-Profilbild-Mann-klein.jpg\" class=\"attachment-medium size-medium wp-image-7562\" alt=\"\" \/>\t\t\t\t\t\t\t\t\t\t\t\t\t\t\t<\/div>\n\t\t\t\t<\/div>\n\t\t\t\t<div data-dce-text-color=\"#FFFFFF\" class=\"elementor-element elementor-element-b6baeb1 elementor-widget elementor-widget-text-editor\" data-id=\"b6baeb1\" data-element_type=\"widget\" data-e-type=\"widget\" data-widget_type=\"text-editor.default\">\n\t\t\t\t<div class=\"elementor-widget-container\">\n\t\t\t\t\t\t\t\t\t<p><a href=\"https:\/\/www.linkedin.com\/in\/j%C3%BCrg-c-streuli-74a40682\/\" target=\"_blank\" rel=\"noopener\">J\u00fcrg Streuli<\/a>, Directeur g\u00e9n\u00e9ral et directeur de l'institut Fondation Boussole de sant\u00e9 et codirection PACT Ostschweizer Kinderspital<\/p>\t\t\t\t\t\t\t\t<\/div>\n\t\t\t\t<\/div>\n\t\t\t\t<\/div>\n\t\t\t\t<div class=\"elementor-element elementor-element-195a951 elementor-widget elementor-widget-spacer\" data-id=\"195a951\" data-element_type=\"widget\" data-e-type=\"widget\" data-widget_type=\"spacer.default\">\n\t\t\t\t<div class=\"elementor-widget-container\">\n\t\t\t\t\t\t\t<div class=\"elementor-spacer\">\n\t\t\t<div class=\"elementor-spacer-inner\"><\/div>\n\t\t<\/div>\n\t\t\t\t\t\t<\/div>\n\t\t\t\t<\/div>\n\t\t<div class=\"elementor-element elementor-element-30be6f5 e-con-full e-flex e-con e-child\" data-id=\"30be6f5\" data-element_type=\"container\" data-e-type=\"container\">\n\t\t\t\t<div class=\"elementor-element elementor-element-5527704 elementor-widget__width-initial elementor-widget elementor-widget-image\" data-id=\"5527704\" data-element_type=\"widget\" data-e-type=\"widget\" data-widget_type=\"image.default\">\n\t\t\t\t<div class=\"elementor-widget-container\">\n\t\t\t\t\t\t\t\t\t\t\t\t\t\t\t<img loading=\"lazy\" decoding=\"async\" width=\"178\" height=\"176\" src=\"https:\/\/fmc.ch\/wp-content\/uploads\/2024\/02\/Leeres-Profilbild-Frau-klein.jpg\" class=\"attachment-medium size-medium wp-image-7561\" alt=\"\" \/>\t\t\t\t\t\t\t\t\t\t\t\t\t\t\t<\/div>\n\t\t\t\t<\/div>\n\t\t\t\t<div data-dce-text-color=\"#FFFFFF\" class=\"elementor-element elementor-element-20bf513 elementor-widget elementor-widget-text-editor\" data-id=\"20bf513\" data-element_type=\"widget\" data-e-type=\"widget\" data-widget_type=\"text-editor.default\">\n\t\t\t\t<div class=\"elementor-widget-container\">\n\t\t\t\t\t\t\t\t\t<p>Mod\u00e9ration : <a href=\"https:\/\/www.linkedin.com\/in\/susanne-gedamke\/\" target=\"_blank\" rel=\"noopener\">Susanne Gedamke<\/a>, directrice de l'OSP<\/p>\t\t\t\t\t\t\t\t<\/div>\n\t\t\t\t<\/div>\n\t\t\t\t<\/div>\n\t\t\t\t<\/div>\n\t\t\t\t<\/div>\n\t\t\t\t\t<\/div>\n\t\t<\/div>\n\t\t\t\t\t<\/div>\n\t\t<\/section>\n\t\t\t\t<section class=\"elementor-section elementor-top-section elementor-element elementor-element-8f99f7b elementor-section-stretched elementor-section-boxed elementor-section-height-default elementor-section-height-default\" data-id=\"8f99f7b\" data-element_type=\"section\" data-e-type=\"section\" data-settings=\"{&quot;stretch_section&quot;:&quot;section-stretched&quot;,&quot;background_background&quot;:&quot;classic&quot;}\">\n\t\t\t\t\t\t<div class=\"elementor-container elementor-column-gap-default\">\n\t\t\t\t\t<div class=\"elementor-column elementor-col-100 elementor-top-column elementor-element elementor-element-5f00254\" data-id=\"5f00254\" data-element_type=\"column\" data-e-type=\"column\">\n\t\t\t<div class=\"elementor-widget-wrap elementor-element-populated\">\n\t\t\t\t<div data-dce-background-overlay-image-url=\"https:\/\/fmc.ch\/wp-content\/uploads\/2023\/09\/BG-blue-scaled.jpg\" class=\"elementor-element elementor-element-29c9508 e-con-full e-flex e-con e-parent\" data-id=\"29c9508\" data-element_type=\"container\" data-e-type=\"container\" data-settings=\"{&quot;background_background&quot;:&quot;classic&quot;}\">\n\t\t<div class=\"elementor-element elementor-element-3a5c6ba e-con-full e-flex e-con e-child\" data-id=\"3a5c6ba\" data-element_type=\"container\" data-e-type=\"container\">\n\t\t\t\t<\/div>\n\t\t<div class=\"elementor-element elementor-element-5544c59 e-con-full e-flex e-con e-child\" data-id=\"5544c59\" data-element_type=\"container\" data-e-type=\"container\">\n\t\t\t\t<div class=\"elementor-element elementor-element-6f14caa elementor-widget elementor-widget-heading\" data-id=\"6f14caa\" data-element_type=\"widget\" data-e-type=\"widget\" data-widget_type=\"heading.default\">\n\t\t\t\t<div class=\"elementor-widget-container\">\n\t\t\t\t\t<h4 class=\"elementor-heading-title elementor-size-default\">Hometreatement et Hospital@home : quand la psychiatrie et l'h\u00f4pital s'invitent \u00e0 domicile<\/h4>\t\t\t\t<\/div>\n\t\t\t\t<\/div>\n\t\t\t\t<div data-dce-text-color=\"#FFFFFF\" class=\"elementor-element elementor-element-b5af758 elementor-widget elementor-widget-text-editor\" data-id=\"b5af758\" data-element_type=\"widget\" data-e-type=\"widget\" data-widget_type=\"text-editor.default\">\n\t\t\t\t<div class=\"elementor-widget-container\">\n\t\t\t\t\t\t\t\t\t<p>Hometreatement et hospital@home ont tous deux pour objectif de traiter des patients et des patientes en phase aigu\u00eb - qu'il s'agisse de d\u00e9fis ou de maladies psychiques ou physiques - dans leur environnement domestique.<\/p><p>Il existe diff\u00e9rents exemples en Suisse, mais ces offres atteignent-elles les patients pour lesquels elles seraient r\u00e9ellement utiles, ou quels tableaux cliniques se pr\u00eatent-ils \u00e0 ce type d'offres ?<\/p><p>Et s'agit-il vraiment de soins int\u00e9gr\u00e9s au sens d'une collaboration interprofessionnelle entre les prestataires de services hospitaliers, les m\u00e9decins de famille, le personnel soignant, etc. ou d'une extension des prestations hospitali\u00e8res ?<\/p><p>Le sujet sera discut\u00e9 de mani\u00e8re controvers\u00e9e lors d'une table ronde r\u00e9unissant des repr\u00e9sentants du domaine de la sant\u00e9 mentale et de la m\u00e9decine somatique.<\/p>\t\t\t\t\t\t\t\t<\/div>\n\t\t\t\t<\/div>\n\t\t\t\t<\/div>\n\t\t<div class=\"dce-visibility-event elementor-element elementor-element-494d71b e-con-full e-flex e-con e-child\" data-id=\"494d71b\" data-element_type=\"container\" data-e-type=\"container\" data-settings=\"{&quot;enabled_visibility&quot;:&quot;yes&quot;,&quot;dce_visibility_selected&quot;:&quot;hide&quot;}\">\n\t\t<div class=\"elementor-element elementor-element-6198ff5 e-con-full e-flex e-con e-child\" data-id=\"6198ff5\" data-element_type=\"container\" data-e-type=\"container\">\n\t\t\t\t<div class=\"elementor-element elementor-element-17a86c0 elementor-widget__width-initial elementor-widget elementor-widget-image\" data-id=\"17a86c0\" data-element_type=\"widget\" data-e-type=\"widget\" data-widget_type=\"image.default\">\n\t\t\t\t<div class=\"elementor-widget-container\">\n\t\t\t\t\t\t\t\t\t\t\t\t\t\t\t<img loading=\"lazy\" decoding=\"async\" width=\"500\" height=\"500\" src=\"https:\/\/fmc.ch\/wp-content\/uploads\/2026\/04\/Ralf-Gebardt-website.jpg\" class=\"attachment-medium size-medium wp-image-18155\" alt=\"\" srcset=\"https:\/\/fmc.ch\/wp-content\/uploads\/2026\/04\/Ralf-Gebardt-website.jpg 500w, https:\/\/fmc.ch\/wp-content\/uploads\/2026\/04\/Ralf-Gebardt-website-300x300.jpg 300w, https:\/\/fmc.ch\/wp-content\/uploads\/2026\/04\/Ralf-Gebardt-website-12x12.jpg 12w\" sizes=\"(max-width: 500px) 100vw, 500px\" \/>\t\t\t\t\t\t\t\t\t\t\t\t\t\t\t<\/div>\n\t\t\t\t<\/div>\n\t\t\t\t<div data-dce-text-color=\"#FFFFFF\" class=\"elementor-element elementor-element-588d773 elementor-widget elementor-widget-text-editor\" data-id=\"588d773\" data-element_type=\"widget\" data-e-type=\"widget\" data-widget_type=\"text-editor.default\">\n\t\t\t\t<div class=\"elementor-widget-container\">\n\t\t\t\t\t\t\t\t\t<p><span data-olk-copy-source=\"MessageBody\"><a href=\"https:\/\/www.linkedin.com\/in\/ralf-gebhardt-50a112101\/\" target=\"_blank\" rel=\"noopener\">Ralf Gebhardt<\/a>, directeur de l'h\u00f4pital PDT \/ COO Psychiatrie, Services psychiatriques de Thurgovie<\/span><\/p>\t\t\t\t\t\t\t\t<\/div>\n\t\t\t\t<\/div>\n\t\t\t\t<\/div>\n\t\t<div class=\"dce-visibility-event elementor-element elementor-element-99b448b e-con-full e-flex e-con e-child\" data-id=\"99b448b\" data-element_type=\"container\" data-e-type=\"container\" data-settings=\"{&quot;enabled_visibility&quot;:&quot;yes&quot;,&quot;dce_visibility_selected&quot;:&quot;hide&quot;}\">\n\t\t\t\t<div class=\"elementor-element elementor-element-136fbde elementor-widget__width-initial elementor-widget elementor-widget-image\" data-id=\"136fbde\" data-element_type=\"widget\" data-e-type=\"widget\" data-widget_type=\"image.default\">\n\t\t\t\t<div class=\"elementor-widget-container\">\n\t\t\t\t\t\t\t\t\t\t\t\t\t\t\t<img loading=\"lazy\" decoding=\"async\" width=\"479\" height=\"480\" src=\"https:\/\/fmc.ch\/wp-content\/uploads\/2026\/04\/Natalija-Gavrilovic-Haustein.png\" class=\"attachment-medium size-medium wp-image-18154\" alt=\"\" srcset=\"https:\/\/fmc.ch\/wp-content\/uploads\/2026\/04\/Natalija-Gavrilovic-Haustein.png 479w, https:\/\/fmc.ch\/wp-content\/uploads\/2026\/04\/Natalija-Gavrilovic-Haustein-300x300.png 300w, https:\/\/fmc.ch\/wp-content\/uploads\/2026\/04\/Natalija-Gavrilovic-Haustein-12x12.png 12w\" sizes=\"(max-width: 479px) 100vw, 479px\" \/>\t\t\t\t\t\t\t\t\t\t\t\t\t\t\t<\/div>\n\t\t\t\t<\/div>\n\t\t\t\t<div data-dce-text-color=\"#FFFFFF\" class=\"dce-visibility-event elementor-element elementor-element-f0700f0 elementor-widget elementor-widget-text-editor\" data-id=\"f0700f0\" data-element_type=\"widget\" data-e-type=\"widget\" data-settings=\"{&quot;enabled_visibility&quot;:&quot;yes&quot;,&quot;dce_visibility_selected&quot;:&quot;hide&quot;}\" data-widget_type=\"text-editor.default\">\n\t\t\t\t<div class=\"elementor-widget-container\">\n\t\t\t\t\t\t\t\t\t<p><span data-olk-copy-source=\"MessageBody\"><a href=\"https:\/\/www.linkedin.com\/in\/natalija-gavrilovic-haustein-aa9b65299\/\" target=\"_blank\" rel=\"noopener\">Natalija Gavrilovic Haustein<\/a>, M\u00e9decin-chef en psychiatrie pour adultes, Psychiatrie int\u00e9gr\u00e9e Winterthur- Z\u00fcrcher Unterland<\/span><\/p>\t\t\t\t\t\t\t\t<\/div>\n\t\t\t\t<\/div>\n\t\t\t\t<\/div>\n\t\t<div class=\"dce-visibility-event elementor-element elementor-element-0b961d6 e-con-full e-flex e-con e-child\" data-id=\"0b961d6\" data-element_type=\"container\" data-e-type=\"container\" data-settings=\"{&quot;enabled_visibility&quot;:&quot;yes&quot;,&quot;dce_visibility_selected&quot;:&quot;hide&quot;}\">\n\t\t\t\t<div class=\"elementor-element elementor-element-fea6efb elementor-widget__width-initial elementor-widget elementor-widget-image\" data-id=\"fea6efb\" data-element_type=\"widget\" data-e-type=\"widget\" data-widget_type=\"image.default\">\n\t\t\t\t<div class=\"elementor-widget-container\">\n\t\t\t\t\t\t\t\t\t\t\t\t\t\t\t<img loading=\"lazy\" decoding=\"async\" width=\"195\" height=\"195\" src=\"https:\/\/fmc.ch\/wp-content\/uploads\/2024\/02\/Leeres-Profilbild-Mann-klein.jpg\" class=\"attachment-medium size-medium wp-image-7562\" alt=\"\" \/>\t\t\t\t\t\t\t\t\t\t\t\t\t\t\t<\/div>\n\t\t\t\t<\/div>\n\t\t\t\t<div data-dce-text-color=\"#FFFFFF\" class=\"dce-visibility-event elementor-element elementor-element-88f61ec elementor-widget elementor-widget-text-editor\" data-id=\"88f61ec\" data-element_type=\"widget\" data-e-type=\"widget\" data-settings=\"{&quot;enabled_visibility&quot;:&quot;yes&quot;,&quot;dce_visibility_selected&quot;:&quot;hide&quot;}\" data-widget_type=\"text-editor.default\">\n\t\t\t\t<div class=\"elementor-widget-container\">\n\t\t\t\t\t\t\t\t\t<p><a href=\"https:\/\/www.linkedin.com\/in\/abraham-licht-95a68a19\/\" target=\"_blank\" rel=\"noopener\">Abraham Lumi\u00e8re<\/a>, m\u00e9decin-chef du centre d'urgence, clinique Hirslanden<\/p>\t\t\t\t\t\t\t\t<\/div>\n\t\t\t\t<\/div>\n\t\t\t\t<\/div>\n\t\t\t\t<div class=\"elementor-element elementor-element-7351417 elementor-widget elementor-widget-spacer\" data-id=\"7351417\" data-element_type=\"widget\" data-e-type=\"widget\" data-widget_type=\"spacer.default\">\n\t\t\t\t<div class=\"elementor-widget-container\">\n\t\t\t\t\t\t\t<div class=\"elementor-spacer\">\n\t\t\t<div class=\"elementor-spacer-inner\"><\/div>\n\t\t<\/div>\n\t\t\t\t\t\t<\/div>\n\t\t\t\t<\/div>\n\t\t<div class=\"dce-visibility-event elementor-element elementor-element-a81c651 e-con-full e-flex e-con e-child\" data-id=\"a81c651\" data-element_type=\"container\" data-e-type=\"container\" data-settings=\"{&quot;enabled_visibility&quot;:&quot;yes&quot;,&quot;dce_visibility_selected&quot;:&quot;hide&quot;}\">\n\t\t\t\t<div class=\"elementor-element elementor-element-2818bd0 elementor-widget__width-initial elementor-widget elementor-widget-image\" data-id=\"2818bd0\" data-element_type=\"widget\" data-e-type=\"widget\" data-widget_type=\"image.default\">\n\t\t\t\t<div class=\"elementor-widget-container\">\n\t\t\t\t\t\t\t\t\t\t\t\t\t\t\t<img loading=\"lazy\" decoding=\"async\" width=\"500\" height=\"500\" src=\"https:\/\/fmc.ch\/wp-content\/uploads\/2026\/04\/Kupferschmid-website.jpg\" class=\"attachment-medium size-medium wp-image-18153\" alt=\"\" srcset=\"https:\/\/fmc.ch\/wp-content\/uploads\/2026\/04\/Kupferschmid-website.jpg 500w, https:\/\/fmc.ch\/wp-content\/uploads\/2026\/04\/Kupferschmid-website-300x300.jpg 300w, https:\/\/fmc.ch\/wp-content\/uploads\/2026\/04\/Kupferschmid-website-12x12.jpg 12w\" sizes=\"(max-width: 500px) 100vw, 500px\" \/>\t\t\t\t\t\t\t\t\t\t\t\t\t\t\t<\/div>\n\t\t\t\t<\/div>\n\t\t\t\t<div data-dce-text-color=\"#FFFFFF\" class=\"dce-visibility-event elementor-element elementor-element-47ee4d0 elementor-widget elementor-widget-text-editor\" data-id=\"47ee4d0\" data-element_type=\"widget\" data-e-type=\"widget\" data-settings=\"{&quot;enabled_visibility&quot;:&quot;yes&quot;,&quot;dce_visibility_selected&quot;:&quot;hide&quot;}\" data-widget_type=\"text-editor.default\">\n\t\t\t\t<div class=\"elementor-widget-container\">\n\t\t\t\t\t\t\t\t\t<p><a href=\"https:\/\/www.linkedin.com\/in\/stephan-kupferschmid-a5aa1366\/\" target=\"_blank\" rel=\"noopener\">Stepahn Kupferschmid<\/a>, <span data-olk-copy-source=\"MessageBody\">M\u00e9decin-chef, membre de la direction, Privatklinik Meiringen AG<\/span><\/p>\t\t\t\t\t\t\t\t<\/div>\n\t\t\t\t<\/div>\n\t\t\t\t<\/div>\n\t\t\t\t<\/div>\n\t\t\t\t<\/div>\n\t\t\t\t\t<\/div>\n\t\t<\/div>\n\t\t\t\t\t<\/div>\n\t\t<\/section>\n\t\t\t\t<section class=\"elementor-section elementor-top-section elementor-element elementor-element-edf4ed2 elementor-section-stretched elementor-section-boxed elementor-section-height-default elementor-section-height-default\" data-id=\"edf4ed2\" data-element_type=\"section\" data-e-type=\"section\" data-settings=\"{&quot;stretch_section&quot;:&quot;section-stretched&quot;}\">\n\t\t\t\t\t\t<div class=\"elementor-container elementor-column-gap-default\">\n\t\t\t\t\t<div data-dce-background-image-url=\"https:\/\/fmc.ch\/wp-content\/uploads\/2023\/09\/BG-blue-scaled.jpg\" class=\"elementor-column elementor-col-100 elementor-top-column elementor-element elementor-element-cb9e640\" data-id=\"cb9e640\" data-element_type=\"column\" data-e-type=\"column\" data-settings=\"{&quot;background_background&quot;:&quot;classic&quot;}\">\n\t\t\t<div class=\"elementor-widget-wrap elementor-element-populated\">\n\t\t\t\t<div data-dce-background-overlay-image-url=\"https:\/\/fmc.ch\/wp-content\/uploads\/2023\/09\/BG-blue-scaled.jpg\" class=\"elementor-element elementor-element-88289ee e-con-full e-flex e-con e-parent\" data-id=\"88289ee\" data-element_type=\"container\" data-e-type=\"container\" data-settings=\"{&quot;background_background&quot;:&quot;classic&quot;}\">\n\t\t<div class=\"elementor-element elementor-element-965646a e-con-full e-flex e-con e-child\" data-id=\"965646a\" data-element_type=\"container\" data-e-type=\"container\">\n\t\t\t\t<\/div>\n\t\t<div class=\"elementor-element elementor-element-5abc519 e-con-full e-flex e-con e-child\" data-id=\"5abc519\" data-element_type=\"container\" data-e-type=\"container\">\n\t\t\t\t<div class=\"elementor-element elementor-element-a11b832 elementor-widget elementor-widget-heading\" data-id=\"a11b832\" data-element_type=\"widget\" data-e-type=\"widget\" data-widget_type=\"heading.default\">\n\t\t\t\t<div class=\"elementor-widget-container\">\n\t\t\t\t\t<h4 class=\"elementor-heading-title elementor-size-default\">Patients et patientes dans des situations de soins complexes : Les soins int\u00e9gr\u00e9s, une r\u00e9ponse adapt\u00e9e !<\/h4>\t\t\t\t<\/div>\n\t\t\t\t<\/div>\n\t\t\t\t<div data-dce-text-color=\"#FFFFFF\" class=\"elementor-element elementor-element-29cddc2 elementor-widget elementor-widget-text-editor\" data-id=\"29cddc2\" data-element_type=\"widget\" data-e-type=\"widget\" data-widget_type=\"text-editor.default\">\n\t\t\t\t<div class=\"elementor-widget-container\">\n\t\t\t\t\t\t\t\t\t<p><style>\na {<br \/>\n    text-decoration: none;<br \/>\n    color: #464feb;<br \/>\n}<br \/>\ntr th, tr td {<br \/>\n    border: 1px solid #e6e6e6;<br \/>\n}<br \/>\ntr th {<br \/>\n    background-color: #f5f5f5;<br \/>\n}<br \/>\n<\/style><\/p><div>Suite \u00e0 la s\u00e9ance pl\u00e9ni\u00e8re du matin, cet atelier participatif vise \u00e0 pr\u00e9ciser les cadres fondamentaux indispensables \u00e0 la gestion des situations complexes en \u00e9quipe interprofessionnelle.<br \/>En fonction des besoins et de l'expertise des participants, des \u00e9l\u00e9ments tels que les aspects financiers et juridiques, les processus interprofessionnels, les outils num\u00e9riques, les comp\u00e9tences, la gestion du changement, etc. peuvent \u00eatre abord\u00e9s.<\/div>\t\t\t\t\t\t\t\t<\/div>\n\t\t\t\t<\/div>\n\t\t\t\t<\/div>\n\t\t<div class=\"elementor-element elementor-element-93e5064 e-con-full e-flex e-con e-child\" data-id=\"93e5064\" data-element_type=\"container\" data-e-type=\"container\">\n\t\t<div class=\"elementor-element elementor-element-5a648ed e-con-full e-flex e-con e-child\" data-id=\"5a648ed\" data-element_type=\"container\" data-e-type=\"container\">\n\t\t\t\t<div class=\"elementor-element elementor-element-4726110 elementor-widget__width-initial elementor-widget elementor-widget-image\" data-id=\"4726110\" data-element_type=\"widget\" data-e-type=\"widget\" data-widget_type=\"image.default\">\n\t\t\t\t<div class=\"elementor-widget-container\">\n\t\t\t\t\t\t\t\t\t\t\t\t\t\t\t<img loading=\"lazy\" decoding=\"async\" width=\"600\" height=\"600\" src=\"https:\/\/fmc.ch\/wp-content\/uploads\/2023\/09\/Wer-wir-sind_Vorstandsmitglied-Severine-Schussele_website-600x600.jpg\" class=\"attachment-medium size-medium wp-image-922\" alt=\"\" srcset=\"https:\/\/fmc.ch\/wp-content\/uploads\/2023\/09\/Wer-wir-sind_Vorstandsmitglied-Severine-Schussele_website-600x600.jpg 600w, https:\/\/fmc.ch\/wp-content\/uploads\/2023\/09\/Wer-wir-sind_Vorstandsmitglied-Severine-Schussele_website-300x300.jpg 300w, https:\/\/fmc.ch\/wp-content\/uploads\/2023\/09\/Wer-wir-sind_Vorstandsmitglied-Severine-Schussele_website-768x768.jpg 768w, https:\/\/fmc.ch\/wp-content\/uploads\/2023\/09\/Wer-wir-sind_Vorstandsmitglied-Severine-Schussele_website.jpg 800w\" sizes=\"(max-width: 600px) 100vw, 600px\" \/>\t\t\t\t\t\t\t\t\t\t\t\t\t\t\t<\/div>\n\t\t\t\t<\/div>\n\t\t\t\t<div data-dce-text-color=\"#FFFFFF\" class=\"elementor-element elementor-element-c423f53 elementor-widget elementor-widget-text-editor\" data-id=\"c423f53\" data-element_type=\"widget\" data-e-type=\"widget\" data-widget_type=\"text-editor.default\">\n\t\t\t\t<div class=\"elementor-widget-container\">\n\t\t\t\t\t\t\t\t\t<p><span data-olk-copy-source=\"MessageBody\">Sont pr\u00e9sents:<\/span><\/p><p class=\"elementor-heading-title elementor-size-default\"><a href=\"https:\/\/www.linkedin.com\/in\/severineschusselefilliettaz\/\" target=\"_blank\" rel=\"noopener\">S\u00e9verine Schussel\u00e9 Filliettaz<\/a>, ma\u00eetre d'enseignement \u00e0 l'Institut et Haute Ecole de la Sant\u00e9 La Source<\/p>\t\t\t\t\t\t\t\t<\/div>\n\t\t\t\t<\/div>\n\t\t\t\t<\/div>\n\t\t<div class=\"elementor-element elementor-element-67aced5 e-con-full e-flex e-con e-child\" data-id=\"67aced5\" data-element_type=\"container\" data-e-type=\"container\">\n\t\t\t\t<div class=\"elementor-element elementor-element-f799fcb elementor-widget__width-initial elementor-widget elementor-widget-image\" data-id=\"f799fcb\" data-element_type=\"widget\" data-e-type=\"widget\" data-widget_type=\"image.default\">\n\t\t\t\t<div class=\"elementor-widget-container\">\n\t\t\t\t\t\t\t\t\t\t\t\t\t\t\t<img loading=\"lazy\" decoding=\"async\" width=\"200\" height=\"200\" src=\"https:\/\/fmc.ch\/wp-content\/uploads\/2024\/04\/Symposium-2024_Nicolas-Perone_website.png\" class=\"attachment-medium size-medium wp-image-9445\" alt=\"\" \/>\t\t\t\t\t\t\t\t\t\t\t\t\t\t\t<\/div>\n\t\t\t\t<\/div>\n\t\t\t\t<div data-dce-text-color=\"#FFFFFF\" class=\"elementor-element elementor-element-c5afab7 elementor-widget elementor-widget-text-editor\" data-id=\"c5afab7\" data-element_type=\"widget\" data-e-type=\"widget\" data-widget_type=\"text-editor.default\">\n\t\t\t\t<div class=\"elementor-widget-container\">\n\t\t\t\t\t\t\t\t\t<p><a href=\"https:\/\/www.linkedin.com\/in\/nicolas-perone-6634367\/\" target=\"_blank\" rel=\"noopener\">Nicolas Perrone<\/a>, M\u00e9decin chez Arsent\u00e9, charg\u00e9 de cours \u00e0 l'Universit\u00e9 de Gen\u00e8ve et m\u00e9decin sp\u00e9cialiste chez SOKLE.<\/p>\t\t\t\t\t\t\t\t<\/div>\n\t\t\t\t<\/div>\n\t\t\t\t<\/div>\n\t\t\t\t<div class=\"elementor-element elementor-element-cc24b5a elementor-widget elementor-widget-spacer\" data-id=\"cc24b5a\" data-element_type=\"widget\" data-e-type=\"widget\" data-widget_type=\"spacer.default\">\n\t\t\t\t<div class=\"elementor-widget-container\">\n\t\t\t\t\t\t\t<div class=\"elementor-spacer\">\n\t\t\t<div class=\"elementor-spacer-inner\"><\/div>\n\t\t<\/div>\n\t\t\t\t\t\t<\/div>\n\t\t\t\t<\/div>\n\t\t<div class=\"elementor-element elementor-element-f0e96e0 e-con-full e-flex e-con e-child\" data-id=\"f0e96e0\" data-element_type=\"container\" data-e-type=\"container\">\n\t\t\t\t<div data-dce-text-color=\"#FFFFFF\" class=\"elementor-element elementor-element-dbfc0cf elementor-widget elementor-widget-text-editor\" data-id=\"dbfc0cf\" data-element_type=\"widget\" data-e-type=\"widget\" data-widget_type=\"text-editor.default\">\n\t\t\t\t<div class=\"elementor-widget-container\">\n\t\t\t\t\t\t\t\t\t<p>Cette session se d\u00e9roulera en fran\u00e7ais.<\/p>\t\t\t\t\t\t\t\t<\/div>\n\t\t\t\t<\/div>\n\t\t\t\t<\/div>\n\t\t\t\t<\/div>\n\t\t\t\t<\/div>\n\t\t\t\t\t<\/div>\n\t\t<\/div>\n\t\t\t\t\t<\/div>\n\t\t<\/section>\n\t\t\t\t<section class=\"elementor-section elementor-top-section elementor-element elementor-element-2f4eb77 elementor-section-stretched elementor-section-boxed elementor-section-height-default elementor-section-height-default\" data-id=\"2f4eb77\" data-element_type=\"section\" data-e-type=\"section\" data-settings=\"{&quot;stretch_section&quot;:&quot;section-stretched&quot;,&quot;background_background&quot;:&quot;classic&quot;}\">\n\t\t\t\t\t\t<div class=\"elementor-container elementor-column-gap-default\">\n\t\t\t\t\t<div class=\"elementor-column elementor-col-100 elementor-top-column elementor-element elementor-element-389dcba\" data-id=\"389dcba\" data-element_type=\"column\" data-e-type=\"column\">\n\t\t\t<div class=\"elementor-widget-wrap elementor-element-populated\">\n\t\t\t\t<div data-dce-background-overlay-image-url=\"https:\/\/fmc.ch\/wp-content\/uploads\/2023\/09\/BG-blue-scaled.jpg\" class=\"elementor-element elementor-element-9a6c7a2 e-con-full e-flex e-con e-parent\" data-id=\"9a6c7a2\" data-element_type=\"container\" data-e-type=\"container\" data-settings=\"{&quot;background_background&quot;:&quot;classic&quot;}\">\n\t\t<div class=\"elementor-element elementor-element-2b6e676 e-con-full e-flex e-con e-child\" data-id=\"2b6e676\" data-element_type=\"container\" data-e-type=\"container\">\n\t\t\t\t<\/div>\n\t\t<div class=\"elementor-element elementor-element-adcf127 e-con-full e-flex e-con e-child\" data-id=\"adcf127\" data-element_type=\"container\" data-e-type=\"container\">\n\t\t\t\t<div class=\"elementor-element elementor-element-5ca778f elementor-widget elementor-widget-heading\" data-id=\"5ca778f\" data-element_type=\"widget\" data-e-type=\"widget\" data-widget_type=\"heading.default\">\n\t\t\t\t<div class=\"elementor-widget-container\">\n\t\t\t\t\t<h4 class=\"elementor-heading-title elementor-size-default\">Espace d'\u00e9change pour les coordinations sant\u00e9 et social<\/h4>\t\t\t\t<\/div>\n\t\t\t\t<\/div>\n\t\t\t\t<div data-dce-text-color=\"#FFFFFF\" class=\"elementor-element elementor-element-ce87de4 elementor-widget elementor-widget-text-editor\" data-id=\"ce87de4\" data-element_type=\"widget\" data-e-type=\"widget\" data-widget_type=\"text-editor.default\">\n\t\t\t\t<div class=\"elementor-widget-container\">\n\t\t\t\t\t\t\t\t\t<p>\u00a0<\/p><p>Les centres de coordination \u00e0 l'interface entre la sant\u00e9 et le social peuvent soutenir les patients dans des situations de soins complexes. En effet, ces personnes sont confront\u00e9es \u00e0 des d\u00e9fis de diff\u00e9rentes natures : m\u00e9dicaux, psychiques et sociaux.<\/p><p>En cr\u00e9ant un \u00e9change entre les diff\u00e9rents centres de coordination existants lors du symposium, nous souhaitons :<\/p><ul><li>Mettre en r\u00e9seau les centres de coordination existants<\/li><li>Donner aux centres de coordination existants la possibilit\u00e9 d'apprendre les uns des autres<\/li><li>Faire conna\u00eetre \u00e0 un plus large public les diff\u00e9rentes formes de points de contact, de coordination et d'interface.<\/li><\/ul><p>Comme il s'agit d'un lieu d'\u00e9change, aucun intervenant n'est indiqu\u00e9.<\/p><p>Cette r\u00e9union n'a lieu qu'une seule fois et dure tout l'apr\u00e8s-midi.<\/p>\t\t\t\t\t\t\t\t<\/div>\n\t\t\t\t<\/div>\n\t\t\t\t<\/div>\n\t\t\t\t<\/div>\n\t\t\t\t\t<\/div>\n\t\t<\/div>\n\t\t\t\t\t<\/div>\n\t\t<\/section>\n\t\t<div class=\"elementor-element elementor-element-bed3285 e-flex e-con-boxed e-con e-parent\" data-id=\"bed3285\" data-element_type=\"container\" data-e-type=\"container\">\n\t\t\t\t\t<div class=\"e-con-inner\">\n\t\t\t\t<div class=\"elementor-element elementor-element-1223d1e elementor-widget elementor-widget-spacer\" data-id=\"1223d1e\" data-element_type=\"widget\" data-e-type=\"widget\" data-widget_type=\"spacer.default\">\n\t\t\t\t<div class=\"elementor-widget-container\">\n\t\t\t\t\t\t\t<div class=\"elementor-spacer\">\n\t\t\t<div class=\"elementor-spacer-inner\"><\/div>\n\t\t<\/div>\n\t\t\t\t\t\t<\/div>\n\t\t\t\t<\/div>\n\t\t\t\t<div class=\"elementor-element elementor-element-3c710c9 elementor-widget elementor-widget-button\" data-id=\"3c710c9\" data-element_type=\"widget\" data-e-type=\"widget\" data-widget_type=\"button.default\">\n\t\t\t\t<div class=\"elementor-widget-container\">\n\t\t\t\t\t\t\t\t\t<div class=\"elementor-button-wrapper\">\n\t\t\t\t\t<a class=\"elementor-button elementor-button-link elementor-size-sm\" href=\"https:\/\/fmc.ch\/wp-content\/uploads\/2026\/03\/Programme-du-symposium-national-des-soins-integres-2026-1.pdf\" target=\"_blank\">\n\t\t\t\t\t\t<span class=\"elementor-button-content-wrapper\">\n\t\t\t\t\t\t\t\t\t<span class=\"elementor-button-text\">Vous trouverez ici le programme en pdf<\/span>\n\t\t\t\t\t<\/span>\n\t\t\t\t\t<\/a>\n\t\t\t\t<\/div>\n\t\t\t\t\t\t\t\t<\/div>\n\t\t\t\t<\/div>\n\t\t\t\t\t<\/div>\n\t\t\t\t<\/div>\n\t\t<div class=\"elementor-element elementor-element-26fc29e e-flex e-con-boxed e-con e-parent\" data-id=\"26fc29e\" data-element_type=\"container\" data-e-type=\"container\">\n\t\t\t\t\t<div class=\"e-con-inner\">\n\t\t\t\t<div class=\"elementor-element elementor-element-0836a2b elementor-widget elementor-widget-button\" data-id=\"0836a2b\" data-element_type=\"widget\" data-e-type=\"widget\" data-widget_type=\"button.default\">\n\t\t\t\t<div class=\"elementor-widget-container\">\n\t\t\t\t\t\t\t\t\t<div class=\"elementor-button-wrapper\">\n\t\t\t\t\t<a class=\"elementor-button elementor-button-link elementor-size-sm\" href=\"https:\/\/form.jotform.com\/260594090713356\" target=\"_blank\">\n\t\t\t\t\t\t<span class=\"elementor-button-content-wrapper\">\n\t\t\t\t\t\t\t\t\t<span class=\"elementor-button-text\">Pour les inscriptions c'est par ici<\/span>\n\t\t\t\t\t<\/span>\n\t\t\t\t\t<\/a>\n\t\t\t\t<\/div>\n\t\t\t\t\t\t\t\t<\/div>\n\t\t\t\t<\/div>\n\t\t\t\t\t<\/div>\n\t\t\t\t<\/div>\n\t\t\t\t<\/div>","protected":false},"excerpt":{"rendered":"<p>Programm und Referent:innen Je nach Einstieg in den Tag empfangen Sie um 9h00 unterschiedliche Referentinnen und Referenten Hier finden Sie das provisorische Programm als pdf KVG Art. 56a &amp; Versorgungsmanagement 2.0 &#8211; Die synergetische Zusammenarbeit zw. Krankenversicherung und Managed Care-Organisation \u00a0 Mit dem Inkrafttreten des KVG Art. 56a kommt es zu einer grundlegenden Ver\u00e4nderung der [&hellip;]<\/p>\n","protected":false},"author":8,"featured_media":0,"parent":14071,"menu_order":0,"comment_status":"closed","ping_status":"closed","template":"","meta":{"footnotes":""},"class_list":["post-9338","page","type-page","status-publish","hentry"],"yoast_head":"<!-- This site is optimized with the Yoast SEO plugin v27.5 - https:\/\/yoast.com\/product\/yoast-seo-wordpress\/ -->\n<title>Programm &amp; Referent:innen - FMC<\/title>\n<meta name=\"description\" content=\"Programm und Referent:innen des Symposiums\" \/>\n<meta name=\"robots\" content=\"index, follow, max-snippet:-1, max-image-preview:large, max-video-preview:-1\" \/>\n<link rel=\"canonical\" href=\"https:\/\/fmc.ch\/fr\/symposium-des-soins-integres\/programme-et-intervenantes-du-symposium\/\" \/>\n<meta property=\"og:locale\" content=\"fr_FR\" \/>\n<meta property=\"og:type\" content=\"article\" \/>\n<meta property=\"og:title\" content=\"Programm &amp; Referent:innen - FMC\" \/>\n<meta property=\"og:description\" content=\"Programm und Referent:innen des Symposiums\" \/>\n<meta property=\"og:url\" content=\"https:\/\/fmc.ch\/fr\/symposium-des-soins-integres\/programme-et-intervenantes-du-symposium\/\" \/>\n<meta property=\"og:site_name\" content=\"FMC\" \/>\n<meta property=\"article:modified_time\" content=\"2026-04-27T06:55:30+00:00\" \/>\n<meta name=\"twitter:card\" content=\"summary_large_image\" \/>\n<meta name=\"twitter:label1\" content=\"Dur\u00e9e de lecture estim\u00e9e\" \/>\n\t<meta name=\"twitter:data1\" content=\"17 minutes\" \/>\n<script type=\"application\/ld+json\" class=\"yoast-schema-graph\">{\"@context\":\"https:\\\/\\\/schema.org\",\"@graph\":[{\"@type\":\"WebPage\",\"@id\":\"https:\\\/\\\/fmc.ch\\\/symposium-integrierte-versorgung\\\/programm-und-referentinnen-des-symposiums\\\/\",\"url\":\"https:\\\/\\\/fmc.ch\\\/symposium-integrierte-versorgung\\\/programm-und-referentinnen-des-symposiums\\\/\",\"name\":\"Programm &amp; Referent:innen - FMC\",\"isPartOf\":{\"@id\":\"https:\\\/\\\/fmc.ch\\\/#website\"},\"primaryImageOfPage\":{\"@id\":\"https:\\\/\\\/fmc.ch\\\/symposium-integrierte-versorgung\\\/programm-und-referentinnen-des-symposiums\\\/#primaryimage\"},\"image\":{\"@id\":\"https:\\\/\\\/fmc.ch\\\/symposium-integrierte-versorgung\\\/programm-und-referentinnen-des-symposiums\\\/#primaryimage\"},\"thumbnailUrl\":\"https:\\\/\\\/fmc.ch\\\/wp-content\\\/uploads\\\/2023\\\/09\\\/Symposium_08_Referent-innen_weiss.svg\",\"datePublished\":\"2024-04-05T13:53:50+00:00\",\"dateModified\":\"2026-04-27T06:55:30+00:00\",\"description\":\"Programm und Referent:innen des Symposiums\",\"breadcrumb\":{\"@id\":\"https:\\\/\\\/fmc.ch\\\/symposium-integrierte-versorgung\\\/programm-und-referentinnen-des-symposiums\\\/#breadcrumb\"},\"inLanguage\":\"fr-FR\",\"potentialAction\":[{\"@type\":\"ReadAction\",\"target\":[\"https:\\\/\\\/fmc.ch\\\/symposium-integrierte-versorgung\\\/programm-und-referentinnen-des-symposiums\\\/\"]}]},{\"@type\":\"ImageObject\",\"inLanguage\":\"fr-FR\",\"@id\":\"https:\\\/\\\/fmc.ch\\\/symposium-integrierte-versorgung\\\/programm-und-referentinnen-des-symposiums\\\/#primaryimage\",\"url\":\"https:\\\/\\\/fmc.ch\\\/wp-content\\\/uploads\\\/2023\\\/09\\\/Symposium_08_Referent-innen_weiss.svg\",\"contentUrl\":\"https:\\\/\\\/fmc.ch\\\/wp-content\\\/uploads\\\/2023\\\/09\\\/Symposium_08_Referent-innen_weiss.svg\"},{\"@type\":\"BreadcrumbList\",\"@id\":\"https:\\\/\\\/fmc.ch\\\/symposium-integrierte-versorgung\\\/programm-und-referentinnen-des-symposiums\\\/#breadcrumb\",\"itemListElement\":[{\"@type\":\"ListItem\",\"position\":1,\"name\":\"Home\",\"item\":\"https:\\\/\\\/fmc.ch\\\/\"},{\"@type\":\"ListItem\",\"position\":2,\"name\":\"Nationales Symposium Integrierte Versorgung\",\"item\":\"https:\\\/\\\/fmc.ch\\\/symposium-integrierte-versorgung\\\/\"},{\"@type\":\"ListItem\",\"position\":3,\"name\":\"Programm &amp; Referent:innen\"}]},{\"@type\":\"WebSite\",\"@id\":\"https:\\\/\\\/fmc.ch\\\/#website\",\"url\":\"https:\\\/\\\/fmc.ch\\\/\",\"name\":\"FMC\",\"description\":\"Schweizer Forum f\u00fcr Integrierte Versorgung\",\"publisher\":{\"@id\":\"https:\\\/\\\/fmc.ch\\\/#organization\"},\"potentialAction\":[{\"@type\":\"SearchAction\",\"target\":{\"@type\":\"EntryPoint\",\"urlTemplate\":\"https:\\\/\\\/fmc.ch\\\/?s={search_term_string}\"},\"query-input\":{\"@type\":\"PropertyValueSpecification\",\"valueRequired\":true,\"valueName\":\"search_term_string\"}}],\"inLanguage\":\"fr-FR\"},{\"@type\":\"Organization\",\"@id\":\"https:\\\/\\\/fmc.ch\\\/#organization\",\"name\":\"FMC\",\"url\":\"https:\\\/\\\/fmc.ch\\\/\",\"logo\":{\"@type\":\"ImageObject\",\"inLanguage\":\"fr-FR\",\"@id\":\"https:\\\/\\\/fmc.ch\\\/#\\\/schema\\\/logo\\\/image\\\/\",\"url\":\"https:\\\/\\\/fmc.ch\\\/wp-content\\\/uploads\\\/2023\\\/09\\\/fmc-logo.svg\",\"contentUrl\":\"https:\\\/\\\/fmc.ch\\\/wp-content\\\/uploads\\\/2023\\\/09\\\/fmc-logo.svg\",\"caption\":\"FMC\"},\"image\":{\"@id\":\"https:\\\/\\\/fmc.ch\\\/#\\\/schema\\\/logo\\\/image\\\/\"}}]}<\/script>\n<!-- \/ Yoast SEO plugin. -->","yoast_head_json":{"title":"Programme &amp; intervenants:internes - FMC","description":"Programme et intervenants du symposium","robots":{"index":"index","follow":"follow","max-snippet":"max-snippet:-1","max-image-preview":"max-image-preview:large","max-video-preview":"max-video-preview:-1"},"canonical":"https:\/\/fmc.ch\/fr\/symposium-des-soins-integres\/programme-et-intervenantes-du-symposium\/","og_locale":"fr_FR","og_type":"article","og_title":"Programm &amp; Referent:innen - FMC","og_description":"Programm und Referent:innen des Symposiums","og_url":"https:\/\/fmc.ch\/fr\/symposium-des-soins-integres\/programme-et-intervenantes-du-symposium\/","og_site_name":"FMC","article_modified_time":"2026-04-27T06:55:30+00:00","twitter_card":"summary_large_image","twitter_misc":{"Dur\u00e9e de lecture estim\u00e9e":"17 minutes"},"schema":{"@context":"https:\/\/schema.org","@graph":[{"@type":"WebPage","@id":"https:\/\/fmc.ch\/symposium-integrierte-versorgung\/programm-und-referentinnen-des-symposiums\/","url":"https:\/\/fmc.ch\/symposium-integrierte-versorgung\/programm-und-referentinnen-des-symposiums\/","name":"Programme &amp; intervenants:internes - FMC","isPartOf":{"@id":"https:\/\/fmc.ch\/#website"},"primaryImageOfPage":{"@id":"https:\/\/fmc.ch\/symposium-integrierte-versorgung\/programm-und-referentinnen-des-symposiums\/#primaryimage"},"image":{"@id":"https:\/\/fmc.ch\/symposium-integrierte-versorgung\/programm-und-referentinnen-des-symposiums\/#primaryimage"},"thumbnailUrl":"https:\/\/fmc.ch\/wp-content\/uploads\/2023\/09\/Symposium_08_Referent-innen_weiss.svg","datePublished":"2024-04-05T13:53:50+00:00","dateModified":"2026-04-27T06:55:30+00:00","description":"Programme et intervenants du symposium","breadcrumb":{"@id":"https:\/\/fmc.ch\/symposium-integrierte-versorgung\/programm-und-referentinnen-des-symposiums\/#breadcrumb"},"inLanguage":"fr-FR","potentialAction":[{"@type":"ReadAction","target":["https:\/\/fmc.ch\/symposium-integrierte-versorgung\/programm-und-referentinnen-des-symposiums\/"]}]},{"@type":"ImageObject","inLanguage":"fr-FR","@id":"https:\/\/fmc.ch\/symposium-integrierte-versorgung\/programm-und-referentinnen-des-symposiums\/#primaryimage","url":"https:\/\/fmc.ch\/wp-content\/uploads\/2023\/09\/Symposium_08_Referent-innen_weiss.svg","contentUrl":"https:\/\/fmc.ch\/wp-content\/uploads\/2023\/09\/Symposium_08_Referent-innen_weiss.svg"},{"@type":"BreadcrumbList","@id":"https:\/\/fmc.ch\/symposium-integrierte-versorgung\/programm-und-referentinnen-des-symposiums\/#breadcrumb","itemListElement":[{"@type":"ListItem","position":1,"name":"Home","item":"https:\/\/fmc.ch\/"},{"@type":"ListItem","position":2,"name":"Nationales Symposium Integrierte Versorgung","item":"https:\/\/fmc.ch\/symposium-integrierte-versorgung\/"},{"@type":"ListItem","position":3,"name":"Programm &amp; Referent:innen"}]},{"@type":"WebSite","@id":"https:\/\/fmc.ch\/#website","url":"https:\/\/fmc.ch\/","name":"FMC","description":"Forum suisse des soins int\u00e9gr\u00e9s","publisher":{"@id":"https:\/\/fmc.ch\/#organization"},"potentialAction":[{"@type":"SearchAction","target":{"@type":"EntryPoint","urlTemplate":"https:\/\/fmc.ch\/?s={search_term_string}"},"query-input":{"@type":"PropertyValueSpecification","valueRequired":true,"valueName":"search_term_string"}}],"inLanguage":"fr-FR"},{"@type":"Organization","@id":"https:\/\/fmc.ch\/#organization","name":"FMC","url":"https:\/\/fmc.ch\/","logo":{"@type":"ImageObject","inLanguage":"fr-FR","@id":"https:\/\/fmc.ch\/#\/schema\/logo\/image\/","url":"https:\/\/fmc.ch\/wp-content\/uploads\/2023\/09\/fmc-logo.svg","contentUrl":"https:\/\/fmc.ch\/wp-content\/uploads\/2023\/09\/fmc-logo.svg","caption":"FMC"},"image":{"@id":"https:\/\/fmc.ch\/#\/schema\/logo\/image\/"}}]}},"_links":{"self":[{"href":"https:\/\/fmc.ch\/fr\/wp-json\/wp\/v2\/pages\/9338","targetHints":{"allow":["GET"]}}],"collection":[{"href":"https:\/\/fmc.ch\/fr\/wp-json\/wp\/v2\/pages"}],"about":[{"href":"https:\/\/fmc.ch\/fr\/wp-json\/wp\/v2\/types\/page"}],"author":[{"embeddable":true,"href":"https:\/\/fmc.ch\/fr\/wp-json\/wp\/v2\/users\/8"}],"replies":[{"embeddable":true,"href":"https:\/\/fmc.ch\/fr\/wp-json\/wp\/v2\/comments?post=9338"}],"version-history":[{"count":1347,"href":"https:\/\/fmc.ch\/fr\/wp-json\/wp\/v2\/pages\/9338\/revisions"}],"predecessor-version":[{"id":18291,"href":"https:\/\/fmc.ch\/fr\/wp-json\/wp\/v2\/pages\/9338\/revisions\/18291"}],"up":[{"embeddable":true,"href":"https:\/\/fmc.ch\/fr\/wp-json\/wp\/v2\/pages\/14071"}],"wp:attachment":[{"href":"https:\/\/fmc.ch\/fr\/wp-json\/wp\/v2\/media?parent=9338"}],"curies":[{"name":"wp","href":"https:\/\/api.w.org\/{rel}","templated":true}]}}