{"id":14071,"date":"2025-02-12T12:18:45","date_gmt":"2025-02-12T11:18:45","guid":{"rendered":"https:\/\/fmc.ch\/?page_id=14071"},"modified":"2026-04-23T14:00:55","modified_gmt":"2026-04-23T13:00:55","slug":"symposium-des-soins-integres","status":"publish","type":"page","link":"https:\/\/fmc.ch\/fr\/symposium-integrierte-versorgung\/","title":{"rendered":"Symposium national des soins int\u00e9gr\u00e9s"},"content":{"rendered":"<div data-elementor-type=\"wp-page\" data-elementor-id=\"14071\" class=\"elementor elementor-14071\" data-elementor-post-type=\"page\">\n\t\t\t\t<div data-dce-background-image-url=\"https:\/\/fmc.ch\/wp-content\/uploads\/2023\/09\/BG-blue-scaled.jpg\" class=\"elementor-element elementor-element-f1f1fb5 e-flex e-con-boxed e-con e-parent\" data-id=\"f1f1fb5\" data-element_type=\"container\" data-e-type=\"container\" data-settings=\"{&quot;background_background&quot;:&quot;classic&quot;}\">\n\t\t\t\t\t<div class=\"e-con-inner\">\n\t\t<div class=\"elementor-element elementor-element-4543fe2 e-con-full e-flex e-con e-child\" data-id=\"4543fe2\" data-element_type=\"container\" data-e-type=\"container\">\n\t\t\t\t<div class=\"elementor-element elementor-element-6b49bbb elementor-widget__width-initial elementor-widget elementor-widget-image\" data-id=\"6b49bbb\" data-element_type=\"widget\" data-e-type=\"widget\" data-widget_type=\"image.default\">\n\t\t\t\t<div class=\"elementor-widget-container\">\n\t\t\t\t\t\t\t\t\t\t\t\t\t\t\t<img decoding=\"async\" width=\"1\" height=\"1\" src=\"https:\/\/fmc.ch\/wp-content\/uploads\/2023\/09\/Symposium_02_Symposium_24_Beitrag_weiss.svg\" class=\"attachment-large size-large wp-image-5594\" alt=\"\" \/>\t\t\t\t\t\t\t\t\t\t\t\t\t\t\t<\/div>\n\t\t\t\t<\/div>\n\t\t<div class=\"elementor-element elementor-element-3ba6461 e-con-full e-flex e-con e-child\" data-id=\"3ba6461\" data-element_type=\"container\" data-e-type=\"container\">\n\t\t\t\t<div class=\"elementor-element elementor-element-790b16a elementor-widget elementor-widget-heading\" data-id=\"790b16a\" data-element_type=\"widget\" data-e-type=\"widget\" data-widget_type=\"heading.default\">\n\t\t\t\t<div class=\"elementor-widget-container\">\n\t\t\t\t\t<h1 class=\"elementor-heading-title elementor-size-default\">Symposium national des soins int\u00e9gr\u00e9s<\/h1>\t\t\t\t<\/div>\n\t\t\t\t<\/div>\n\t\t\t\t<\/div>\n\t\t\t\t<\/div>\n\t\t\t\t\t<\/div>\n\t\t\t\t<\/div>\n\t\t<div class=\"elementor-element elementor-element-ae0db7b e-flex e-con-boxed e-con e-parent\" data-id=\"ae0db7b\" data-element_type=\"container\" data-e-type=\"container\">\n\t\t\t\t\t<div class=\"e-con-inner\">\n\t\t<div class=\"elementor-element elementor-element-790418f e-con-full e-flex e-con e-child\" data-id=\"790418f\" data-element_type=\"container\" data-e-type=\"container\">\n\t\t\t\t<div class=\"elementor-element elementor-element-add4d92 elementor-widget elementor-widget-image\" data-id=\"add4d92\" data-element_type=\"widget\" data-e-type=\"widget\" data-no-translation=\"\" data-widget_type=\"image.default\">\n\t\t\t\t<div class=\"elementor-widget-container\">\n\t\t\t\t\t<style>.elementor-element-add4d92{display:none !important}<\/style>\t\t\t\t<\/div>\n\t\t\t\t<\/div>\n\t\t\t\t<div class=\"elementor-element elementor-element-1f67e53 elementor-widget elementor-widget-image\" data-id=\"1f67e53\" data-element_type=\"widget\" data-e-type=\"widget\" data-no-translation=\"\" data-widget_type=\"image.default\">\n\t\t\t\t<div class=\"elementor-widget-container\">\n\t\t\t\t\t\t\t\t\t\t\t\t\t\t\t<img fetchpriority=\"high\" decoding=\"async\" width=\"2560\" height=\"571\" src=\"https:\/\/fmc.ch\/wp-content\/uploads\/2026\/01\/FMC_Banner_2026_FR_726x162_HE-scaled.jpg\" class=\"attachment-full size-full wp-image-17284\" alt=\"\" srcset=\"https:\/\/fmc.ch\/wp-content\/uploads\/2026\/01\/FMC_Banner_2026_FR_726x162_HE-scaled.jpg 2560w, https:\/\/fmc.ch\/wp-content\/uploads\/2026\/01\/FMC_Banner_2026_FR_726x162_HE-600x134.jpg 600w, https:\/\/fmc.ch\/wp-content\/uploads\/2026\/01\/FMC_Banner_2026_FR_726x162_HE-2000x446.jpg 2000w, https:\/\/fmc.ch\/wp-content\/uploads\/2026\/01\/FMC_Banner_2026_FR_726x162_HE-768x171.jpg 768w, https:\/\/fmc.ch\/wp-content\/uploads\/2026\/01\/FMC_Banner_2026_FR_726x162_HE-1536x343.jpg 1536w, https:\/\/fmc.ch\/wp-content\/uploads\/2026\/01\/FMC_Banner_2026_FR_726x162_HE-2048x457.jpg 2048w, https:\/\/fmc.ch\/wp-content\/uploads\/2026\/01\/FMC_Banner_2026_FR_726x162_HE-18x4.jpg 18w\" sizes=\"(max-width: 2560px) 100vw, 2560px\" \/>\t\t\t\t\t\t\t\t\t\t\t\t\t\t\t<\/div>\n\t\t\t\t<\/div>\n\t\t\t\t<\/div>\n\t\t<div class=\"elementor-element elementor-element-5a0db03 e-con-full e-flex e-con e-child\" data-id=\"5a0db03\" data-element_type=\"container\" data-e-type=\"container\">\n\t\t\t\t<div class=\"elementor-element elementor-element-bd3074d elementor-widget__width-initial elementor-widget-mobile__width-inherit elementor-widget elementor-widget-image\" data-id=\"bd3074d\" data-element_type=\"widget\" data-e-type=\"widget\" data-widget_type=\"image.default\">\n\t\t\t\t<div class=\"elementor-widget-container\">\n\t\t\t\t\t\t\t\t\t\t\t\t\t\t\t\t<a href=\"https:\/\/praxamed.ch\/medizinische-grundversorgung-gemeinden\/\">\n\t\t\t\t\t\t\t<img decoding=\"async\" width=\"1920\" height=\"1080\" src=\"https:\/\/fmc.ch\/wp-content\/uploads\/2026\/03\/PraxaMed-Banner.gif\" class=\"attachment-full size-full wp-image-17881\" alt=\"\" \/>\t\t\t\t\t\t\t\t<\/a>\n\t\t\t\t\t\t\t\t\t\t\t\t\t\t\t<\/div>\n\t\t\t\t<\/div>\n\t\t\t\t<div class=\"elementor-element elementor-element-48296fd elementor-widget__width-initial elementor-widget-mobile__width-inherit elementor-widget elementor-widget-image\" data-id=\"48296fd\" data-element_type=\"widget\" data-e-type=\"widget\" data-widget_type=\"image.default\">\n\t\t\t\t<div class=\"elementor-widget-container\">\n\t\t\t\t\t\t\t\t\t\t\t\t\t\t\t\t<a href=\"https:\/\/www.tilia-stiftung.ch\/de\">\n\t\t\t\t\t\t\t<img loading=\"lazy\" decoding=\"async\" width=\"590\" height=\"332\" src=\"https:\/\/fmc.ch\/wp-content\/uploads\/2026\/03\/tilia.png\" class=\"attachment-full size-full wp-image-17882\" alt=\"\" srcset=\"https:\/\/fmc.ch\/wp-content\/uploads\/2026\/03\/tilia.png 590w, https:\/\/fmc.ch\/wp-content\/uploads\/2026\/03\/tilia-18x10.png 18w\" sizes=\"(max-width: 590px) 100vw, 590px\" \/>\t\t\t\t\t\t\t\t<\/a>\n\t\t\t\t\t\t\t\t\t\t\t\t\t\t\t<\/div>\n\t\t\t\t<\/div>\n\t\t\t\t<\/div>\n\t\t\t\t<div class=\"elementor-element elementor-element-ac87d4b elementor-widget elementor-widget-text-editor\" data-id=\"ac87d4b\" data-element_type=\"widget\" data-e-type=\"widget\" data-widget_type=\"text-editor.default\">\n\t\t\t\t<div class=\"elementor-widget-container\">\n\t\t\t\t\t\t\t\t\t<h3><strong><em>\"Leaders fail because they can\u2019t let go of being the smartest person in the room. As complexity increases, coordination becomes more valuable than individual control\".<\/em><\/strong><\/h3>\t\t\t\t\t\t\t\t<\/div>\n\t\t\t\t<\/div>\n\t\t\t\t<div class=\"elementor-element elementor-element-956575c elementor-widget elementor-widget-heading\" data-id=\"956575c\" data-element_type=\"widget\" data-e-type=\"widget\" data-widget_type=\"heading.default\">\n\t\t\t\t<div class=\"elementor-widget-container\">\n\t\t\t\t\t<h2 class=\"elementor-heading-title elementor-size-default\">Patients et patientes en situations de soins complexes <\/h2>\t\t\t\t<\/div>\n\t\t\t\t<\/div>\n\t\t\t\t<div class=\"elementor-element elementor-element-fb683bf elementor-widget elementor-widget-text-editor\" data-id=\"fb683bf\" data-element_type=\"widget\" data-e-type=\"widget\" data-widget_type=\"text-editor.default\">\n\t\t\t\t<div class=\"elementor-widget-container\">\n\t\t\t\t\t\t\t\t\t<p>La \u00abcomplexit\u00e9\u00bb est comprise de mani\u00e8re tr\u00e8s diff\u00e9rente dans notre syst\u00e8me de soins. Du point de vue des fournisseurs de prestations, la situation m\u00e9dicale, infirmi\u00e8re, etc. La situation de soins est complexe.<\/p><p>En revanche, du point de vue de la\/des personne(s) concern\u00e9e(s), ce n'est pas forc\u00e9ment la maladie qui est en cause, mais le syst\u00e8me de soins \u00abcomplexe\u00bb en soi, qui inclut tous les facteurs bio-psycho-sociaux. En adoptant ce point de vue, nous consid\u00e9rons l'ensemble de la situation de soins, qui ne peut \u00eatre abord\u00e9e que de mani\u00e8re interprofessionnelle et, le plus souvent, interorganisationnelle, et ne se limite pas \u00e0 la sant\u00e9 m\u00e9dicale (selon le principe \u00abla maladie rend pauvre, la pauvret\u00e9 rend malade\u00bb). \u00a0\u00a0<\/p><p>Pour cette compr\u00e9hension, le Forum suisse pour les soins int\u00e9gr\u00e9s (fmc) s'inspire d'un mod\u00e8le am\u00e9ricain* qui propose une lecture syst\u00e9mique de la complexit\u00e9 et tient compte des \u00e9l\u00e9ments suivants :<\/p><ul><li>Les d\u00e9terminants bio-psycho-sociaux, spirituels et environnementaux des personnes malades<\/li><li>Les caract\u00e9ristiques micro et m\u00e9sosyst\u00e9miques des acteurs et actrices et des organisations sociales, sanitaires et communautaires qui les accompagnent.<\/li><li>Les caract\u00e9ristiques macro-syst\u00e9miques du contexte dans lequel \u00e9voluent toutes ces personnes et organisations.<\/li><\/ul><p>Lors du symposium fmc de cette ann\u00e9e, nous examinerons diff\u00e9rents aspects des situations de soins complexes, entre autres avec nos partenaires de coop\u00e9ration, qui apporteront chacun leur propre vision de la complexit\u00e9.\u00a0<\/p><p>Soyez le <strong>Mercredi 10 juin 2026<\/strong>\u00a0avec nous dans le <a href=\"https:\/\/che01.safelinks.protection.outlook.com\/?url=https%3A%2F%2Ffmc.us17.list-manage.com%2Ftrack%2Fclick%3Fu%3D20cc13687c1b889498b683563%26id%3De164b451df%26e%3D649376ca99&amp;data=05%7C02%7Cnadja.blanchard%40fmc.ch%7Ce5409b66d5b348ad5f3408dc3233d267%7Ce1291afa0b7346fcbd20b48a430d5aa8%7C1%7C0%7C638440445389509985%7CUnknown%7CTWFpbGZsb3d8eyJWIjoiMC4wLjAwMDAiLCJQIjoiV2luMzIiLCJBTiI6Ik1haWwiLCJXVCI6Mn0%3D%7C0%7C%7C%7C&amp;sdata=R3QUbRmBVhtS8L6KgTfuUg9UitWobDnIuXXlBmCGAJM%3D&amp;reserved=0\">Forum des \u00e9v\u00e9nements \u00e0 Berne<\/a>. La journ\u00e9e vous proposera le matin diff\u00e9rentes sessions d'\u00e9chauffement, le matin des impulsions et l'apr\u00e8s-midi une r\u00e9flexion et un travail approfondis sur les diff\u00e9rents th\u00e8mes lors de sessions de brainfood.<\/p>\t\t\t\t\t\t\t\t<\/div>\n\t\t\t\t<\/div>\n\t\t\t\t<div class=\"elementor-element elementor-element-c34916b elementor-widget elementor-widget-spacer\" data-id=\"c34916b\" data-element_type=\"widget\" data-e-type=\"widget\" data-widget_type=\"spacer.default\">\n\t\t\t\t<div class=\"elementor-widget-container\">\n\t\t\t\t\t\t\t<div class=\"elementor-spacer\">\n\t\t\t<div class=\"elementor-spacer-inner\"><\/div>\n\t\t<\/div>\n\t\t\t\t\t\t<\/div>\n\t\t\t\t<\/div>\n\t\t\t\t<div class=\"elementor-element elementor-element-48a22c6 elementor-widget elementor-widget-button\" data-id=\"48a22c6\" data-element_type=\"widget\" data-e-type=\"widget\" data-widget_type=\"button.default\">\n\t\t\t\t<div class=\"elementor-widget-container\">\n\t\t\t\t\t\t\t\t\t<div class=\"elementor-button-wrapper\">\n\t\t\t\t\t<a class=\"elementor-button elementor-button-link elementor-size-sm\" href=\"https:\/\/fmc.ch\/wp-content\/uploads\/2026\/03\/fmc_Description-des-situations-complexes_final.pdf\" target=\"_blank\">\n\t\t\t\t\t\t<span class=\"elementor-button-content-wrapper\">\n\t\t\t\t\t\t\t\t\t<span class=\"elementor-button-text\">Description des patients dans des situations de soins complexes<\/span>\n\t\t\t\t\t<\/span>\n\t\t\t\t\t<\/a>\n\t\t\t\t<\/div>\n\t\t\t\t\t\t\t\t<\/div>\n\t\t\t\t<\/div>\n\t\t\t\t<div class=\"elementor-element elementor-element-76e4844 elementor-widget elementor-widget-button\" data-id=\"76e4844\" data-element_type=\"widget\" data-e-type=\"widget\" data-widget_type=\"button.default\">\n\t\t\t\t<div class=\"elementor-widget-container\">\n\t\t\t\t\t\t\t\t\t<div class=\"elementor-button-wrapper\">\n\t\t\t\t\t<a class=\"elementor-button elementor-button-link elementor-size-sm\" href=\"https:\/\/fmc.ch\/wp-content\/uploads\/2026\/03\/fmc_Gestion-de-la-complexite_final.pdf\" target=\"_blank\">\n\t\t\t\t\t\t<span class=\"elementor-button-content-wrapper\">\n\t\t\t\t\t\t\t\t\t<span class=\"elementor-button-text\">Description de la prise en charge des situations complexes<\/span>\n\t\t\t\t\t<\/span>\n\t\t\t\t\t<\/a>\n\t\t\t\t<\/div>\n\t\t\t\t\t\t\t\t<\/div>\n\t\t\t\t<\/div>\n\t\t\t\t<div class=\"elementor-element elementor-element-3ee608c elementor-widget elementor-widget-spacer\" data-id=\"3ee608c\" data-element_type=\"widget\" data-e-type=\"widget\" data-widget_type=\"spacer.default\">\n\t\t\t\t<div class=\"elementor-widget-container\">\n\t\t\t\t\t\t\t<div class=\"elementor-spacer\">\n\t\t\t<div class=\"elementor-spacer-inner\"><\/div>\n\t\t<\/div>\n\t\t\t\t\t\t<\/div>\n\t\t\t\t<\/div>\n\t\t\t\t<div class=\"elementor-element elementor-element-57106a2 elementor-widget elementor-widget-text-editor\" data-id=\"57106a2\" data-element_type=\"widget\" data-e-type=\"widget\" data-widget_type=\"text-editor.default\">\n\t\t\t\t<div class=\"elementor-widget-container\">\n\t\t\t\t\t\t\t\t\t<p>*Mod\u00e8le de complexit\u00e9 de l'AHRQ (Agency for Healthcare Research and Quality) et du MCCRN (Multiple Chronic Conditions Research Network) (Grembowski et al. 2014), adapt\u00e9 et tir\u00e9 de Perone, Schussel\u00e9 Filliettaz, Waldvogel et al. (2022). Identifier les patients complexes pour une prise en charge interprofessionnelle. <em>Rev.Med.Suisse,<\/em> 18, 560-565. - <a href=\"https:\/\/pubmed.ncbi.nlm.nih.gov\/35343132\/\">Lien hypertexte<\/a><\/p>\t\t\t\t\t\t\t\t<\/div>\n\t\t\t\t<\/div>\n\t\t\t\t<div class=\"elementor-element elementor-element-6e8d86b elementor-widget elementor-widget-text-editor\" data-id=\"6e8d86b\" data-element_type=\"widget\" data-e-type=\"widget\" data-widget_type=\"text-editor.default\">\n\t\t\t\t<div class=\"elementor-widget-container\">\n\t\t\t\t\t\t\t\t\t<p><strong>Le symposium s'adresse \u00e0 tous les groupes professionnels ainsi qu'\u00e0 d'autres acteurs du secteur de la sant\u00e9.<\/strong><\/p>\t\t\t\t\t\t\t\t<\/div>\n\t\t\t\t<\/div>\n\t\t\t\t\t<\/div>\n\t\t\t\t<\/div>\n\t\t<div class=\"elementor-element elementor-element-71da6dc e-flex e-con-boxed e-con e-parent\" data-id=\"71da6dc\" data-element_type=\"container\" data-e-type=\"container\">\n\t\t\t\t\t<div class=\"e-con-inner\">\n\t\t<div class=\"elementor-element elementor-element-2c43b16 e-con-full e-flex e-con e-child\" data-id=\"2c43b16\" data-element_type=\"container\" data-e-type=\"container\">\n\t\t\t\t<div class=\"elementor-element elementor-element-95bcfb9 elementor-widget elementor-widget-image\" data-id=\"95bcfb9\" data-element_type=\"widget\" data-e-type=\"widget\" data-widget_type=\"image.default\">\n\t\t\t\t<div class=\"elementor-widget-container\">\n\t\t\t\t\t\t\t\t\t\t\t\t\t\t\t<img loading=\"lazy\" decoding=\"async\" width=\"1\" height=\"1\" src=\"https:\/\/fmc.ch\/wp-content\/uploads\/2023\/09\/Symposium_08_Referent-innen-1.svg\" class=\"attachment-large size-large wp-image-5267\" alt=\"\" \/>\t\t\t\t\t\t\t\t\t\t\t\t\t\t\t<\/div>\n\t\t\t\t<\/div>\n\t\t\t\t<\/div>\n\t\t<a class=\"elementor-element elementor-element-e06736b e-con-full e-flex e-con e-child\" data-id=\"e06736b\" data-element_type=\"container\" data-e-type=\"container\" href=\"https:\/\/fmc.ch\/fr\/symposium-des-soins-integres\/programme-et-intervenantes-du-symposium\/\">\n\t\t\t\t<div class=\"elementor-element elementor-element-d12748e elementor-widget elementor-widget-heading\" data-id=\"d12748e\" data-element_type=\"widget\" data-e-type=\"widget\" data-widget_type=\"heading.default\">\n\t\t\t\t<div class=\"elementor-widget-container\">\n\t\t\t\t\t<h2 class=\"elementor-heading-title elementor-size-default\">Programme et intervenant.es<\/h2>\t\t\t\t<\/div>\n\t\t\t\t<\/div>\n\t\t\t\t<div class=\"elementor-element elementor-element-dea5905 elementor-view-default elementor-widget elementor-widget-icon\" data-id=\"dea5905\" data-element_type=\"widget\" data-e-type=\"widget\" data-widget_type=\"icon.default\">\n\t\t\t\t<div class=\"elementor-widget-container\">\n\t\t\t\t\t\t\t<div class=\"elementor-icon-wrapper\">\n\t\t\t<div class=\"elementor-icon\">\n\t\t\t<i aria-hidden=\"true\" class=\"fas fa-arrow-right\"><\/i>\t\t\t<\/div>\n\t\t<\/div>\n\t\t\t\t\t\t<\/div>\n\t\t\t\t<\/div>\n\t\t\t\t<\/a>\n\t\t\t\t\t<\/div>\n\t\t\t\t<\/div>\n\t\t<!-- dce invisible element 67d2702 --><div class=\"elementor-element elementor-element-f215b95 e-flex e-con-boxed e-con e-parent\" data-id=\"f215b95\" data-element_type=\"container\" data-e-type=\"container\">\n\t\t\t\t\t<div class=\"e-con-inner\">\n\t\t<div class=\"elementor-element elementor-element-3e44931 e-con-full e-flex e-con e-child\" data-id=\"3e44931\" data-element_type=\"container\" data-e-type=\"container\">\n\t\t\t\t<div class=\"elementor-element elementor-element-3c3d562 elementor-widget elementor-widget-image\" data-id=\"3c3d562\" data-element_type=\"widget\" data-e-type=\"widget\" data-widget_type=\"image.default\">\n\t\t\t\t<div class=\"elementor-widget-container\">\n\t\t\t\t\t\t\t\t\t\t\t\t\t\t\t<img loading=\"lazy\" decoding=\"async\" width=\"1\" height=\"1\" src=\"https:\/\/fmc.ch\/wp-content\/uploads\/2023\/09\/Symposium_10_Anmeldung_Preise-1.svg\" class=\"attachment-large size-large wp-image-5269\" alt=\"\" \/>\t\t\t\t\t\t\t\t\t\t\t\t\t\t\t<\/div>\n\t\t\t\t<\/div>\n\t\t\t\t<\/div>\n\t\t<div class=\"elementor-element elementor-element-a5170bd e-con-full e-flex e-con e-child\" data-id=\"a5170bd\" data-element_type=\"container\" data-e-type=\"container\">\n\t\t\t\t<div class=\"elementor-element elementor-element-39c6c5e elementor-widget elementor-widget-n-accordion\" data-id=\"39c6c5e\" data-element_type=\"widget\" data-e-type=\"widget\" data-settings=\"{&quot;default_state&quot;:&quot;all_collapsed&quot;,&quot;max_items_expended&quot;:&quot;one&quot;,&quot;n_accordion_animation_duration&quot;:{&quot;unit&quot;:&quot;ms&quot;,&quot;size&quot;:400,&quot;sizes&quot;:[]}}\" data-widget_type=\"nested-accordion.default\">\n\t\t\t\t<div class=\"elementor-widget-container\">\n\t\t\t\t\t\t\t<div class=\"e-n-accordion\" aria-label=\"L&#039;accord\u00e9on. Ouvre les liens avec Enter ou Space, ferme avec Escape, et navigue avec Arrow Keys.\">\n\t\t\t\t\t\t<details id=\"e-n-accordion-item-6050\" class=\"e-n-accordion-item\" >\n\t\t\t\t<summary class=\"e-n-accordion-item-title\" data-accordion-index=\"1\" tabindex=\"0\" aria-expanded=\"false\" aria-controls=\"e-n-accordion-item-6050\" >\n\t\t\t\t\t<span class='e-n-accordion-item-title-header'><div class=\"e-n-accordion-item-title-text\"> Inscription <\/div><\/span>\n\t\t\t\t\t\t\t<span class='e-n-accordion-item-title-icon'>\n\t\t\t<span class='e-opened' ><i aria-hidden=\"true\" class=\"fas fa-minus\"><\/i><\/span>\n\t\t\t<span class='e-closed'><i aria-hidden=\"true\" class=\"fas fa-plus\"><\/i><\/span>\n\t\t<\/span>\n\n\t\t\t\t\t\t<\/summary>\n\t\t\t\t<div role=\"region\" aria-labelledby=\"e-n-accordion-item-6050\" class=\"elementor-element elementor-element-732c4a7 e-con-full e-flex e-con e-child\" data-id=\"732c4a7\" data-element_type=\"container\" data-e-type=\"container\">\n\t\t\t\t<div class=\"elementor-element elementor-element-57397bc elementor-widget elementor-widget-text-editor\" data-id=\"57397bc\" data-element_type=\"widget\" data-e-type=\"widget\" data-widget_type=\"text-editor.default\">\n\t\t\t\t<div class=\"elementor-widget-container\">\n\t\t\t\t\t\t\t\t\t<p>Inscrivez-vous d\u00e8s aujourd'hui \u00e0 notre symposium !<br \/>Les prix comprennent la participation au congr\u00e8s, le caf\u00e9 de bienvenue, les collations pendant les pauses ainsi que le d\u00e9jeuner et l'ap\u00e9ritif final.<\/p><ul style=\"margin-top: 15px; margin-bottom: 25px;\"><li>Participation sans r\u00e9duction : 500 CHF<\/li><li>\u00c9tudiant.e.s : 195 CHF<\/li><li>Membres de la fmc : 400 CHF<\/li><\/ul><p><strong>Les inscriptions effectu\u00e9es avant fin mars 2026 b\u00e9n\u00e9ficient d'une r\u00e9duction de 10% sur le plein tarif.<\/strong><\/p><p>Les r\u00e9ductions habituelles pour les membres du fmc sont maintenues.<\/p>\t\t\t\t\t\t\t\t<\/div>\n\t\t\t\t<\/div>\n\t\t\t\t<div class=\"elementor-element elementor-element-2251e78 elementor-widget elementor-widget-button\" data-id=\"2251e78\" data-element_type=\"widget\" data-e-type=\"widget\" data-widget_type=\"button.default\">\n\t\t\t\t<div class=\"elementor-widget-container\">\n\t\t\t\t\t\t\t\t\t<div class=\"elementor-button-wrapper\">\n\t\t\t\t\t<a class=\"elementor-button elementor-button-link elementor-size-sm\" href=\"https:\/\/form.jotform.com\/260594090713356\" target=\"_blank\">\n\t\t\t\t\t\t<span class=\"elementor-button-content-wrapper\">\n\t\t\t\t\t\t\t\t\t<span class=\"elementor-button-text\">Vers l'inscription<\/span>\n\t\t\t\t\t<\/span>\n\t\t\t\t\t<\/a>\n\t\t\t\t<\/div>\n\t\t\t\t\t\t\t\t<\/div>\n\t\t\t\t<\/div>\n\t\t\t\t<div class=\"elementor-element elementor-element-45910a2 elementor-widget elementor-widget-text-editor\" data-id=\"45910a2\" data-element_type=\"widget\" data-e-type=\"widget\" data-widget_type=\"text-editor.default\">\n\t\t\t\t<div class=\"elementor-widget-container\">\n\t\t\t\t\t\t\t\t\t<p><a href=\"https:\/\/fmc.ch\/wp-content\/uploads\/2026\/03\/Conditions-generales-pour-les-participants-du-symposium-2026.pdf\" target=\"_blank\" rel=\"noopener\">Conditions g\u00e9n\u00e9rales pour les participant.es du symposium 2026<\/a><\/p>\t\t\t\t\t\t\t\t<\/div>\n\t\t\t\t<\/div>\n\t\t\t\t<\/div>\n\t\t\t\t\t<\/details>\n\t\t\t\t\t<\/div>\n\t\t\t\t\t\t<\/div>\n\t\t\t\t<\/div>\n\t\t\t\t<\/div>\n\t\t\t\t\t<\/div>\n\t\t\t\t<\/div>\n\t\t<!-- dce invisible element a2db40d --><div class=\"elementor-element elementor-element-3725d8c e-flex e-con-boxed e-con e-parent\" data-id=\"3725d8c\" data-element_type=\"container\" data-e-type=\"container\">\n\t\t\t\t\t<div class=\"e-con-inner\">\n\t\t<div class=\"elementor-element elementor-element-82f449e e-con-full e-flex e-con e-child\" data-id=\"82f449e\" data-element_type=\"container\" data-e-type=\"container\">\n\t\t\t\t<div class=\"elementor-element elementor-element-d5b680c elementor-widget elementor-widget-image\" data-id=\"d5b680c\" data-element_type=\"widget\" data-e-type=\"widget\" data-widget_type=\"image.default\">\n\t\t\t\t<div class=\"elementor-widget-container\">\n\t\t\t\t\t\t\t\t\t\t\t\t\t\t\t<img loading=\"lazy\" decoding=\"async\" width=\"1\" height=\"1\" src=\"https:\/\/fmc.ch\/wp-content\/uploads\/2023\/09\/Symposium_11_Credit_Points-1.svg\" class=\"attachment-large size-large wp-image-5271\" alt=\"\" \/>\t\t\t\t\t\t\t\t\t\t\t\t\t\t\t<\/div>\n\t\t\t\t<\/div>\n\t\t\t\t<\/div>\n\t\t<div class=\"elementor-element elementor-element-9ccae79 e-con-full e-flex e-con e-child\" data-id=\"9ccae79\" data-element_type=\"container\" data-e-type=\"container\">\n\t\t\t\t<div class=\"elementor-element elementor-element-0892228 elementor-widget elementor-widget-n-accordion\" data-id=\"0892228\" data-element_type=\"widget\" data-e-type=\"widget\" data-settings=\"{&quot;default_state&quot;:&quot;all_collapsed&quot;,&quot;max_items_expended&quot;:&quot;one&quot;,&quot;n_accordion_animation_duration&quot;:{&quot;unit&quot;:&quot;ms&quot;,&quot;size&quot;:400,&quot;sizes&quot;:[]}}\" data-widget_type=\"nested-accordion.default\">\n\t\t\t\t<div class=\"elementor-widget-container\">\n\t\t\t\t\t\t\t<div class=\"e-n-accordion\" aria-label=\"L&#039;accord\u00e9on. Ouvre les liens avec Enter ou Space, ferme avec Escape, et navigue avec Arrow Keys.\">\n\t\t\t\t\t\t<details id=\"e-n-accordion-item-8980\" class=\"e-n-accordion-item\" >\n\t\t\t\t<summary class=\"e-n-accordion-item-title\" data-accordion-index=\"1\" tabindex=\"0\" aria-expanded=\"false\" aria-controls=\"e-n-accordion-item-8980\" >\n\t\t\t\t\t<span class='e-n-accordion-item-title-header'><div class=\"e-n-accordion-item-title-text\"> Cr\u00e9dits de formation continue <\/div><\/span>\n\t\t\t\t\t\t\t<span class='e-n-accordion-item-title-icon'>\n\t\t\t<span class='e-opened' ><i aria-hidden=\"true\" class=\"fas fa-minus\"><\/i><\/span>\n\t\t\t<span class='e-closed'><i aria-hidden=\"true\" class=\"fas fa-plus\"><\/i><\/span>\n\t\t<\/span>\n\n\t\t\t\t\t\t<\/summary>\n\t\t\t\t<div role=\"region\" aria-labelledby=\"e-n-accordion-item-8980\" class=\"elementor-element elementor-element-4410a1a e-con-full e-flex e-con e-child\" data-id=\"4410a1a\" data-element_type=\"container\" data-e-type=\"container\">\n\t\t<div role=\"region\" aria-labelledby=\"e-n-accordion-item-8980\" class=\"elementor-element elementor-element-7c513c5 e-grid e-con-full e-con e-child\" data-id=\"7c513c5\" data-element_type=\"container\" data-e-type=\"container\">\n\t\t\t\t<div class=\"elementor-element elementor-element-17b495a elementor-widget elementor-widget-image\" data-id=\"17b495a\" data-element_type=\"widget\" data-e-type=\"widget\" data-widget_type=\"image.default\">\n\t\t\t\t<div class=\"elementor-widget-container\">\n\t\t\t\t\t\t\t\t\t\t\t\t\t\t\t<img loading=\"lazy\" decoding=\"async\" width=\"768\" height=\"576\" src=\"https:\/\/fmc.ch\/wp-content\/uploads\/2024\/01\/fmc-Fortbildungs-Credits-SIWF-Logo-768x576.png\" class=\"attachment-medium_large size-medium_large wp-image-6817\" alt=\"\" srcset=\"https:\/\/fmc.ch\/wp-content\/uploads\/2024\/01\/fmc-Fortbildungs-Credits-SIWF-Logo-768x576.png 768w, https:\/\/fmc.ch\/wp-content\/uploads\/2024\/01\/fmc-Fortbildungs-Credits-SIWF-Logo-600x450.png 600w, https:\/\/fmc.ch\/wp-content\/uploads\/2024\/01\/fmc-Fortbildungs-Credits-SIWF-Logo.png 800w\" sizes=\"(max-width: 768px) 100vw, 768px\" \/>\t\t\t\t\t\t\t\t\t\t\t\t\t\t\t<\/div>\n\t\t\t\t<\/div>\n\t\t\t\t<div class=\"elementor-element elementor-element-74dd442 elementor-widget elementor-widget-text-editor\" data-id=\"74dd442\" data-element_type=\"widget\" data-e-type=\"widget\" data-widget_type=\"text-editor.default\">\n\t\t\t\t<div class=\"elementor-widget-container\">\n\t\t\t\t\t\t\t\t\t<p>SIWF :\u00a0<\/p>\t\t\t\t\t\t\t\t<\/div>\n\t\t\t\t<\/div>\n\t\t\t\t<div class=\"elementor-element elementor-element-388d9c3 elementor-widget elementor-widget-text-editor\" data-id=\"388d9c3\" data-element_type=\"widget\" data-e-type=\"widget\" data-widget_type=\"text-editor.default\">\n\t\t\t\t<div class=\"elementor-widget-container\">\n\t\t\t\t\t\t\t\t\t<p>6 cr\u00e9dits<\/p>\t\t\t\t\t\t\t\t<\/div>\n\t\t\t\t<\/div>\n\t\t\t\t<\/div>\n\t\t<!-- dce invisible element 36550ae --><!-- dce invisible element 4f89632 --><div role=\"region\" aria-labelledby=\"e-n-accordion-item-8980\" class=\"elementor-element elementor-element-9c8ba40 e-grid e-con-full e-con e-child\" data-id=\"9c8ba40\" data-element_type=\"container\" data-e-type=\"container\">\n\t\t\t\t<div class=\"elementor-element elementor-element-695774f elementor-widget elementor-widget-image\" data-id=\"695774f\" data-element_type=\"widget\" data-e-type=\"widget\" data-widget_type=\"image.default\">\n\t\t\t\t<div class=\"elementor-widget-container\">\n\t\t\t\t\t\t\t\t\t\t\t\t\t\t\t<img loading=\"lazy\" decoding=\"async\" width=\"768\" height=\"576\" src=\"https:\/\/fmc.ch\/wp-content\/uploads\/2024\/01\/fmc-Fortbildungs-Credits-FPH-Logo-768x576.png\" class=\"attachment-medium_large size-medium_large wp-image-6819\" alt=\"\" srcset=\"https:\/\/fmc.ch\/wp-content\/uploads\/2024\/01\/fmc-Fortbildungs-Credits-FPH-Logo-768x576.png 768w, https:\/\/fmc.ch\/wp-content\/uploads\/2024\/01\/fmc-Fortbildungs-Credits-FPH-Logo-600x450.png 600w, https:\/\/fmc.ch\/wp-content\/uploads\/2024\/01\/fmc-Fortbildungs-Credits-FPH-Logo.png 800w\" sizes=\"(max-width: 768px) 100vw, 768px\" \/>\t\t\t\t\t\t\t\t\t\t\t\t\t\t\t<\/div>\n\t\t\t\t<\/div>\n\t\t\t\t<div class=\"elementor-element elementor-element-fe14ae1 elementor-widget elementor-widget-text-editor\" data-id=\"fe14ae1\" data-element_type=\"widget\" data-e-type=\"widget\" data-widget_type=\"text-editor.default\">\n\t\t\t\t<div class=\"elementor-widget-container\">\n\t\t\t\t\t\t\t\t\t<p>FPH :<\/p>\t\t\t\t\t\t\t\t<\/div>\n\t\t\t\t<\/div>\n\t\t\t\t<div class=\"elementor-element elementor-element-36b8ff4 elementor-widget elementor-widget-text-editor\" data-id=\"36b8ff4\" data-element_type=\"widget\" data-e-type=\"widget\" data-widget_type=\"text-editor.default\">\n\t\t\t\t<div class=\"elementor-widget-container\">\n\t\t\t\t\t\t\t\t\t<p>25 points FPH<\/p>\t\t\t\t\t\t\t\t<\/div>\n\t\t\t\t<\/div>\n\t\t\t\t<\/div>\n\t\t<div role=\"region\" aria-labelledby=\"e-n-accordion-item-8980\" class=\"elementor-element elementor-element-fa6ccf3 e-grid e-con-full e-con e-child\" data-id=\"fa6ccf3\" data-element_type=\"container\" data-e-type=\"container\">\n\t\t\t\t<div class=\"elementor-element elementor-element-cdc571b elementor-widget elementor-widget-image\" data-id=\"cdc571b\" data-element_type=\"widget\" data-e-type=\"widget\" data-widget_type=\"image.default\">\n\t\t\t\t<div class=\"elementor-widget-container\">\n\t\t\t\t\t\t\t\t\t\t\t\t\t\t\t<img loading=\"lazy\" decoding=\"async\" width=\"768\" height=\"576\" src=\"https:\/\/fmc.ch\/wp-content\/uploads\/2024\/01\/fmc-Fortbildungs-Credits-SPHD-Logo-768x576.png\" class=\"attachment-medium_large size-medium_large wp-image-6816\" alt=\"\" srcset=\"https:\/\/fmc.ch\/wp-content\/uploads\/2024\/01\/fmc-Fortbildungs-Credits-SPHD-Logo-768x576.png 768w, https:\/\/fmc.ch\/wp-content\/uploads\/2024\/01\/fmc-Fortbildungs-Credits-SPHD-Logo-600x450.png 600w, https:\/\/fmc.ch\/wp-content\/uploads\/2024\/01\/fmc-Fortbildungs-Credits-SPHD-Logo.png 800w\" sizes=\"(max-width: 768px) 100vw, 768px\" \/>\t\t\t\t\t\t\t\t\t\t\t\t\t\t\t<\/div>\n\t\t\t\t<\/div>\n\t\t\t\t<div class=\"elementor-element elementor-element-70af328 elementor-widget elementor-widget-text-editor\" data-id=\"70af328\" data-element_type=\"widget\" data-e-type=\"widget\" data-widget_type=\"text-editor.default\">\n\t\t\t\t<div class=\"elementor-widget-container\">\n\t\t\t\t\t\t\t\t\t<p>SPHD :<\/p>\t\t\t\t\t\t\t\t<\/div>\n\t\t\t\t<\/div>\n\t\t\t\t<div class=\"elementor-element elementor-element-c7cdcef elementor-widget elementor-widget-text-editor\" data-id=\"c7cdcef\" data-element_type=\"widget\" data-e-type=\"widget\" data-widget_type=\"text-editor.default\">\n\t\t\t\t<div class=\"elementor-widget-container\">\n\t\t\t\t\t\t\t\t\t<p>5 cr\u00e9dits<\/p>\t\t\t\t\t\t\t\t<\/div>\n\t\t\t\t<\/div>\n\t\t\t\t<\/div>\n\t\t<div role=\"region\" aria-labelledby=\"e-n-accordion-item-8980\" class=\"elementor-element elementor-element-7b1c83b e-grid e-con-full e-con e-child\" data-id=\"7b1c83b\" data-element_type=\"container\" data-e-type=\"container\">\n\t\t\t\t<div class=\"elementor-element elementor-element-79e4bcb elementor-widget elementor-widget-image\" data-id=\"79e4bcb\" data-element_type=\"widget\" data-e-type=\"widget\" data-widget_type=\"image.default\">\n\t\t\t\t<div class=\"elementor-widget-container\">\n\t\t\t\t\t\t\t\t\t\t\t\t\t\t\t<img loading=\"lazy\" decoding=\"async\" width=\"300\" height=\"291\" src=\"https:\/\/fmc.ch\/wp-content\/uploads\/2026\/04\/logorundblauweb-klein.jpg\" class=\"attachment-medium size-medium wp-image-18146\" alt=\"\" srcset=\"https:\/\/fmc.ch\/wp-content\/uploads\/2026\/04\/logorundblauweb-klein.jpg 300w, https:\/\/fmc.ch\/wp-content\/uploads\/2026\/04\/logorundblauweb-klein-12x12.jpg 12w\" sizes=\"(max-width: 300px) 100vw, 300px\" \/>\t\t\t\t\t\t\t\t\t\t\t\t\t\t\t<\/div>\n\t\t\t\t<\/div>\n\t\t\t\t<div class=\"elementor-element elementor-element-986faec elementor-widget elementor-widget-text-editor\" data-id=\"986faec\" data-element_type=\"widget\" data-e-type=\"widget\" data-widget_type=\"text-editor.default\">\n\t\t\t\t<div class=\"elementor-widget-container\">\n\t\t\t\t\t\t\t\t\t<p>SVA<\/p>\t\t\t\t\t\t\t\t<\/div>\n\t\t\t\t<\/div>\n\t\t\t\t<div class=\"elementor-element elementor-element-bea6c43 elementor-widget elementor-widget-text-editor\" data-id=\"bea6c43\" data-element_type=\"widget\" data-e-type=\"widget\" data-widget_type=\"text-editor.default\">\n\t\t\t\t<div class=\"elementor-widget-container\">\n\t\t\t\t\t\t\t\t\t<p>4 cr\u00e9dits<\/p>\t\t\t\t\t\t\t\t<\/div>\n\t\t\t\t<\/div>\n\t\t\t\t<\/div>\n\t\t\t\t<div class=\"elementor-element elementor-element-2fb74e2 elementor-widget elementor-widget-text-editor\" data-id=\"2fb74e2\" data-element_type=\"widget\" data-e-type=\"widget\" data-widget_type=\"text-editor.default\">\n\t\t\t\t<div class=\"elementor-widget-container\">\n\t\t\t\t\t\t\t\t\t<p>D'autres accr\u00e9ditations sont en cours d'examen.<\/p>\t\t\t\t\t\t\t\t<\/div>\n\t\t\t\t<\/div>\n\t\t\t\t<\/div>\n\t\t\t\t\t<\/details>\n\t\t\t\t\t<\/div>\n\t\t\t\t\t\t<\/div>\n\t\t\t\t<\/div>\n\t\t\t\t<\/div>\n\t\t\t\t\t<\/div>\n\t\t\t\t<\/div>\n\t\t<div class=\"elementor-element elementor-element-0f1d905 e-flex e-con-boxed e-con e-parent\" data-id=\"0f1d905\" data-element_type=\"container\" data-e-type=\"container\">\n\t\t\t\t\t<div class=\"e-con-inner\">\n\t\t<div class=\"elementor-element elementor-element-ed56125 e-con-full e-flex e-con e-child\" data-id=\"ed56125\" data-element_type=\"container\" data-e-type=\"container\">\n\t\t\t\t<div class=\"elementor-element elementor-element-8d004ad elementor-widget elementor-widget-image\" data-id=\"8d004ad\" data-element_type=\"widget\" data-e-type=\"widget\" data-widget_type=\"image.default\">\n\t\t\t\t<div class=\"elementor-widget-container\">\n\t\t\t\t\t\t\t\t\t\t\t\t\t\t\t<img loading=\"lazy\" decoding=\"async\" width=\"1\" height=\"1\" src=\"https:\/\/fmc.ch\/wp-content\/uploads\/2023\/09\/Symposium_12_Sponsoren_Goenner-1.svg\" class=\"attachment-large size-large wp-image-5273\" alt=\"\" \/>\t\t\t\t\t\t\t\t\t\t\t\t\t\t\t<\/div>\n\t\t\t\t<\/div>\n\t\t\t\t<\/div>\n\t\t<div class=\"elementor-element elementor-element-d3478b6 e-con-full e-flex e-con e-child\" data-id=\"d3478b6\" data-element_type=\"container\" data-e-type=\"container\">\n\t\t\t\t<div class=\"elementor-element elementor-element-5ac8ee0 elementor-widget elementor-widget-n-accordion\" data-id=\"5ac8ee0\" data-element_type=\"widget\" data-e-type=\"widget\" data-settings=\"{&quot;default_state&quot;:&quot;all_collapsed&quot;,&quot;max_items_expended&quot;:&quot;one&quot;,&quot;n_accordion_animation_duration&quot;:{&quot;unit&quot;:&quot;ms&quot;,&quot;size&quot;:400,&quot;sizes&quot;:[]}}\" data-widget_type=\"nested-accordion.default\">\n\t\t\t\t<div class=\"elementor-widget-container\">\n\t\t\t\t\t\t\t<div class=\"e-n-accordion\" aria-label=\"L&#039;accord\u00e9on. Ouvre les liens avec Enter ou Space, ferme avec Escape, et navigue avec Arrow Keys.\">\n\t\t\t\t\t\t<details id=\"e-n-accordion-item-9510\" class=\"e-n-accordion-item\" >\n\t\t\t\t<summary class=\"e-n-accordion-item-title\" data-accordion-index=\"1\" tabindex=\"0\" aria-expanded=\"false\" aria-controls=\"e-n-accordion-item-9510\" >\n\t\t\t\t\t<span class='e-n-accordion-item-title-header'><div class=\"e-n-accordion-item-title-text\"> Sponsors <\/div><\/span>\n\t\t\t\t\t\t\t<span class='e-n-accordion-item-title-icon'>\n\t\t\t<span class='e-opened' ><i aria-hidden=\"true\" class=\"fas fa-minus\"><\/i><\/span>\n\t\t\t<span class='e-closed'><i aria-hidden=\"true\" class=\"fas fa-plus\"><\/i><\/span>\n\t\t<\/span>\n\n\t\t\t\t\t\t<\/summary>\n\t\t\t\t<div role=\"region\" aria-labelledby=\"e-n-accordion-item-9510\" class=\"elementor-element elementor-element-d252b0b e-con-full e-flex e-con e-child\" data-id=\"d252b0b\" data-element_type=\"container\" data-e-type=\"container\">\n\t\t\t\t<div class=\"elementor-element elementor-element-170367a elementor-widget elementor-widget-text-editor\" data-id=\"170367a\" data-element_type=\"widget\" data-e-type=\"widget\" data-widget_type=\"text-editor.default\">\n\t\t\t\t<div class=\"elementor-widget-container\">\n\t\t\t\t\t\t\t\t\t<p>Nous remercions chaleureusement les sponsors du symposium 2026 !<\/p>\t\t\t\t\t\t\t\t<\/div>\n\t\t\t\t<\/div>\n\t\t\t\t<div class=\"elementor-element elementor-element-3c43903 elementor-widget elementor-widget-text-editor\" data-id=\"3c43903\" data-element_type=\"widget\" data-e-type=\"widget\" data-widget_type=\"text-editor.default\">\n\t\t\t\t<div class=\"elementor-widget-container\">\n\t\t\t\t\t\t\t\t\t<ul><li><a href=\"https:\/\/www.ad-swiss.ch\/\" target=\"_blank\" rel=\"noopener\">AD Swiss Net AG<\/a><\/li><li><a href=\"http:\/\/www.inselgruppe.ch\/\" target=\"_blank\" rel=\"noopener\">Groupe du Inselspital<\/a><\/li><li><a href=\"https:\/\/www.krebsliga.ch\/\" target=\"_blank\" rel=\"noopener\">Ligue suisse contre le cancer<\/a><\/li><li><a href=\"https:\/\/www.medbase.ch\/fr\/\" target=\"_blank\" rel=\"noopener\">Medbase<\/a><\/li><li><a href=\"https:\/\/praxamed.ch\/\" target=\"_blank\" rel=\"noopener\">PraxaMed Center AG<\/a><\/li><li><a href=\"https:\/\/www.tilia-stiftung.ch\/de\" target=\"_blank\" rel=\"noopener\">Fondation Tilia<\/a><\/li><\/ul>\t\t\t\t\t\t\t\t<\/div>\n\t\t\t\t<\/div>\n\t\t<div role=\"region\" aria-labelledby=\"e-n-accordion-item-9510\" class=\"elementor-element elementor-element-d0766cb e-grid e-con-full e-con e-child\" data-id=\"d0766cb\" data-element_type=\"container\" data-e-type=\"container\">\n\t\t<!-- dce invisible element 05d5049 --><!-- dce invisible element 02afb2d --><!-- dce invisible element e489bfc --><!-- dce invisible element 3ebd69d -->\t\t<\/div>\n\t\t<!-- dce invisible element af1c1d3 --><!-- dce invisible element eaede90 -->\t\t<\/div>\n\t\t\t\t\t<\/details>\n\t\t\t\t\t<\/div>\n\t\t\t\t\t\t<\/div>\n\t\t\t\t<\/div>\n\t\t\t\t<\/div>\n\t\t\t\t\t<\/div>\n\t\t\t\t<\/div>\n\t\t<div class=\"elementor-element elementor-element-760a2ee e-flex e-con-boxed e-con e-parent\" data-id=\"760a2ee\" data-element_type=\"container\" data-e-type=\"container\">\n\t\t\t\t\t<div class=\"e-con-inner\">\n\t\t<div class=\"elementor-element elementor-element-90733f9 e-con-full e-flex e-con e-child\" data-id=\"90733f9\" data-element_type=\"container\" data-e-type=\"container\">\n\t\t\t\t<div class=\"elementor-element elementor-element-ef9dc81 elementor-widget elementor-widget-image\" data-id=\"ef9dc81\" data-element_type=\"widget\" data-e-type=\"widget\" data-widget_type=\"image.default\">\n\t\t\t\t<div class=\"elementor-widget-container\">\n\t\t\t\t\t\t\t\t\t\t\t\t\t\t\t<img loading=\"lazy\" decoding=\"async\" width=\"1\" height=\"1\" src=\"https:\/\/fmc.ch\/wp-content\/uploads\/2023\/09\/Symposium_13_Veranstaltungsort-1.svg\" class=\"attachment-large size-large wp-image-5275\" alt=\"\" \/>\t\t\t\t\t\t\t\t\t\t\t\t\t\t\t<\/div>\n\t\t\t\t<\/div>\n\t\t\t\t<\/div>\n\t\t<div class=\"elementor-element elementor-element-a623a9b e-con-full e-flex e-con e-child\" data-id=\"a623a9b\" data-element_type=\"container\" data-e-type=\"container\">\n\t\t\t\t<div class=\"elementor-element elementor-element-64bf6e5 elementor-widget elementor-widget-n-accordion\" data-id=\"64bf6e5\" data-element_type=\"widget\" data-e-type=\"widget\" data-settings=\"{&quot;default_state&quot;:&quot;all_collapsed&quot;,&quot;max_items_expended&quot;:&quot;one&quot;,&quot;n_accordion_animation_duration&quot;:{&quot;unit&quot;:&quot;ms&quot;,&quot;size&quot;:400,&quot;sizes&quot;:[]}}\" data-widget_type=\"nested-accordion.default\">\n\t\t\t\t<div class=\"elementor-widget-container\">\n\t\t\t\t\t\t\t<div class=\"e-n-accordion\" aria-label=\"L&#039;accord\u00e9on. Ouvre les liens avec Enter ou Space, ferme avec Escape, et navigue avec Arrow Keys.\">\n\t\t\t\t\t\t<details id=\"e-n-accordion-item-1050\" class=\"e-n-accordion-item\" >\n\t\t\t\t<summary class=\"e-n-accordion-item-title\" data-accordion-index=\"1\" tabindex=\"0\" aria-expanded=\"false\" aria-controls=\"e-n-accordion-item-1050\" >\n\t\t\t\t\t<span class='e-n-accordion-item-title-header'><div class=\"e-n-accordion-item-title-text\"> Lieu <\/div><\/span>\n\t\t\t\t\t\t\t<span class='e-n-accordion-item-title-icon'>\n\t\t\t<span class='e-opened' ><i aria-hidden=\"true\" class=\"fas fa-minus\"><\/i><\/span>\n\t\t\t<span class='e-closed'><i aria-hidden=\"true\" class=\"fas fa-plus\"><\/i><\/span>\n\t\t<\/span>\n\n\t\t\t\t\t\t<\/summary>\n\t\t\t\t<div role=\"region\" aria-labelledby=\"e-n-accordion-item-1050\" class=\"elementor-element elementor-element-da342e3 e-con-full e-flex e-con e-child\" data-id=\"da342e3\" data-element_type=\"container\" data-e-type=\"container\">\n\t\t<div role=\"region\" aria-labelledby=\"e-n-accordion-item-1050\" class=\"elementor-element elementor-element-23a04b4 e-grid e-con-boxed e-con e-child\" data-id=\"23a04b4\" data-element_type=\"container\" data-e-type=\"container\">\n\t\t\t\t\t<div class=\"e-con-inner\">\n\t\t\t\t<div class=\"elementor-element elementor-element-f06d378 elementor-widget elementor-widget-image\" data-id=\"f06d378\" data-element_type=\"widget\" data-e-type=\"widget\" data-widget_type=\"image.default\">\n\t\t\t\t<div class=\"elementor-widget-container\">\n\t\t\t\t\t\t\t\t\t\t\t\t\t\t\t<img loading=\"lazy\" decoding=\"async\" width=\"800\" height=\"1166\" src=\"https:\/\/fmc.ch\/wp-content\/uploads\/2024\/02\/Bild-Eventfabrik-Aussen-3-schmal-1372x2000.jpg\" class=\"attachment-large size-large wp-image-7504\" alt=\"\" srcset=\"https:\/\/fmc.ch\/wp-content\/uploads\/2024\/02\/Bild-Eventfabrik-Aussen-3-schmal-1372x2000.jpg 1372w, https:\/\/fmc.ch\/wp-content\/uploads\/2024\/02\/Bild-Eventfabrik-Aussen-3-schmal-412x600.jpg 412w, https:\/\/fmc.ch\/wp-content\/uploads\/2024\/02\/Bild-Eventfabrik-Aussen-3-schmal-768x1119.jpg 768w, https:\/\/fmc.ch\/wp-content\/uploads\/2024\/02\/Bild-Eventfabrik-Aussen-3-schmal-1054x1536.jpg 1054w, https:\/\/fmc.ch\/wp-content\/uploads\/2024\/02\/Bild-Eventfabrik-Aussen-3-schmal-1405x2048.jpg 1405w, https:\/\/fmc.ch\/wp-content\/uploads\/2024\/02\/Bild-Eventfabrik-Aussen-3-schmal-scaled.jpg 1757w\" sizes=\"(max-width: 800px) 100vw, 800px\" \/>\t\t\t\t\t\t\t\t\t\t\t\t\t\t\t<\/div>\n\t\t\t\t<\/div>\n\t\t\t\t<div class=\"elementor-element elementor-element-1489672 elementor-widget elementor-widget-text-editor\" data-id=\"1489672\" data-element_type=\"widget\" data-e-type=\"widget\" data-widget_type=\"text-editor.default\">\n\t\t\t\t<div class=\"elementor-widget-container\">\n\t\t\t\t\t\t\t\t\t<p><a href=\"https:\/\/eventforumbern.ch\/\" target=\"_blank\" rel=\"noopener\">Eventforum\/Eventfabrik<\/a><\/p><p>Fabrikstrasse 12<br \/>CH-3012 Berne<\/p><p>Comment s'y rendre : La Fabrikhalle 12 se trouve \u00e0 2 minutes de la sortie d'autoroute Bern Forsthaus et est accessible en 6 minutes par la ligne CarPostal 101 depuis la gare de Berne (possibilit\u00e9 d'embarquer \u00e0 la station CarPostal ou \u00e0 la Schanzenstrasse, juste \u00e0 c\u00f4t\u00e9 de la \"Welle\") (arr\u00eat G\u00fcterbahnhof).<\/p>\t\t\t\t\t\t\t\t<\/div>\n\t\t\t\t<\/div>\n\t\t\t\t\t<\/div>\n\t\t\t\t<\/div>\n\t\t\t\t<div class=\"elementor-element elementor-element-c931333 elementor-widget elementor-widget-html\" data-id=\"c931333\" data-element_type=\"widget\" data-e-type=\"widget\" data-widget_type=\"html.default\">\n\t\t\t\t<div class=\"elementor-widget-container\">\n\t\t\t\t\t<iframe style=\"border: 0;\" src=\"https:\/\/www.google.com\/maps\/embed?pb=!1m18!1m12!1m3!1d2723.4454766515582!2d7.4207408766047696!3d46.95293677113726!2m3!1f0!2f0!3f0!3m2!1i1024!2i768!4f13.1!3m3!1m2!1s0x478e39a1b6409685%3A0xc65260d570f6113f!2sVon%20Roll%2C%20Fabrikstrasse%2012%2C%203012%20Bern%2C%20Schweiz!5e0!3m2!1sde!2scu!4v1704990673232!5m2!1sde!2scu\" width=\"600\" height=\"450\" allowfullscreen=\"allowfullscreen\"><\/iframe>\t\t\t\t<\/div>\n\t\t\t\t<\/div>\n\t\t\t\t<\/div>\n\t\t\t\t\t<\/details>\n\t\t\t\t\t<\/div>\n\t\t\t\t\t\t<\/div>\n\t\t\t\t<\/div>\n\t\t\t\t<\/div>\n\t\t\t\t\t<\/div>\n\t\t\t\t<\/div>\n\t\t\t\t<\/div>","protected":false},"excerpt":{"rendered":"<p>&#8222;Leaders fail because they can&#8217;t let go of being the smartest person in the room. As complexity increases, coordination becomes more valuable than individual control.&#8220; Patientinnen und Patienten in komplexen Versorgungssituationen Die \u00abKomplexit\u00e4t\u00bb wird in unserem Versorgungssystem ganz unterschiedlich verstanden. Aus Sicht der Leistungserbringenden ist die medizinische, bzw. pflegerische, etc. Versorgungssituation komplex. Aus Sicht des\/der [&hellip;]<\/p>\n","protected":false},"author":8,"featured_media":0,"parent":0,"menu_order":0,"comment_status":"closed","ping_status":"closed","template":"","meta":{"footnotes":""},"class_list":["post-14071","page","type-page","status-publish","hentry"],"yoast_head":"<!-- This site is optimized with the Yoast SEO plugin v27.5 - https:\/\/yoast.com\/product\/yoast-seo-wordpress\/ -->\n<title>Nationales Symposium Integrierte Versorgung - FMC<\/title>\n<meta name=\"description\" content=\"Nationales Symposium Integrierte Versorgung 2026 | Patienten und Patientinnen in komplexen Versorgungssituationen | 10. Juni 2026 im Eventforum in Bern\" \/>\n<meta name=\"robots\" content=\"index, follow, max-snippet:-1, max-image-preview:large, max-video-preview:-1\" \/>\n<link rel=\"canonical\" href=\"https:\/\/fmc.ch\/fr\/symposium-des-soins-integres\/\" \/>\n<meta property=\"og:locale\" content=\"fr_FR\" \/>\n<meta property=\"og:type\" content=\"article\" \/>\n<meta property=\"og:title\" content=\"Nationales Symposium Integrierte Versorgung - FMC\" \/>\n<meta property=\"og:description\" content=\"Nationales Symposium Integrierte Versorgung 2026 | Patienten und Patientinnen in komplexen Versorgungssituationen | 10. Juni 2026 im Eventforum in Bern\" \/>\n<meta property=\"og:url\" content=\"https:\/\/fmc.ch\/fr\/symposium-des-soins-integres\/\" \/>\n<meta property=\"og:site_name\" content=\"FMC\" \/>\n<meta property=\"article:modified_time\" content=\"2026-04-23T13:00:55+00:00\" \/>\n<meta name=\"twitter:card\" content=\"summary_large_image\" \/>\n<meta name=\"twitter:label1\" content=\"Dur\u00e9e de lecture estim\u00e9e\" \/>\n\t<meta name=\"twitter:data1\" content=\"12 minutes\" \/>\n<script type=\"application\/ld+json\" class=\"yoast-schema-graph\">{\"@context\":\"https:\\\/\\\/schema.org\",\"@graph\":[{\"@type\":\"WebPage\",\"@id\":\"https:\\\/\\\/fmc.ch\\\/symposium-integrierte-versorgung\\\/\",\"url\":\"https:\\\/\\\/fmc.ch\\\/symposium-integrierte-versorgung\\\/\",\"name\":\"Nationales Symposium Integrierte Versorgung - FMC\",\"isPartOf\":{\"@id\":\"https:\\\/\\\/fmc.ch\\\/#website\"},\"primaryImageOfPage\":{\"@id\":\"https:\\\/\\\/fmc.ch\\\/symposium-integrierte-versorgung\\\/#primaryimage\"},\"image\":{\"@id\":\"https:\\\/\\\/fmc.ch\\\/symposium-integrierte-versorgung\\\/#primaryimage\"},\"thumbnailUrl\":\"https:\\\/\\\/fmc.ch\\\/wp-content\\\/uploads\\\/2023\\\/09\\\/Symposium_02_Symposium_24_Beitrag_weiss.svg\",\"datePublished\":\"2025-02-12T11:18:45+00:00\",\"dateModified\":\"2026-04-23T13:00:55+00:00\",\"description\":\"Nationales Symposium Integrierte Versorgung 2026 | Patienten und Patientinnen in komplexen Versorgungssituationen | 10. Juni 2026 im Eventforum in Bern\",\"breadcrumb\":{\"@id\":\"https:\\\/\\\/fmc.ch\\\/symposium-integrierte-versorgung\\\/#breadcrumb\"},\"inLanguage\":\"fr-FR\",\"potentialAction\":[{\"@type\":\"ReadAction\",\"target\":[\"https:\\\/\\\/fmc.ch\\\/symposium-integrierte-versorgung\\\/\"]}]},{\"@type\":\"ImageObject\",\"inLanguage\":\"fr-FR\",\"@id\":\"https:\\\/\\\/fmc.ch\\\/symposium-integrierte-versorgung\\\/#primaryimage\",\"url\":\"https:\\\/\\\/fmc.ch\\\/wp-content\\\/uploads\\\/2023\\\/09\\\/Symposium_02_Symposium_24_Beitrag_weiss.svg\",\"contentUrl\":\"https:\\\/\\\/fmc.ch\\\/wp-content\\\/uploads\\\/2023\\\/09\\\/Symposium_02_Symposium_24_Beitrag_weiss.svg\"},{\"@type\":\"BreadcrumbList\",\"@id\":\"https:\\\/\\\/fmc.ch\\\/symposium-integrierte-versorgung\\\/#breadcrumb\",\"itemListElement\":[{\"@type\":\"ListItem\",\"position\":1,\"name\":\"Home\",\"item\":\"https:\\\/\\\/fmc.ch\\\/\"},{\"@type\":\"ListItem\",\"position\":2,\"name\":\"Nationales Symposium Integrierte Versorgung\"}]},{\"@type\":\"WebSite\",\"@id\":\"https:\\\/\\\/fmc.ch\\\/#website\",\"url\":\"https:\\\/\\\/fmc.ch\\\/\",\"name\":\"FMC\",\"description\":\"Schweizer Forum f\u00fcr Integrierte Versorgung\",\"publisher\":{\"@id\":\"https:\\\/\\\/fmc.ch\\\/#organization\"},\"potentialAction\":[{\"@type\":\"SearchAction\",\"target\":{\"@type\":\"EntryPoint\",\"urlTemplate\":\"https:\\\/\\\/fmc.ch\\\/?s={search_term_string}\"},\"query-input\":{\"@type\":\"PropertyValueSpecification\",\"valueRequired\":true,\"valueName\":\"search_term_string\"}}],\"inLanguage\":\"fr-FR\"},{\"@type\":\"Organization\",\"@id\":\"https:\\\/\\\/fmc.ch\\\/#organization\",\"name\":\"FMC\",\"url\":\"https:\\\/\\\/fmc.ch\\\/\",\"logo\":{\"@type\":\"ImageObject\",\"inLanguage\":\"fr-FR\",\"@id\":\"https:\\\/\\\/fmc.ch\\\/#\\\/schema\\\/logo\\\/image\\\/\",\"url\":\"https:\\\/\\\/fmc.ch\\\/wp-content\\\/uploads\\\/2023\\\/09\\\/fmc-logo.svg\",\"contentUrl\":\"https:\\\/\\\/fmc.ch\\\/wp-content\\\/uploads\\\/2023\\\/09\\\/fmc-logo.svg\",\"caption\":\"FMC\"},\"image\":{\"@id\":\"https:\\\/\\\/fmc.ch\\\/#\\\/schema\\\/logo\\\/image\\\/\"}}]}<\/script>\n<!-- \/ Yoast SEO plugin. -->","yoast_head_json":{"title":"Symposium national des soins int\u00e9gr\u00e9s - FMC","description":"Symposium national sur les soins int\u00e9gr\u00e9s 2026 | Patients et patientes dans des situations de soins complexes | 10 juin 2026 \u00e0 l'Eventforum \u00e0 Berne","robots":{"index":"index","follow":"follow","max-snippet":"max-snippet:-1","max-image-preview":"max-image-preview:large","max-video-preview":"max-video-preview:-1"},"canonical":"https:\/\/fmc.ch\/fr\/symposium-des-soins-integres\/","og_locale":"fr_FR","og_type":"article","og_title":"Nationales Symposium Integrierte Versorgung - FMC","og_description":"Nationales Symposium Integrierte Versorgung 2026 | Patienten und Patientinnen in komplexen Versorgungssituationen | 10. Juni 2026 im Eventforum in Bern","og_url":"https:\/\/fmc.ch\/fr\/symposium-des-soins-integres\/","og_site_name":"FMC","article_modified_time":"2026-04-23T13:00:55+00:00","twitter_card":"summary_large_image","twitter_misc":{"Dur\u00e9e de lecture estim\u00e9e":"12 minutes"},"schema":{"@context":"https:\/\/schema.org","@graph":[{"@type":"WebPage","@id":"https:\/\/fmc.ch\/symposium-integrierte-versorgung\/","url":"https:\/\/fmc.ch\/symposium-integrierte-versorgung\/","name":"Symposium national des soins int\u00e9gr\u00e9s - FMC","isPartOf":{"@id":"https:\/\/fmc.ch\/#website"},"primaryImageOfPage":{"@id":"https:\/\/fmc.ch\/symposium-integrierte-versorgung\/#primaryimage"},"image":{"@id":"https:\/\/fmc.ch\/symposium-integrierte-versorgung\/#primaryimage"},"thumbnailUrl":"https:\/\/fmc.ch\/wp-content\/uploads\/2023\/09\/Symposium_02_Symposium_24_Beitrag_weiss.svg","datePublished":"2025-02-12T11:18:45+00:00","dateModified":"2026-04-23T13:00:55+00:00","description":"Symposium national sur les soins int\u00e9gr\u00e9s 2026 | Patients et patientes dans des situations de soins complexes | 10 juin 2026 \u00e0 l'Eventforum \u00e0 Berne","breadcrumb":{"@id":"https:\/\/fmc.ch\/symposium-integrierte-versorgung\/#breadcrumb"},"inLanguage":"fr-FR","potentialAction":[{"@type":"ReadAction","target":["https:\/\/fmc.ch\/symposium-integrierte-versorgung\/"]}]},{"@type":"ImageObject","inLanguage":"fr-FR","@id":"https:\/\/fmc.ch\/symposium-integrierte-versorgung\/#primaryimage","url":"https:\/\/fmc.ch\/wp-content\/uploads\/2023\/09\/Symposium_02_Symposium_24_Beitrag_weiss.svg","contentUrl":"https:\/\/fmc.ch\/wp-content\/uploads\/2023\/09\/Symposium_02_Symposium_24_Beitrag_weiss.svg"},{"@type":"BreadcrumbList","@id":"https:\/\/fmc.ch\/symposium-integrierte-versorgung\/#breadcrumb","itemListElement":[{"@type":"ListItem","position":1,"name":"Home","item":"https:\/\/fmc.ch\/"},{"@type":"ListItem","position":2,"name":"Nationales Symposium Integrierte Versorgung"}]},{"@type":"WebSite","@id":"https:\/\/fmc.ch\/#website","url":"https:\/\/fmc.ch\/","name":"FMC","description":"Forum suisse des soins int\u00e9gr\u00e9s","publisher":{"@id":"https:\/\/fmc.ch\/#organization"},"potentialAction":[{"@type":"SearchAction","target":{"@type":"EntryPoint","urlTemplate":"https:\/\/fmc.ch\/?s={search_term_string}"},"query-input":{"@type":"PropertyValueSpecification","valueRequired":true,"valueName":"search_term_string"}}],"inLanguage":"fr-FR"},{"@type":"Organization","@id":"https:\/\/fmc.ch\/#organization","name":"FMC","url":"https:\/\/fmc.ch\/","logo":{"@type":"ImageObject","inLanguage":"fr-FR","@id":"https:\/\/fmc.ch\/#\/schema\/logo\/image\/","url":"https:\/\/fmc.ch\/wp-content\/uploads\/2023\/09\/fmc-logo.svg","contentUrl":"https:\/\/fmc.ch\/wp-content\/uploads\/2023\/09\/fmc-logo.svg","caption":"FMC"},"image":{"@id":"https:\/\/fmc.ch\/#\/schema\/logo\/image\/"}}]}},"_links":{"self":[{"href":"https:\/\/fmc.ch\/fr\/wp-json\/wp\/v2\/pages\/14071","targetHints":{"allow":["GET"]}}],"collection":[{"href":"https:\/\/fmc.ch\/fr\/wp-json\/wp\/v2\/pages"}],"about":[{"href":"https:\/\/fmc.ch\/fr\/wp-json\/wp\/v2\/types\/page"}],"author":[{"embeddable":true,"href":"https:\/\/fmc.ch\/fr\/wp-json\/wp\/v2\/users\/8"}],"replies":[{"embeddable":true,"href":"https:\/\/fmc.ch\/fr\/wp-json\/wp\/v2\/comments?post=14071"}],"version-history":[{"count":460,"href":"https:\/\/fmc.ch\/fr\/wp-json\/wp\/v2\/pages\/14071\/revisions"}],"predecessor-version":[{"id":18221,"href":"https:\/\/fmc.ch\/fr\/wp-json\/wp\/v2\/pages\/14071\/revisions\/18221"}],"wp:attachment":[{"href":"https:\/\/fmc.ch\/fr\/wp-json\/wp\/v2\/media?parent=14071"}],"curies":[{"name":"wp","href":"https:\/\/api.w.org\/{rel}","templated":true}]}}